{"id":4970,"date":"2020-05-26T16:15:24","date_gmt":"2020-05-26T14:15:24","guid":{"rendered":"https:\/\/www.bikethecity.it\/chi-siamo\/"},"modified":"2025-02-10T13:03:47","modified_gmt":"2025-02-10T11:03:47","slug":"chi-siamo-2","status":"publish","type":"page","link":"https:\/\/www.bikethecity.it\/it\/chi-siamo-2\/","title":{"rendered":"Chi siamo"},"content":{"rendered":"\t\t<div data-elementor-type=\"wp-post\" data-elementor-id=\"4970\" class=\"elementor elementor-4970 elementor-2235\" data-elementor-post-type=\"page\">\n\t\t\t\t\t\t<section class=\"elementor-section elementor-top-section elementor-element elementor-element-b737319 elementor-section-full_width elementor-hidden-tablet elementor-hidden-phone elementor-section-height-default elementor-section-height-default\" data-id=\"b737319\" data-element_type=\"section\">\n\t\t\t\t\t\t<div class=\"elementor-container elementor-column-gap-default\">\n\t\t\t\t\t<div class=\"elementor-column elementor-col-100 elementor-top-column elementor-element elementor-element-e6114d7\" data-id=\"e6114d7\" data-element_type=\"column\" data-settings=\"{&quot;background_background&quot;:&quot;classic&quot;}\">\n\t\t\t<div class=\"elementor-widget-wrap elementor-element-populated\">\n\t\t\t\t\t\t<div class=\"elementor-element elementor-element-23dd624 elementor-widget elementor-widget-image\" data-id=\"23dd624\" data-element_type=\"widget\" data-widget_type=\"image.default\">\n\t\t\t\t<div class=\"elementor-widget-container\">\n\t\t\t\t\t\t\t\t\t\t\t\t\t\t\t<img fetchpriority=\"high\" decoding=\"async\" width=\"1900\" height=\"1070\" src=\"https:\/\/www.bikethecity.it\/wp-content\/uploads\/2023\/02\/bike-and-the-city-tour-bicicletta-milano-roma-verona-176.jpg\" class=\"attachment-full size-full wp-image-7672\" alt=\"\" srcset=\"https:\/\/www.bikethecity.it\/wp-content\/uploads\/2023\/02\/bike-and-the-city-tour-bicicletta-milano-roma-verona-176.jpg 1900w, https:\/\/www.bikethecity.it\/wp-content\/uploads\/2023\/02\/bike-and-the-city-tour-bicicletta-milano-roma-verona-176-300x169.jpg 300w, https:\/\/www.bikethecity.it\/wp-content\/uploads\/2023\/02\/bike-and-the-city-tour-bicicletta-milano-roma-verona-176-1024x577.jpg 1024w, https:\/\/www.bikethecity.it\/wp-content\/uploads\/2023\/02\/bike-and-the-city-tour-bicicletta-milano-roma-verona-176-768x433.jpg 768w, https:\/\/www.bikethecity.it\/wp-content\/uploads\/2023\/02\/bike-and-the-city-tour-bicicletta-milano-roma-verona-176-1536x865.jpg 1536w\" sizes=\"(max-width: 1900px) 100vw, 1900px\" \/>\t\t\t\t\t\t\t\t\t\t\t\t\t\t\t<\/div>\n\t\t\t\t<\/div>\n\t\t\t\t\t<\/div>\n\t\t<\/div>\n\t\t\t\t\t<\/div>\n\t\t<\/section>\n\t\t\t\t<section class=\"elementor-section elementor-top-section elementor-element elementor-element-76d1f56 elementor-section-boxed elementor-section-height-default elementor-section-height-default\" data-id=\"76d1f56\" data-element_type=\"section\">\n\t\t\t\t\t\t<div class=\"elementor-container elementor-column-gap-default\">\n\t\t\t\t\t<div class=\"elementor-column elementor-col-100 elementor-top-column elementor-element elementor-element-b4428c3\" data-id=\"b4428c3\" data-element_type=\"column\">\n\t\t\t<div class=\"elementor-widget-wrap elementor-element-populated\">\n\t\t\t\t\t\t<div class=\"elementor-element elementor-element-a0e4253 elementor-hidden-tablet elementor-hidden-phone elementor-widget elementor-widget-heading\" data-id=\"a0e4253\" data-element_type=\"widget\" data-widget_type=\"heading.default\">\n\t\t\t\t<div class=\"elementor-widget-container\">\n\t\t\t\t\t<h1 class=\"elementor-heading-title elementor-size-default\">AVERE SEMPRE UN AMICO IN CITT\u00c0<\/h1>\t\t\t\t<\/div>\n\t\t\t\t<\/div>\n\t\t\t\t\t<\/div>\n\t\t<\/div>\n\t\t\t\t\t<\/div>\n\t\t<\/section>\n\t\t\t\t<section class=\"elementor-section elementor-top-section elementor-element elementor-element-670ab1c elementor-hidden-desktop elementor-section-boxed elementor-section-height-default elementor-section-height-default\" data-id=\"670ab1c\" data-element_type=\"section\">\n\t\t\t\t\t\t<div class=\"elementor-container elementor-column-gap-default\">\n\t\t\t\t\t<div class=\"elementor-column elementor-col-100 elementor-top-column elementor-element elementor-element-cab707e\" data-id=\"cab707e\" data-element_type=\"column\">\n\t\t\t<div class=\"elementor-widget-wrap elementor-element-populated\">\n\t\t\t\t\t\t<div class=\"elementor-element elementor-element-05d4960 elementor-hidden-desktop elementor-widget elementor-widget-heading\" data-id=\"05d4960\" data-element_type=\"widget\" data-widget_type=\"heading.default\">\n\t\t\t\t<div class=\"elementor-widget-container\">\n\t\t\t\t\t<h1 class=\"elementor-heading-title elementor-size-default\">AVERE SEMPRE UN AMICO <br> IN CITT\u00c0<\/h1>\t\t\t\t<\/div>\n\t\t\t\t<\/div>\n\t\t\t\t\t<\/div>\n\t\t<\/div>\n\t\t\t\t\t<\/div>\n\t\t<\/section>\n\t\t\t\t<section class=\"elementor-section elementor-top-section elementor-element elementor-element-cc42c11 elementor-section-full_width elementor-hidden-desktop elementor-section-height-default elementor-section-height-default\" data-id=\"cc42c11\" data-element_type=\"section\">\n\t\t\t\t\t\t<div class=\"elementor-container elementor-column-gap-default\">\n\t\t\t\t\t<div class=\"elementor-column elementor-col-100 elementor-top-column elementor-element elementor-element-da58282\" data-id=\"da58282\" data-element_type=\"column\">\n\t\t\t<div class=\"elementor-widget-wrap elementor-element-populated\">\n\t\t\t\t\t\t<div class=\"elementor-element elementor-element-bd31baa elementor-widget elementor-widget-image\" data-id=\"bd31baa\" data-element_type=\"widget\" data-widget_type=\"image.default\">\n\t\t\t\t<div class=\"elementor-widget-container\">\n\t\t\t\t\t\t\t\t\t\t\t\t\t\t\t<img fetchpriority=\"high\" decoding=\"async\" width=\"1900\" height=\"1070\" src=\"https:\/\/www.bikethecity.it\/wp-content\/uploads\/2023\/02\/bike-and-the-city-tour-bicicletta-milano-roma-verona-176.jpg\" class=\"attachment-full size-full wp-image-7672\" alt=\"\" srcset=\"https:\/\/www.bikethecity.it\/wp-content\/uploads\/2023\/02\/bike-and-the-city-tour-bicicletta-milano-roma-verona-176.jpg 1900w, https:\/\/www.bikethecity.it\/wp-content\/uploads\/2023\/02\/bike-and-the-city-tour-bicicletta-milano-roma-verona-176-300x169.jpg 300w, https:\/\/www.bikethecity.it\/wp-content\/uploads\/2023\/02\/bike-and-the-city-tour-bicicletta-milano-roma-verona-176-1024x577.jpg 1024w, https:\/\/www.bikethecity.it\/wp-content\/uploads\/2023\/02\/bike-and-the-city-tour-bicicletta-milano-roma-verona-176-768x433.jpg 768w, https:\/\/www.bikethecity.it\/wp-content\/uploads\/2023\/02\/bike-and-the-city-tour-bicicletta-milano-roma-verona-176-1536x865.jpg 1536w\" sizes=\"(max-width: 1900px) 100vw, 1900px\" \/>\t\t\t\t\t\t\t\t\t\t\t\t\t\t\t<\/div>\n\t\t\t\t<\/div>\n\t\t\t\t\t<\/div>\n\t\t<\/div>\n\t\t\t\t\t<\/div>\n\t\t<\/section>\n\t\t\t\t<section class=\"elementor-section elementor-top-section elementor-element elementor-element-240ff71 elementor-section-boxed elementor-section-height-default elementor-section-height-default\" data-id=\"240ff71\" data-element_type=\"section\">\n\t\t\t\t\t\t<div class=\"elementor-container elementor-column-gap-default\">\n\t\t\t\t\t<div class=\"elementor-column elementor-col-100 elementor-top-column elementor-element elementor-element-5cd4b9a\" data-id=\"5cd4b9a\" data-element_type=\"column\">\n\t\t\t<div class=\"elementor-widget-wrap elementor-element-populated\">\n\t\t\t\t\t\t<div class=\"elementor-element elementor-element-572939a elementor-hidden-tablet elementor-hidden-phone elementor-widget elementor-widget-spacer\" data-id=\"572939a\" data-element_type=\"widget\" data-widget_type=\"spacer.default\">\n\t\t\t\t<div class=\"elementor-widget-container\">\n\t\t\t\t\t\t\t<div class=\"elementor-spacer\">\n\t\t\t<div class=\"elementor-spacer-inner\"><\/div>\n\t\t<\/div>\n\t\t\t\t\t\t<\/div>\n\t\t\t\t<\/div>\n\t\t\t\t<div class=\"elementor-element elementor-element-c6833fe elementor-widget elementor-widget-text-editor\" data-id=\"c6833fe\" data-element_type=\"widget\" data-widget_type=\"text-editor.default\">\n\t\t\t\t<div class=\"elementor-widget-container\">\n\t\t\t\t\t\t\t\t\t<p><span lang=\"EN-US\">Bike The City\u00ae \u00e8 una societ\u00e0 italiana di tour in bicicletta, nata nel 2011 a Milano e ora presente a Torino e Verona. <\/span><\/p>\n<p><span lang=\"EN-US\">L&#8217;obiettivo principale di Bike The City\u00ae \u00e8 offrire ai nostri esploratori l&#8217;opportunit\u00e0 di <b class=\"\">immergersi a 360\u00b0 nell&#8217;atmosfera pi\u00f9 autentica di una citt\u00e0<\/b> grazie a un tour in <strong>bicicletta<\/strong>appassionante, <b class=\"\">divertente e istruttivo<\/b>.<br class=\"\"><br class=\"\">L&#8217;idea che ci ha ispirato a creare Bike The City\u00ae \u00e8 la consapevolezza che le persone non vogliono semplicemente visitare una citt\u00e0, ma vogliono anche l&#8217;opportunit\u00e0 di entrare profondamente in contatto con essa.<br class=\"\"><br class=\"\">Ecco perch\u00e9 noi di Bike The City\u00ae ci impegniamo a diventare, per ogni ospite, un amico che vive in citt\u00e0. Un amico che non vede l&#8217;ora di mostrare i <b class=\"\">posti migliori<\/b>, i <b class=\"\">principali luoghi di interesse<\/b> ma che conosce anche gli <b class=\"\">angoli nascosti<\/b>, e condivide con grande piacere le <b class=\"\">storie<\/b>che rendono ogni citt\u00e0 un luogo unico.<br class=\"\"><br class=\"\"><b class=\"\">In breve, ci sforziamo di far vivere ai nuovi amici che incontriamo ogni giorno la miglior esperienza possibile nelle nostre citt\u00e0. <\/b> <\/span><\/p>\n\t\t\t\t\t\t\t\t<\/div>\n\t\t\t\t<\/div>\n\t\t\t\t\t<\/div>\n\t\t<\/div>\n\t\t\t\t\t<\/div>\n\t\t<\/section>\n\t\t\t\t<section class=\"elementor-section elementor-top-section elementor-element elementor-element-2e02751 elementor-section-boxed elementor-section-height-default elementor-section-height-default\" data-id=\"2e02751\" data-element_type=\"section\">\n\t\t\t\t\t\t<div class=\"elementor-container elementor-column-gap-default\">\n\t\t\t\t\t<div class=\"elementor-column elementor-col-50 elementor-top-column elementor-element elementor-element-0d2083c\" data-id=\"0d2083c\" data-element_type=\"column\">\n\t\t\t<div class=\"elementor-widget-wrap elementor-element-populated\">\n\t\t\t\t\t\t<div class=\"elementor-element elementor-element-fffc087 elementor-widget elementor-widget-image\" data-id=\"fffc087\" data-element_type=\"widget\" data-widget_type=\"image.default\">\n\t\t\t\t<div class=\"elementor-widget-container\">\n\t\t\t\t\t\t\t\t\t\t\t\t\t\t\t<img decoding=\"async\" width=\"750\" height=\"750\" src=\"https:\/\/www.bikethecity.it\/wp-content\/uploads\/2022\/09\/bike-and-the-city-tour-bicicletta-milano-roma-verona-163.jpg\" class=\"attachment-full size-full wp-image-6916\" alt=\"\" srcset=\"https:\/\/www.bikethecity.it\/wp-content\/uploads\/2022\/09\/bike-and-the-city-tour-bicicletta-milano-roma-verona-163.jpg 750w, https:\/\/www.bikethecity.it\/wp-content\/uploads\/2022\/09\/bike-and-the-city-tour-bicicletta-milano-roma-verona-163-300x300.jpg 300w, https:\/\/www.bikethecity.it\/wp-content\/uploads\/2022\/09\/bike-and-the-city-tour-bicicletta-milano-roma-verona-163-150x150.jpg 150w\" sizes=\"(max-width: 750px) 100vw, 750px\" \/>\t\t\t\t\t\t\t\t\t\t\t\t\t\t\t<\/div>\n\t\t\t\t<\/div>\n\t\t\t\t\t<\/div>\n\t\t<\/div>\n\t\t\t\t<div class=\"elementor-column elementor-col-50 elementor-top-column elementor-element elementor-element-68330b4\" data-id=\"68330b4\" data-element_type=\"column\">\n\t\t\t<div class=\"elementor-widget-wrap elementor-element-populated\">\n\t\t\t\t\t\t<div class=\"elementor-element elementor-element-1305a0c elementor-widget elementor-widget-text-editor\" data-id=\"1305a0c\" data-element_type=\"widget\" data-widget_type=\"text-editor.default\">\n\t\t\t\t<div class=\"elementor-widget-container\">\n\t\t\t\t\t\t\t\t\t<h2><span style=\"color: #64c6c3;\">C&#8217;ERA UNA VOLTA<\/span><br \/><span style=\"color: #64c3c0;\">La nostra vera storia <\/span><\/h2>\n<p><span lang=\"EN-US\">Francesca e Alessandro, fondatori di Bike The City\u00ae, devono ringraziare Milano per il loro primo incontro (ora la famiglia si \u00e8 allargata e sono in 4!) e per aver avuto la possibilit\u00e0 di realizzare un sogno coltivato a lungo: gestire un&#8217;attivit\u00e0 in proprio.<\/span><\/p>\n<p><span lang=\"EN-US\"><strong>Milano<\/strong>, come dice sempre Alessandro, \u00e8 una <strong>citt\u00e0 dalle infinite possibilit\u00e0<\/strong>, che ti consente di realizzare i tuoi progetti se sei determinato, disposto a lavorare sodo e a sognare in grande.<\/span><\/p>\n<p><span lang=\"EN-US\">Francesca pensa che andare in <strong>bicicletta<\/strong>significhi <strong>godersi appieno la vita<\/strong>, ma adora questo mezzo di trasporto anche come <strong>oggetto di design<\/strong> e <strong>bandiera della green economy<\/strong>. C&#8217;\u00e8 da sottolineare Francesca \u00e8 stato un caso isolato di &#8220;pendolarismo folle&#8221;: da studentessa andava ogni giorno all&#8217;Universit\u00e0 La Sapienza di Roma in bicicletta e, come se non bastasse, la prima cosa che fece arrivando a Milano, fu comprare una bicicletta sull&#8217;onda dell&#8217;entusiasmo: si era accorta che c&#8217;era uno spazio riservato alle biciclette nella maggior parte dei cortili milanesi!<\/span><\/p>\n<p><span lang=\"EN-US\">Nonostante tutto per\u00f2 l&#8217;idea di Bike The City\u00ae non \u00e8 nata esattamente a Milano. Per descrivere la scena, dobbiamo parlarvi di Parigi dove, per alcuni mesi (letteralmente gelidi), Francesca ha lavorato per una societ\u00e0 di consulenza internazionale. <\/span><\/p>\n<p><span lang=\"EN-US\">Alessandro stava per andare a trovarla: quella sarebbe astata la sua prima volta a <strong>Parigi<\/strong>. Gi\u00e0 annoiata alla sola di ripetere il clich\u00e9 dell&#8217;itinerario turistico di Parigi, Francesca ha pensato &#8220;perch\u00e9 non andiamo in giro in bicicletta?&#8221;.<\/span><\/p>\n\t\t\t\t\t\t\t\t<\/div>\n\t\t\t\t<\/div>\n\t\t\t\t\t<\/div>\n\t\t<\/div>\n\t\t\t\t\t<\/div>\n\t\t<\/section>\n\t\t\t\t<section class=\"elementor-section elementor-top-section elementor-element elementor-element-9c71a39 elementor-section-boxed elementor-section-height-default elementor-section-height-default\" data-id=\"9c71a39\" data-element_type=\"section\">\n\t\t\t\t\t\t<div class=\"elementor-container elementor-column-gap-default\">\n\t\t\t\t\t<div class=\"elementor-column elementor-col-100 elementor-top-column elementor-element elementor-element-3144de0\" data-id=\"3144de0\" data-element_type=\"column\">\n\t\t\t<div class=\"elementor-widget-wrap elementor-element-populated\">\n\t\t\t\t\t\t<div class=\"elementor-element elementor-element-39b4080 elementor-widget elementor-widget-text-editor\" data-id=\"39b4080\" data-element_type=\"widget\" data-widget_type=\"text-editor.default\">\n\t\t\t\t<div class=\"elementor-widget-container\">\n\t\t\t\t\t\t\t\t\t<p><span lang=\"EN-US\">L&#8217;idea si rivel\u00f2 un successo, nonostante la pioggia. I due stavano pedalando inzuppati e sorridendo stupidamente l&#8217;un l&#8217;altro quando hanno avuto una specie di illuminazione:<strong>&#8220;Perch\u00e9 non creiamo un tour in bicicletta a Milano?&#8221;<\/strong>. <\/span><\/p>\n<p><span lang=\"EN-US\">La citt\u00e0 \u00e8 piatta, la maggior parte della sua bellezza non \u00e8 visibile a prima vista, le stradine e i cortili dei palazzi proteggono i suoi tesori pi\u00f9 belli. <strong>&#8220;Facciamolo&#8221;<\/strong> hanno detto, e lo hanno fatto. <\/span><span lang=\"EN-US\">Da quel momento hanno rivoluzionato la loro vita, hanno abbracciato la loro passione, hanno lavorato per realizzare il loro sogno e <strong>hanno perso il sonno buttandosi a capofitto in una nuova avventura<\/strong>. <\/span><\/p>\n<p><strong><span lang=\"EN-US\">Dal 2011 Francesca e Alessandro hanno accolto con orgoglio migliaia di viaggiatori da tutto il mondo a Milano e, qualche anno dopo, anche a Torino e Verona.<\/span><\/strong><\/p>\n\t\t\t\t\t\t\t\t<\/div>\n\t\t\t\t<\/div>\n\t\t\t\t<div class=\"elementor-element elementor-element-4dc24d1 elementor-hidden-tablet elementor-hidden-phone elementor-widget elementor-widget-spacer\" data-id=\"4dc24d1\" data-element_type=\"widget\" data-widget_type=\"spacer.default\">\n\t\t\t\t<div class=\"elementor-widget-container\">\n\t\t\t\t\t\t\t<div class=\"elementor-spacer\">\n\t\t\t<div class=\"elementor-spacer-inner\"><\/div>\n\t\t<\/div>\n\t\t\t\t\t\t<\/div>\n\t\t\t\t<\/div>\n\t\t\t\t\t<\/div>\n\t\t<\/div>\n\t\t\t\t\t<\/div>\n\t\t<\/section>\n\t\t\t\t<section class=\"elementor-section elementor-top-section elementor-element elementor-element-bcf7453 elementor-hidden-phone elementor-section-boxed elementor-section-height-default elementor-section-height-default\" data-id=\"bcf7453\" data-element_type=\"section\">\n\t\t\t\t\t\t<div class=\"elementor-container elementor-column-gap-default\">\n\t\t\t\t\t<div class=\"elementor-column elementor-col-100 elementor-top-column elementor-element elementor-element-adb990f\" data-id=\"adb990f\" data-element_type=\"column\">\n\t\t\t<div class=\"elementor-widget-wrap elementor-element-populated\">\n\t\t\t\t\t\t<div class=\"elementor-element elementor-element-57eef38 elementor-widget elementor-widget-spacer\" data-id=\"57eef38\" data-element_type=\"widget\" data-widget_type=\"spacer.default\">\n\t\t\t\t<div class=\"elementor-widget-container\">\n\t\t\t\t\t\t\t<div class=\"elementor-spacer\">\n\t\t\t<div class=\"elementor-spacer-inner\"><\/div>\n\t\t<\/div>\n\t\t\t\t\t\t<\/div>\n\t\t\t\t<\/div>\n\t\t\t\t\t<\/div>\n\t\t<\/div>\n\t\t\t\t\t<\/div>\n\t\t<\/section>\n\t\t\t\t<section class=\"elementor-section elementor-top-section elementor-element elementor-element-2eae18a elementor-section-boxed elementor-section-height-default elementor-section-height-default\" data-id=\"2eae18a\" data-element_type=\"section\">\n\t\t\t\t\t\t<div class=\"elementor-container elementor-column-gap-default\">\n\t\t\t\t\t<div class=\"elementor-column elementor-col-33 elementor-top-column elementor-element elementor-element-26eb2ee\" data-id=\"26eb2ee\" data-element_type=\"column\">\n\t\t\t<div class=\"elementor-widget-wrap elementor-element-populated\">\n\t\t\t\t\t\t<div class=\"elementor-element elementor-element-0f4e3e4 elementor-widget elementor-widget-heading\" data-id=\"0f4e3e4\" data-element_type=\"widget\" data-widget_type=\"heading.default\">\n\t\t\t\t<div class=\"elementor-widget-container\">\n\t\t\t\t\t<h3 class=\"elementor-heading-title elementor-size-default\">DIVENTA NOSTRO PARTNER<\/h3>\t\t\t\t<\/div>\n\t\t\t\t<\/div>\n\t\t\t\t<div class=\"elementor-element elementor-element-b5e1faa elementor-widget elementor-widget-text-editor\" data-id=\"b5e1faa\" data-element_type=\"widget\" data-widget_type=\"text-editor.default\">\n\t\t\t\t<div class=\"elementor-widget-container\">\n\t\t\t\t\t\t\t\t\t<p><span style=\"color: #64c6c3;\"><span lang=\"EN-US\">Crediamo davvero nel networking, nello scambio di idee e nell&#8217;opportunit\u00e0 di allargare i nostri orizzonti per far crescere la nostra attivit\u00e0 e offrire il meglio ai nostri ospiti.<\/span><\/span><\/p>\n<p><span lang=\"EN-US\">Che tu sia un&#8217; <strong>agente di viaggio online<\/strong>, un&#8217;<strong>agenzia di viaggi tradizionale<\/strong>, un&#8217;<strong>agenzia di eventi<\/strong>, un&#8217;<strong>istituzione<\/strong>, un&#8217;<strong>attivit\u00e0 commerciale locale<\/strong>, un <strong>marchio locale o globale<\/strong> e sei interessato a una partnership con Bike The City\u00ae, non esitare a inviarci un&#8217;e-mail e ti risponderemo nel pi\u00f9 breve tempo possibile per costruire e condividere nuove opportunit\u00e0.<\/span><\/p>\n<p><span lang=\"EN-US\">Iniziative co-brand, tour co-progettati, eventi, progetti di responsabilit\u00e0 sociale:<strong>siamo aperti a nuove idee che ci faranno amare ancora di pi\u00f9 il nostro lavoro<\/strong>.<\/span><\/p><\/p>\n\t\t\t\t\t\t\t\t<\/div>\n\t\t\t\t<\/div>\n\t\t\t\t<div class=\"elementor-element elementor-element-25cf7ce elementor-align-right elementor-mobile-align-center elementor-widget elementor-widget-button\" data-id=\"25cf7ce\" data-element_type=\"widget\" data-widget_type=\"button.default\">\n\t\t\t\t<div class=\"elementor-widget-container\">\n\t\t\t\t\t\t\t\t\t<div class=\"elementor-button-wrapper\">\n\t\t\t\t\t<a class=\"elementor-button elementor-button-link elementor-size-xs\" href=\"mailto:hello@bikethecity.it\">\n\t\t\t\t\t\t<span class=\"elementor-button-content-wrapper\">\n\t\t\t\t\t\t\t\t\t<span class=\"elementor-button-text\">E-MAIL<\/span>\n\t\t\t\t\t<\/span>\n\t\t\t\t\t<\/a>\n\t\t\t\t<\/div>\n\t\t\t\t\t\t\t\t<\/div>\n\t\t\t\t<\/div>\n\t\t\t\t\t<\/div>\n\t\t<\/div>\n\t\t\t\t<div class=\"elementor-column elementor-col-33 elementor-top-column elementor-element elementor-element-56c1cba\" data-id=\"56c1cba\" data-element_type=\"column\">\n\t\t\t<div class=\"elementor-widget-wrap elementor-element-populated\">\n\t\t\t\t\t\t<div class=\"elementor-element elementor-element-b5ddfd0 elementor-widget elementor-widget-image\" data-id=\"b5ddfd0\" data-element_type=\"widget\" data-widget_type=\"image.default\">\n\t\t\t\t<div class=\"elementor-widget-container\">\n\t\t\t\t\t\t\t\t\t\t\t\t\t\t\t<img decoding=\"async\" width=\"671\" height=\"1000\" src=\"https:\/\/www.bikethecity.it\/wp-content\/uploads\/2023\/02\/bike-and-the-city-tour-bicicletta-milano-roma-verona-177.jpg\" class=\"attachment-full size-full wp-image-7678\" alt=\"\" srcset=\"https:\/\/www.bikethecity.it\/wp-content\/uploads\/2023\/02\/bike-and-the-city-tour-bicicletta-milano-roma-verona-177.jpg 671w, https:\/\/www.bikethecity.it\/wp-content\/uploads\/2023\/02\/bike-and-the-city-tour-bicicletta-milano-roma-verona-177-201x300.jpg 201w\" sizes=\"(max-width: 671px) 100vw, 671px\" \/>\t\t\t\t\t\t\t\t\t\t\t\t\t\t\t<\/div>\n\t\t\t\t<\/div>\n\t\t\t\t\t<\/div>\n\t\t<\/div>\n\t\t\t\t<div class=\"elementor-column elementor-col-33 elementor-top-column elementor-element elementor-element-a39df21\" data-id=\"a39df21\" data-element_type=\"column\">\n\t\t\t<div class=\"elementor-widget-wrap elementor-element-populated\">\n\t\t\t\t\t\t<div class=\"elementor-element elementor-element-d8d7efe elementor-widget elementor-widget-heading\" data-id=\"d8d7efe\" data-element_type=\"widget\" data-widget_type=\"heading.default\">\n\t\t\t\t<div class=\"elementor-widget-container\">\n\t\t\t\t\t<h3 class=\"elementor-heading-title elementor-size-default\">LAVORA CON NOI<\/h3>\t\t\t\t<\/div>\n\t\t\t\t<\/div>\n\t\t\t\t<div class=\"elementor-element elementor-element-36e3824 elementor-widget elementor-widget-text-editor\" data-id=\"36e3824\" data-element_type=\"widget\" data-widget_type=\"text-editor.default\">\n\t\t\t\t<div class=\"elementor-widget-container\">\n\t\t\t\t\t\t\t\t\t<p><span style=\"color: #64c6c3;\"><span lang=\"EN-US\">Le nostre guide turistiche sono fondamentali per offrire un&#8217;esperienza senza eguali ai nostri ospiti. Non cerchiamo solo guide esperte, questo \u00e8 un dato di fatto.<\/span>.  <\/span><\/p>\n<p><span lang=\"EN-US\">Ci\u00f2 che cerchiamo sono <strong>narratori appassionati<\/strong>, <strong>esploratori urbani<\/strong>, <strong>menti curiose e aperte<\/strong> che amano <strong>accogliere<\/strong>persone da tutto il mondo. Abbiamo bisogno di appassionati con un <strong>forte senso pratico, innamorati dei tour cittadini in bicicletta.<\/strong> Amiamo le persone <strong>ben organizzate<\/strong> con un atteggiamento <strong>fiducioso<\/strong>, <strong>costruttivo<\/strong>, <strong>sereno<\/strong>e <strong>brillante<\/strong>.<\/span><\/p>\n<p><span lang=\"EN-US\">Se ti riconosci in questa descrizione, dovresti seriamente pensare di inviarci il tuo <strong>CV facendo clic sul pulsante qui sotto!<\/strong><\/span><\/p>\n\t\t\t\t\t\t\t\t<\/div>\n\t\t\t\t<\/div>\n\t\t\t\t<div class=\"elementor-element elementor-element-56f921f elementor-align-right elementor-mobile-align-center elementor-widget elementor-widget-button\" data-id=\"56f921f\" data-element_type=\"widget\" data-widget_type=\"button.default\">\n\t\t\t\t<div class=\"elementor-widget-container\">\n\t\t\t\t\t\t\t\t\t<div class=\"elementor-button-wrapper\">\n\t\t\t\t\t<a class=\"elementor-button elementor-button-link elementor-size-xs\" href=\"mailto:hello@bikethecity.it\">\n\t\t\t\t\t\t<span class=\"elementor-button-content-wrapper\">\n\t\t\t\t\t\t\t\t\t<span class=\"elementor-button-text\">E-MAIL<\/span>\n\t\t\t\t\t<\/span>\n\t\t\t\t\t<\/a>\n\t\t\t\t<\/div>\n\t\t\t\t\t\t\t\t<\/div>\n\t\t\t\t<\/div>\n\t\t\t\t\t<\/div>\n\t\t<\/div>\n\t\t\t\t\t<\/div>\n\t\t<\/section>\n\t\t\t\t<section class=\"elementor-section elementor-top-section elementor-element elementor-element-22aa53f elementor-hidden-desktop elementor-hidden-tablet elementor-hidden-mobile elementor-section-boxed elementor-section-height-default elementor-section-height-default\" data-id=\"22aa53f\" data-element_type=\"section\">\n\t\t\t\t\t\t<div class=\"elementor-container elementor-column-gap-default\">\n\t\t\t\t\t<div class=\"elementor-column elementor-col-100 elementor-top-column elementor-element elementor-element-53a9c30 elementor-hidden-desktop\" data-id=\"53a9c30\" data-element_type=\"column\">\n\t\t\t<div class=\"elementor-widget-wrap elementor-element-populated\">\n\t\t\t\t\t\t<div class=\"elementor-element elementor-element-a022071 elementor-widget elementor-widget-heading\" data-id=\"a022071\" data-element_type=\"widget\" data-widget_type=\"heading.default\">\n\t\t\t\t<div class=\"elementor-widget-container\">\n\t\t\t\t\t<h3 class=\"elementor-heading-title elementor-size-default\">LAVORA CON NOI<\/h3>\t\t\t\t<\/div>\n\t\t\t\t<\/div>\n\t\t\t\t<div class=\"elementor-element elementor-element-c8ad9b5 elementor-widget elementor-widget-text-editor\" data-id=\"c8ad9b5\" data-element_type=\"widget\" data-widget_type=\"text-editor.default\">\n\t\t\t\t<div class=\"elementor-widget-container\">\n\t\t\t\t\t\t\t\t\t<p><span style=\"color: #64c6c3;\"><span lang=\"EN-US\">Le nostre guide turistiche sono fondamentali per offrire un&#8217;esperienza senza eguali ai nostri ospiti. Non cerchiamo solo guide esperte, questo \u00e8 un dato di fatto.<\/span>.  <\/span><\/p>\n<p><span lang=\"EN-US\">Ci\u00f2 che cerchiamo sono <strong>narratori appassionati<\/strong>, <strong>esploratori urbani<\/strong>, <strong>menti curiose e aperte<\/strong> che amano <strong>accogliere<\/strong>persone da tutto il mondo. Abbiamo bisogno di appassionati con un <strong>forte senso pratico, innamorati dei tour cittadini in bicicletta.<\/strong> Amiamo le persone <strong>ben organizzate<\/strong> con un atteggiamento <strong>fiducioso<\/strong>, <strong>costruttivo<\/strong>, <strong>sereno<\/strong>e <strong>brillante<\/strong>.<\/span><\/p>\n<p><span lang=\"EN-US\">Se ti riconosci in questa descrizione, dovresti seriamente pensare di inviarci il tuo <strong>CV facendo clic sul pulsante qui sotto!<\/strong><\/span><\/p>\n\t\t\t\t\t\t\t\t<\/div>\n\t\t\t\t<\/div>\n\t\t\t\t<div class=\"elementor-element elementor-element-10ddef8 elementor-align-right elementor-mobile-align-center elementor-widget elementor-widget-button\" data-id=\"10ddef8\" data-element_type=\"widget\" data-widget_type=\"button.default\">\n\t\t\t\t<div class=\"elementor-widget-container\">\n\t\t\t\t\t\t\t\t\t<div class=\"elementor-button-wrapper\">\n\t\t\t\t\t<a class=\"elementor-button elementor-button-link elementor-size-xs\" href=\"mailto:hello@bikethecity.it\">\n\t\t\t\t\t\t<span class=\"elementor-button-content-wrapper\">\n\t\t\t\t\t\t\t\t\t<span class=\"elementor-button-text\">E-MAIL<\/span>\n\t\t\t\t\t<\/span>\n\t\t\t\t\t<\/a>\n\t\t\t\t<\/div>\n\t\t\t\t\t\t\t\t<\/div>\n\t\t\t\t<\/div>\n\t\t\t\t\t<\/div>\n\t\t<\/div>\n\t\t\t\t\t<\/div>\n\t\t<\/section>\n\t\t\t\t<section class=\"elementor-section elementor-top-section elementor-element elementor-element-a620c5f elementor-section-boxed elementor-section-height-default elementor-section-height-default\" data-id=\"a620c5f\" data-element_type=\"section\">\n\t\t\t\t\t\t<div class=\"elementor-container elementor-column-gap-default\">\n\t\t\t\t\t<div class=\"elementor-column elementor-col-100 elementor-top-column elementor-element elementor-element-069c8a9\" data-id=\"069c8a9\" data-element_type=\"column\">\n\t\t\t<div class=\"elementor-widget-wrap elementor-element-populated\">\n\t\t\t\t\t\t<div class=\"elementor-element elementor-element-537c3a6 elementor-widget elementor-widget-spacer\" data-id=\"537c3a6\" data-element_type=\"widget\" data-widget_type=\"spacer.default\">\n\t\t\t\t<div class=\"elementor-widget-container\">\n\t\t\t\t\t\t\t<div class=\"elementor-spacer\">\n\t\t\t<div class=\"elementor-spacer-inner\"><\/div>\n\t\t<\/div>\n\t\t\t\t\t\t<\/div>\n\t\t\t\t<\/div>\n\t\t\t\t\t<\/div>\n\t\t<\/div>\n\t\t\t\t\t<\/div>\n\t\t<\/section>\n\t\t\t\t<section class=\"elementor-section elementor-top-section elementor-element elementor-element-4398c76 elementor-section-boxed elementor-section-height-default elementor-section-height-default\" data-id=\"4398c76\" data-element_type=\"section\">\n\t\t\t\t\t\t<div class=\"elementor-container elementor-column-gap-default\">\n\t\t\t\t\t<div class=\"elementor-column elementor-col-100 elementor-top-column elementor-element elementor-element-98e3a39\" data-id=\"98e3a39\" data-element_type=\"column\">\n\t\t\t<div class=\"elementor-widget-wrap elementor-element-populated\">\n\t\t\t\t\t\t<div class=\"elementor-element elementor-element-e11df4d elementor-widget elementor-widget-heading\" data-id=\"e11df4d\" data-element_type=\"widget\" data-widget_type=\"heading.default\">\n\t\t\t\t<div class=\"elementor-widget-container\">\n\t\t\t\t\t<h2 class=\"elementor-heading-title elementor-size-default\">COSA DICONO DI NOI I CLIENTI FELICI<\/h2>\t\t\t\t<\/div>\n\t\t\t\t<\/div>\n\t\t\t\t\t<\/div>\n\t\t<\/div>\n\t\t\t\t\t<\/div>\n\t\t<\/section>\n\t\t\t\t<section class=\"elementor-section elementor-top-section elementor-element elementor-element-c11ba3a elementor-hidden-tablet elementor-hidden-phone elementor-section-boxed elementor-section-height-default elementor-section-height-default\" data-id=\"c11ba3a\" data-element_type=\"section\">\n\t\t\t\t\t\t<div class=\"elementor-container elementor-column-gap-default\">\n\t\t\t\t\t<div class=\"elementor-column elementor-col-100 elementor-top-column elementor-element elementor-element-3c1b9be\" data-id=\"3c1b9be\" data-element_type=\"column\">\n\t\t\t<div class=\"elementor-widget-wrap elementor-element-populated\">\n\t\t\t\t\t\t<div class=\"elementor-element elementor-element-4ab82d0 elementor-widget elementor-widget-spacer\" data-id=\"4ab82d0\" data-element_type=\"widget\" data-widget_type=\"spacer.default\">\n\t\t\t\t<div class=\"elementor-widget-container\">\n\t\t\t\t\t\t\t<div class=\"elementor-spacer\">\n\t\t\t<div class=\"elementor-spacer-inner\"><\/div>\n\t\t<\/div>\n\t\t\t\t\t\t<\/div>\n\t\t\t\t<\/div>\n\t\t\t\t\t<\/div>\n\t\t<\/div>\n\t\t\t\t\t<\/div>\n\t\t<\/section>\n\t\t\t\t<section class=\"elementor-section elementor-top-section elementor-element elementor-element-7d02a6a6 elementor-hidden-tablet elementor-hidden-phone elementor-section-boxed elementor-section-height-default elementor-section-height-default\" data-id=\"7d02a6a6\" data-element_type=\"section\">\n\t\t\t\t\t\t<div class=\"elementor-container elementor-column-gap-no\">\n\t\t\t\t\t<div class=\"elementor-column elementor-col-33 elementor-top-column elementor-element elementor-element-36e3e357\" data-id=\"36e3e357\" data-element_type=\"column\">\n\t\t\t<div class=\"elementor-widget-wrap elementor-element-populated\">\n\t\t\t\t\t\t<div class=\"elementor-element elementor-element-5096ae3 elementor-widget elementor-widget-image\" data-id=\"5096ae3\" data-element_type=\"widget\" data-widget_type=\"image.default\">\n\t\t\t\t<div class=\"elementor-widget-container\">\n\t\t\t\t\t\t\t\t\t\t\t\t\t\t\t<img loading=\"lazy\" decoding=\"async\" width=\"150\" height=\"26\" src=\"https:\/\/www.bikethecity.it\/wp-content\/uploads\/2019\/07\/bike-and-the-city-tour-bicicletta-milano-roma-verona-12.png\" class=\"attachment-large size-large wp-image-4921\" alt=\"\" \/>\t\t\t\t\t\t\t\t\t\t\t\t\t\t\t<\/div>\n\t\t\t\t<\/div>\n\t\t\t\t<div class=\"elementor-element elementor-element-107ae3d elementor-widget elementor-widget-text-editor\" data-id=\"107ae3d\" data-element_type=\"widget\" data-widget_type=\"text-editor.default\">\n\t\t\t\t<div class=\"elementor-widget-container\">\n\t\t\t\t\t\t\t\t\t<p style=\"text-align: center;\"><em><strong>A GREAT WAY TO SEE MILAN!<br \/><\/strong><\/em><\/p>\n<p>Our tour guide was very informative and took us to some interesting places in Milan. We very much enjoyed visiting the different districts of Milan by pedal power which gave us a different perspective on things &#8211; the tour buses have to stick to the roads whereas the bikes can go down cycle paths and much quicker than walking so you can fit more sightseeing into your day.The cycle tour was a brilliant way to see the city and the guides at Bike &amp; The City are very knowledgeable and helpful. <\/p>\n<p>We&#8217;re planning a trip to Turin in the future and look forward to taking the cycle tour there as well.<\/p>\n<p style=\"text-align: center;\"><em><strong>JamesK1982 <\/strong>(26 May 2017)<\/em><\/p>\n\t\t\t\t\t\t\t\t<\/div>\n\t\t\t\t<\/div>\n\t\t\t\t\t<\/div>\n\t\t<\/div>\n\t\t\t\t<div class=\"elementor-column elementor-col-33 elementor-top-column elementor-element elementor-element-68a6cccd\" data-id=\"68a6cccd\" data-element_type=\"column\">\n\t\t\t<div class=\"elementor-widget-wrap elementor-element-populated\">\n\t\t\t\t\t\t<div class=\"elementor-element elementor-element-21b4d92c elementor-widget elementor-widget-image\" data-id=\"21b4d92c\" data-element_type=\"widget\" data-widget_type=\"image.default\">\n\t\t\t\t<div class=\"elementor-widget-container\">\n\t\t\t\t\t\t\t\t\t\t\t\t\t\t\t<img loading=\"lazy\" decoding=\"async\" width=\"150\" height=\"26\" src=\"https:\/\/www.bikethecity.it\/wp-content\/uploads\/2019\/07\/bike-and-the-city-tour-bicicletta-milano-roma-verona-12.png\" class=\"attachment-large size-large wp-image-4921\" alt=\"\" \/>\t\t\t\t\t\t\t\t\t\t\t\t\t\t\t<\/div>\n\t\t\t\t<\/div>\n\t\t\t\t<div class=\"elementor-element elementor-element-02d164e elementor-widget elementor-widget-text-editor\" data-id=\"02d164e\" data-element_type=\"widget\" data-widget_type=\"text-editor.default\">\n\t\t\t\t<div class=\"elementor-widget-container\">\n\t\t\t\t\t\t\t\t\t<p style=\"text-align: center;\"><em><strong>INFORMATIONAL AND ENTERTAINING INTRODUCTION TO MILAN<br \/><\/strong><\/em><\/p>\n<p style=\"text-align: center;\">Angelo was a great guide who took us on a lively and well-organized ride across the city. We saw a great combination of ancient sites and modern attractions, all at a safe and enjoyable biking pace. Great way to take in the city and plan for places to return to for deeper exploration.<\/p>\n<p style=\"text-align: center;\"><em><strong>Lady T<\/strong> (07 September 2018)<\/em><\/p>\n\t\t\t\t\t\t\t\t<\/div>\n\t\t\t\t<\/div>\n\t\t\t\t\t<\/div>\n\t\t<\/div>\n\t\t\t\t<div class=\"elementor-column elementor-col-33 elementor-top-column elementor-element elementor-element-8291f84\" data-id=\"8291f84\" data-element_type=\"column\">\n\t\t\t<div class=\"elementor-widget-wrap elementor-element-populated\">\n\t\t\t\t\t\t<div class=\"elementor-element elementor-element-466a3a11 elementor-widget elementor-widget-image\" data-id=\"466a3a11\" data-element_type=\"widget\" data-widget_type=\"image.default\">\n\t\t\t\t<div class=\"elementor-widget-container\">\n\t\t\t\t\t\t\t\t\t\t\t\t\t\t\t<img loading=\"lazy\" decoding=\"async\" width=\"150\" height=\"26\" src=\"https:\/\/www.bikethecity.it\/wp-content\/uploads\/2019\/07\/bike-and-the-city-tour-bicicletta-milano-roma-verona-12.png\" class=\"attachment-large size-large wp-image-4921\" alt=\"\" \/>\t\t\t\t\t\t\t\t\t\t\t\t\t\t\t<\/div>\n\t\t\t\t<\/div>\n\t\t\t\t<div class=\"elementor-element elementor-element-69f8dc0 elementor-widget elementor-widget-text-editor\" data-id=\"69f8dc0\" data-element_type=\"widget\" data-widget_type=\"text-editor.default\">\n\t\t\t\t<div class=\"elementor-widget-container\">\n\t\t\t\t\t\t\t\t\t<p style=\"text-align: center;\"><em><strong>A GREAT WAY TO EXPERIENCE MILAN!<\/strong><\/em><\/p>\n<p style=\"text-align: center;\">If you want a really good overview of Milan in 3 hours, this is excellent value for money whilst getting some exercise as a fringe benefit. Francesco was friendly, knowledgeable and keen for the experience to be positive for us. We were lucky to have Francesco to ourselves as the other people didn\u2019t show. The trip shows great variety from the modern city to the historical. Make sure you have your wits about, meandering between and dodging traffic, pedestrians, other cyclists all adds to this fabulous Italian experience!!<\/p>\n<p style=\"text-align: center;\"><em><strong>295garys<\/strong> (25 June 2018)<\/em><\/p>\n\t\t\t\t\t\t\t\t<\/div>\n\t\t\t\t<\/div>\n\t\t\t\t\t<\/div>\n\t\t<\/div>\n\t\t\t\t\t<\/div>\n\t\t<\/section>\n\t\t\t\t<section class=\"elementor-section elementor-top-section elementor-element elementor-element-ae0a545 elementor-hidden-tablet elementor-hidden-phone elementor-section-boxed elementor-section-height-default elementor-section-height-default\" data-id=\"ae0a545\" data-element_type=\"section\">\n\t\t\t\t\t\t<div class=\"elementor-container elementor-column-gap-default\">\n\t\t\t\t\t<div class=\"elementor-column elementor-col-100 elementor-top-column elementor-element elementor-element-123be59\" data-id=\"123be59\" data-element_type=\"column\">\n\t\t\t<div class=\"elementor-widget-wrap elementor-element-populated\">\n\t\t\t\t\t\t<div class=\"elementor-element elementor-element-1e9f455 elementor-widget elementor-widget-spacer\" data-id=\"1e9f455\" data-element_type=\"widget\" data-widget_type=\"spacer.default\">\n\t\t\t\t<div class=\"elementor-widget-container\">\n\t\t\t\t\t\t\t<div class=\"elementor-spacer\">\n\t\t\t<div class=\"elementor-spacer-inner\"><\/div>\n\t\t<\/div>\n\t\t\t\t\t\t<\/div>\n\t\t\t\t<\/div>\n\t\t\t\t\t<\/div>\n\t\t<\/div>\n\t\t\t\t\t<\/div>\n\t\t<\/section>\n\t\t\t\t<section class=\"elementor-section elementor-top-section elementor-element elementor-element-718f25da elementor-hidden-desktop elementor-section-boxed elementor-section-height-default elementor-section-height-default\" data-id=\"718f25da\" data-element_type=\"section\">\n\t\t\t\t\t\t<div class=\"elementor-container elementor-column-gap-default\">\n\t\t\t\t\t<div class=\"elementor-column elementor-col-100 elementor-top-column elementor-element elementor-element-74a8a9cb\" data-id=\"74a8a9cb\" data-element_type=\"column\">\n\t\t\t<div class=\"elementor-widget-wrap elementor-element-populated\">\n\t\t\t\t\t\t<div class=\"elementor-element elementor-element-0c490db elementor-testimonial--layout-image_above elementor-testimonial--skin-default elementor-testimonial--align-center elementor-arrows-yes elementor-pagination-type-bullets elementor-widget elementor-widget-testimonial-carousel\" data-id=\"0c490db\" data-element_type=\"widget\" data-settings=\"{&quot;slides_per_view&quot;:&quot;1&quot;,&quot;space_between_mobile&quot;:{&quot;unit&quot;:&quot;px&quot;,&quot;size&quot;:20,&quot;sizes&quot;:[]},&quot;show_arrows&quot;:&quot;yes&quot;,&quot;pagination&quot;:&quot;bullets&quot;,&quot;speed&quot;:500,&quot;autoplay&quot;:&quot;yes&quot;,&quot;autoplay_speed&quot;:5000,&quot;loop&quot;:&quot;yes&quot;,&quot;pause_on_hover&quot;:&quot;yes&quot;,&quot;pause_on_interaction&quot;:&quot;yes&quot;,&quot;space_between&quot;:{&quot;unit&quot;:&quot;px&quot;,&quot;size&quot;:10,&quot;sizes&quot;:[]},&quot;space_between_tablet&quot;:{&quot;unit&quot;:&quot;px&quot;,&quot;size&quot;:10,&quot;sizes&quot;:[]}}\" data-widget_type=\"testimonial-carousel.default\">\n\t\t\t\t<div class=\"elementor-widget-container\">\n\t\t\t\t\t\t\t\t\t<div class=\"elementor-swiper\">\n\t\t\t\t\t<div class=\"elementor-main-swiper swiper\" role=\"region\" aria-roledescription=\"carousel\" aria-label=\"Slides\">\n\t\t\t\t<div class=\"swiper-wrapper\">\n\t\t\t\t\t\t\t\t\t\t\t<div class=\"swiper-slide\" role=\"group\" aria-roledescription=\"slide\">\n\t\t\t\t\t\t\t\t\t<div class=\"elementor-testimonial\">\n\t\t\t\t\t\t\t<div class=\"elementor-testimonial__content\">\n\t\t\t\t\t<div class=\"elementor-testimonial__text\">\n\t\t\t\t\t\t<p><img decoding=\"async\" src=\"https:\/\/www.bikethecity.it\/wp-content\/uploads\/2019\/10\/bike-and-the-city-tour-bicicletta-milano-roma-verona-80.jpg\"><\/p>\n<p><b><i>A GREAT WAY TO SEE MILAN!<br \/><\/b><\/i><\/p>\n<p>Our tour guide was very informative and took us to some interesting places in Milan. We very much enjoyed visiting the different districts of Milan by pedal power which gave us a different perspective on things - the tour buses have to stick to the roads whereas the bikes can go down cycle paths and much quicker than walking so you can fit more sightseeing into your day.The cycle tour was a brilliant way to see the city and the guides at Bike &amp; The City are very knowledgeable and helpful. We're planning a trip to Turin in the future and look forward to taking the cycle tour there as well.<\/p>\n\t\t\t\t\t<\/div>\n\t\t\t\t\t<cite class=\"elementor-testimonial__cite\"><span class=\"elementor-testimonial__name\">JamesK1982 (26 May 2017)<\/span><\/cite>\t\t\t\t<\/div>\n\t\t\t\t\t\t<div class=\"elementor-testimonial__footer\">\n\t\t\t\t\t\t\t\t\t\t\t<\/div>\n\t\t<\/div>\n\t\t\t\t\t\t\t\t<\/div>\n\t\t\t\t\t\t\t\t\t\t\t<div class=\"swiper-slide\" role=\"group\" aria-roledescription=\"slide\">\n\t\t\t\t\t\t\t\t\t<div class=\"elementor-testimonial\">\n\t\t\t\t\t\t\t<div class=\"elementor-testimonial__content\">\n\t\t\t\t\t<div class=\"elementor-testimonial__text\">\n\t\t\t\t\t\t<p><img decoding=\"async\" src=\"https:\/\/www.bikethecity.it\/wp-content\/uploads\/2019\/10\/bike-and-the-city-tour-bicicletta-milano-roma-verona-80.jpg\"><\/p>\n<p><b><i>INFORMATIONAL AND ENTERTAINING INTRODUCTION TO MILAN<br \/><\/b><\/i><\/p>\n<p>Angelo was a great guide who took us on a lively and well-organized ride across the city. We saw a great combination of ancient sites and modern attractions, all at a safe and enjoyable biking pace. Great way to take in the city and plan for places to return to for deeper exploration.<\/p>\n\t\t\t\t\t<\/div>\n\t\t\t\t\t<cite class=\"elementor-testimonial__cite\"><span class=\"elementor-testimonial__name\">Lady T (07 September 2018)<\/span><\/cite>\t\t\t\t<\/div>\n\t\t\t\t\t\t<div class=\"elementor-testimonial__footer\">\n\t\t\t\t\t\t\t\t\t\t\t<\/div>\n\t\t<\/div>\n\t\t\t\t\t\t\t\t<\/div>\n\t\t\t\t\t\t\t\t\t\t\t<div class=\"swiper-slide\" role=\"group\" aria-roledescription=\"slide\">\n\t\t\t\t\t\t\t\t\t<div class=\"elementor-testimonial\">\n\t\t\t\t\t\t\t<div class=\"elementor-testimonial__content\">\n\t\t\t\t\t<div class=\"elementor-testimonial__text\">\n\t\t\t\t\t\t<p><img decoding=\"async\" src=\"https:\/\/www.bikethecity.it\/wp-content\/uploads\/2019\/10\/bike-and-the-city-tour-bicicletta-milano-roma-verona-80.jpg\"><\/p>\n<p><b><i>A GREAT WAY TO EXPERIENCE MILAN!<br \/><\/b><\/i><\/p>\n<p>If you want a really good overview of Milan in 3 hours, this is excellent value for money whilst getting some exercise as a fringe benefit. Francesco was friendly, knowledgeable and keen for the experience to be positive for us. We were lucky to have Francesco to ourselves as the other people didn\u2019t show. The trip shows great variety from the modern city to the historical. Make sure you have your wits about, meandering between and dodging traffic, pedestrians, other cyclists all adds to this fabulous Italian experience!!<\/p>\n\t\t\t\t\t<\/div>\n\t\t\t\t\t<cite class=\"elementor-testimonial__cite\"><span class=\"elementor-testimonial__name\">295garys (25 June 2018)<\/span><\/cite>\t\t\t\t<\/div>\n\t\t\t\t\t\t<div class=\"elementor-testimonial__footer\">\n\t\t\t\t\t\t\t\t\t\t\t<\/div>\n\t\t<\/div>\n\t\t\t\t\t\t\t\t<\/div>\n\t\t\t\t\t\t\t\t\t<\/div>\n\t\t\t\t\t\t\t\t\t\t\t\t\t\t\t<div class=\"elementor-swiper-button elementor-swiper-button-prev\" role=\"button\" tabindex=\"0\" aria-label=\"Precedente\">\n\t\t\t\t\t\t\t<i aria-hidden=\"true\" class=\"eicon-chevron-left\"><\/i>\t\t\t\t\t\t<\/div>\n\t\t\t\t\t\t<div class=\"elementor-swiper-button elementor-swiper-button-next\" role=\"button\" tabindex=\"0\" aria-label=\"Successivo\">\n\t\t\t\t\t\t\t<i aria-hidden=\"true\" class=\"eicon-chevron-right\"><\/i>\t\t\t\t\t\t<\/div>\n\t\t\t\t\t\t\t\t\t\t\t\t\t\t\t\t<div class=\"swiper-pagination\"><\/div>\n\t\t\t\t\t\t\t\t\t\t\t\t<\/div>\n\t\t\t\t<\/div>\n\t\t\t\t\t\t\t\t<\/div>\n\t\t\t\t<\/div>\n\t\t\t\t\t<\/div>\n\t\t<\/div>\n\t\t\t\t\t<\/div>\n\t\t<\/section>\n\t\t\t\t<section class=\"elementor-section elementor-top-section elementor-element elementor-element-680692a elementor-hidden-desktop elementor-hidden-tablet elementor-hidden-phone elementor-section-boxed elementor-section-height-default elementor-section-height-default\" data-id=\"680692a\" data-element_type=\"section\">\n\t\t\t\t\t\t<div class=\"elementor-container elementor-column-gap-default\">\n\t\t\t\t\t<div class=\"elementor-column elementor-col-100 elementor-top-column elementor-element elementor-element-980eeb8\" data-id=\"980eeb8\" data-element_type=\"column\">\n\t\t\t<div class=\"elementor-widget-wrap elementor-element-populated\">\n\t\t\t\t\t\t<div class=\"elementor-element elementor-element-c1910af elementor-widget elementor-widget-spacer\" data-id=\"c1910af\" data-element_type=\"widget\" data-widget_type=\"spacer.default\">\n\t\t\t\t<div class=\"elementor-widget-container\">\n\t\t\t\t\t\t\t<div class=\"elementor-spacer\">\n\t\t\t<div class=\"elementor-spacer-inner\"><\/div>\n\t\t<\/div>\n\t\t\t\t\t\t<\/div>\n\t\t\t\t<\/div>\n\t\t\t\t\t<\/div>\n\t\t<\/div>\n\t\t\t\t\t<\/div>\n\t\t<\/section>\n\t\t\t\t<section class=\"elementor-section elementor-top-section elementor-element elementor-element-2eb09f78 elementor-section-boxed elementor-section-height-default elementor-section-height-default\" data-id=\"2eb09f78\" data-element_type=\"section\">\n\t\t\t\t\t\t<div class=\"elementor-container elementor-column-gap-default\">\n\t\t\t\t\t<div class=\"elementor-column elementor-col-100 elementor-top-column elementor-element elementor-element-415b387e\" data-id=\"415b387e\" data-element_type=\"column\">\n\t\t\t<div class=\"elementor-widget-wrap elementor-element-populated\">\n\t\t\t\t\t\t<div class=\"elementor-element elementor-element-37229c15 elementor-widget elementor-widget-heading\" data-id=\"37229c15\" data-element_type=\"widget\" data-widget_type=\"heading.default\">\n\t\t\t\t<div class=\"elementor-widget-container\">\n\t\t\t\t\t<h2 class=\"elementor-heading-title elementor-size-default\">AS FEATURED IN...<\/h2>\t\t\t\t<\/div>\n\t\t\t\t<\/div>\n\t\t\t\t\t<\/div>\n\t\t<\/div>\n\t\t\t\t\t<\/div>\n\t\t<\/section>\n\t\t\t\t<section class=\"elementor-section elementor-top-section elementor-element elementor-element-39302cb elementor-hidden-mobile elementor-section-boxed elementor-section-height-default elementor-section-height-default\" data-id=\"39302cb\" data-element_type=\"section\">\n\t\t\t\t\t\t<div class=\"elementor-container elementor-column-gap-default\">\n\t\t\t\t\t<div class=\"elementor-column elementor-col-100 elementor-top-column elementor-element elementor-element-10878a99\" data-id=\"10878a99\" data-element_type=\"column\">\n\t\t\t<div class=\"elementor-widget-wrap elementor-element-populated\">\n\t\t\t\t\t\t<div class=\"elementor-element elementor-element-3056d284 elementor-widget elementor-widget-image\" data-id=\"3056d284\" data-element_type=\"widget\" data-widget_type=\"image.default\">\n\t\t\t\t<div class=\"elementor-widget-container\">\n\t\t\t\t\t\t\t\t\t\t\t\t\t\t\t<img loading=\"lazy\" decoding=\"async\" width=\"1650\" height=\"324\" src=\"https:\/\/www.bikethecity.it\/wp-content\/uploads\/2023\/01\/AAA_fascia-loghi-new-mauro-2.jpg\" class=\"attachment-full size-full wp-image-7113\" alt=\"\" srcset=\"https:\/\/www.bikethecity.it\/wp-content\/uploads\/2023\/01\/AAA_fascia-loghi-new-mauro-2.jpg 1650w, https:\/\/www.bikethecity.it\/wp-content\/uploads\/2023\/01\/AAA_fascia-loghi-new-mauro-2-300x59.jpg 300w, https:\/\/www.bikethecity.it\/wp-content\/uploads\/2023\/01\/AAA_fascia-loghi-new-mauro-2-1024x201.jpg 1024w, https:\/\/www.bikethecity.it\/wp-content\/uploads\/2023\/01\/AAA_fascia-loghi-new-mauro-2-768x151.jpg 768w, https:\/\/www.bikethecity.it\/wp-content\/uploads\/2023\/01\/AAA_fascia-loghi-new-mauro-2-1536x302.jpg 1536w\" sizes=\"(max-width: 1650px) 100vw, 1650px\" \/>\t\t\t\t\t\t\t\t\t\t\t\t\t\t\t<\/div>\n\t\t\t\t<\/div>\n\t\t\t\t\t<\/div>\n\t\t<\/div>\n\t\t\t\t\t<\/div>\n\t\t<\/section>\n\t\t\t\t<section class=\"elementor-section elementor-top-section elementor-element elementor-element-7622c4c elementor-hidden-desktop elementor-hidden-tablet elementor-section-boxed elementor-section-height-default elementor-section-height-default\" data-id=\"7622c4c\" data-element_type=\"section\">\n\t\t\t\t\t\t<div class=\"elementor-container elementor-column-gap-default\">\n\t\t\t\t\t<div class=\"elementor-column elementor-col-100 elementor-top-column elementor-element elementor-element-3aa6b035\" data-id=\"3aa6b035\" data-element_type=\"column\">\n\t\t\t<div class=\"elementor-widget-wrap elementor-element-populated\">\n\t\t\t\t\t\t<section class=\"elementor-section elementor-inner-section elementor-element elementor-element-14239955 elementor-section-boxed elementor-section-height-default elementor-section-height-default\" data-id=\"14239955\" data-element_type=\"section\">\n\t\t\t\t\t\t<div class=\"elementor-container elementor-column-gap-default\">\n\t\t\t\t\t<div class=\"elementor-column elementor-col-50 elementor-inner-column elementor-element elementor-element-57f8f071\" data-id=\"57f8f071\" data-element_type=\"column\">\n\t\t\t<div class=\"elementor-widget-wrap elementor-element-populated\">\n\t\t\t\t\t\t<div class=\"elementor-element elementor-element-761735a7 elementor-widget elementor-widget-image\" data-id=\"761735a7\" data-element_type=\"widget\" data-widget_type=\"image.default\">\n\t\t\t\t<div class=\"elementor-widget-container\">\n\t\t\t\t\t\t\t\t\t\t\t\t\t\t\t<img loading=\"lazy\" decoding=\"async\" width=\"279\" height=\"181\" src=\"https:\/\/www.bikethecity.it\/wp-content\/uploads\/2023\/01\/AD_logo.png\" class=\"attachment-full size-full wp-image-7044\" alt=\"\" \/>\t\t\t\t\t\t\t\t\t\t\t\t\t\t\t<\/div>\n\t\t\t\t<\/div>\n\t\t\t\t\t<\/div>\n\t\t<\/div>\n\t\t\t\t<div class=\"elementor-column elementor-col-50 elementor-inner-column elementor-element elementor-element-5cd3f10\" data-id=\"5cd3f10\" data-element_type=\"column\">\n\t\t\t<div class=\"elementor-widget-wrap elementor-element-populated\">\n\t\t\t\t\t\t<div class=\"elementor-element elementor-element-32556d9b elementor-widget elementor-widget-image\" data-id=\"32556d9b\" data-element_type=\"widget\" data-widget_type=\"image.default\">\n\t\t\t\t<div class=\"elementor-widget-container\">\n\t\t\t\t\t\t\t\t\t\t\t\t\t\t\t<img loading=\"lazy\" decoding=\"async\" width=\"1200\" height=\"311\" src=\"https:\/\/www.bikethecity.it\/wp-content\/uploads\/2023\/01\/VOGUE_logo.png\" class=\"attachment-full size-full wp-image-7068\" alt=\"\" srcset=\"https:\/\/www.bikethecity.it\/wp-content\/uploads\/2023\/01\/VOGUE_logo.png 1200w, https:\/\/www.bikethecity.it\/wp-content\/uploads\/2023\/01\/VOGUE_logo-300x78.png 300w, https:\/\/www.bikethecity.it\/wp-content\/uploads\/2023\/01\/VOGUE_logo-1024x265.png 1024w, https:\/\/www.bikethecity.it\/wp-content\/uploads\/2023\/01\/VOGUE_logo-768x199.png 768w\" sizes=\"(max-width: 1200px) 100vw, 1200px\" \/>\t\t\t\t\t\t\t\t\t\t\t\t\t\t\t<\/div>\n\t\t\t\t<\/div>\n\t\t\t\t\t<\/div>\n\t\t<\/div>\n\t\t\t\t\t<\/div>\n\t\t<\/section>\n\t\t\t\t<section class=\"elementor-section elementor-inner-section elementor-element elementor-element-5d1abcd6 elementor-section-boxed elementor-section-height-default elementor-section-height-default\" data-id=\"5d1abcd6\" data-element_type=\"section\">\n\t\t\t\t\t\t<div class=\"elementor-container elementor-column-gap-default\">\n\t\t\t\t\t<div class=\"elementor-column elementor-col-50 elementor-inner-column elementor-element elementor-element-7a767a70\" data-id=\"7a767a70\" data-element_type=\"column\">\n\t\t\t<div class=\"elementor-widget-wrap elementor-element-populated\">\n\t\t\t\t\t\t<div class=\"elementor-element elementor-element-506b9236 elementor-widget elementor-widget-image\" data-id=\"506b9236\" data-element_type=\"widget\" data-widget_type=\"image.default\">\n\t\t\t\t<div class=\"elementor-widget-container\">\n\t\t\t\t\t\t\t\t\t\t\t\t\t\t\t<img loading=\"lazy\" decoding=\"async\" width=\"2445\" height=\"1292\" src=\"https:\/\/www.bikethecity.it\/wp-content\/uploads\/2023\/01\/GQ_logo.png\" class=\"attachment-full size-full wp-image-7050\" alt=\"\" srcset=\"https:\/\/www.bikethecity.it\/wp-content\/uploads\/2023\/01\/GQ_logo.png 2445w, https:\/\/www.bikethecity.it\/wp-content\/uploads\/2023\/01\/GQ_logo-300x159.png 300w, https:\/\/www.bikethecity.it\/wp-content\/uploads\/2023\/01\/GQ_logo-1024x541.png 1024w, https:\/\/www.bikethecity.it\/wp-content\/uploads\/2023\/01\/GQ_logo-768x406.png 768w, https:\/\/www.bikethecity.it\/wp-content\/uploads\/2023\/01\/GQ_logo-1536x812.png 1536w, https:\/\/www.bikethecity.it\/wp-content\/uploads\/2023\/01\/GQ_logo-2048x1082.png 2048w\" sizes=\"(max-width: 2445px) 100vw, 2445px\" \/>\t\t\t\t\t\t\t\t\t\t\t\t\t\t\t<\/div>\n\t\t\t\t<\/div>\n\t\t\t\t\t<\/div>\n\t\t<\/div>\n\t\t\t\t<div class=\"elementor-column elementor-col-50 elementor-inner-column elementor-element elementor-element-7b9926d8\" data-id=\"7b9926d8\" data-element_type=\"column\">\n\t\t\t<div class=\"elementor-widget-wrap elementor-element-populated\">\n\t\t\t\t\t\t<div class=\"elementor-element elementor-element-75246a85 elementor-widget elementor-widget-image\" data-id=\"75246a85\" data-element_type=\"widget\" data-widget_type=\"image.default\">\n\t\t\t\t<div class=\"elementor-widget-container\">\n\t\t\t\t\t\t\t\t\t\t\t\t\t\t\t<img loading=\"lazy\" decoding=\"async\" width=\"900\" height=\"500\" src=\"https:\/\/www.bikethecity.it\/wp-content\/uploads\/2023\/01\/VANITY-FAIR_logo.png\" class=\"attachment-full size-full wp-image-7062\" alt=\"\" srcset=\"https:\/\/www.bikethecity.it\/wp-content\/uploads\/2023\/01\/VANITY-FAIR_logo.png 900w, https:\/\/www.bikethecity.it\/wp-content\/uploads\/2023\/01\/VANITY-FAIR_logo-300x167.png 300w, https:\/\/www.bikethecity.it\/wp-content\/uploads\/2023\/01\/VANITY-FAIR_logo-768x427.png 768w\" sizes=\"(max-width: 900px) 100vw, 900px\" \/>\t\t\t\t\t\t\t\t\t\t\t\t\t\t\t<\/div>\n\t\t\t\t<\/div>\n\t\t\t\t\t<\/div>\n\t\t<\/div>\n\t\t\t\t\t<\/div>\n\t\t<\/section>\n\t\t\t\t<section class=\"elementor-section elementor-inner-section elementor-element elementor-element-2077f88e elementor-section-boxed elementor-section-height-default elementor-section-height-default\" data-id=\"2077f88e\" data-element_type=\"section\">\n\t\t\t\t\t\t<div class=\"elementor-container elementor-column-gap-default\">\n\t\t\t\t\t<div class=\"elementor-column elementor-col-50 elementor-inner-column elementor-element elementor-element-43762f9b\" data-id=\"43762f9b\" data-element_type=\"column\">\n\t\t\t<div class=\"elementor-widget-wrap elementor-element-populated\">\n\t\t\t\t\t\t<div class=\"elementor-element elementor-element-410a5024 elementor-widget elementor-widget-image\" data-id=\"410a5024\" data-element_type=\"widget\" data-widget_type=\"image.default\">\n\t\t\t\t<div class=\"elementor-widget-container\">\n\t\t\t\t\t\t\t\t\t\t\t\t\t\t\t<img loading=\"lazy\" decoding=\"async\" width=\"2560\" height=\"665\" src=\"https:\/\/www.bikethecity.it\/wp-content\/uploads\/2023\/01\/Sky-TG24_logo.png\" class=\"attachment-full size-full wp-image-7059\" alt=\"\" srcset=\"https:\/\/www.bikethecity.it\/wp-content\/uploads\/2023\/01\/Sky-TG24_logo.png 2560w, https:\/\/www.bikethecity.it\/wp-content\/uploads\/2023\/01\/Sky-TG24_logo-300x78.png 300w, https:\/\/www.bikethecity.it\/wp-content\/uploads\/2023\/01\/Sky-TG24_logo-1024x266.png 1024w, https:\/\/www.bikethecity.it\/wp-content\/uploads\/2023\/01\/Sky-TG24_logo-768x200.png 768w, https:\/\/www.bikethecity.it\/wp-content\/uploads\/2023\/01\/Sky-TG24_logo-1536x399.png 1536w, https:\/\/www.bikethecity.it\/wp-content\/uploads\/2023\/01\/Sky-TG24_logo-2048x532.png 2048w\" sizes=\"(max-width: 2560px) 100vw, 2560px\" \/>\t\t\t\t\t\t\t\t\t\t\t\t\t\t\t<\/div>\n\t\t\t\t<\/div>\n\t\t\t\t\t<\/div>\n\t\t<\/div>\n\t\t\t\t<div class=\"elementor-column elementor-col-50 elementor-inner-column elementor-element elementor-element-7b9504f0\" data-id=\"7b9504f0\" data-element_type=\"column\">\n\t\t\t<div class=\"elementor-widget-wrap elementor-element-populated\">\n\t\t\t\t\t\t<div class=\"elementor-element elementor-element-5f036dc3 elementor-widget elementor-widget-image\" data-id=\"5f036dc3\" data-element_type=\"widget\" data-widget_type=\"image.default\">\n\t\t\t\t<div class=\"elementor-widget-container\">\n\t\t\t\t\t\t\t\t\t\t\t\t\t\t\t<img loading=\"lazy\" decoding=\"async\" width=\"1300\" height=\"290\" src=\"https:\/\/www.bikethecity.it\/wp-content\/uploads\/2023\/01\/La_Repubblica_logo.png\" class=\"attachment-full size-full wp-image-7119\" alt=\"\" srcset=\"https:\/\/www.bikethecity.it\/wp-content\/uploads\/2023\/01\/La_Repubblica_logo.png 1300w, https:\/\/www.bikethecity.it\/wp-content\/uploads\/2023\/01\/La_Repubblica_logo-300x67.png 300w, https:\/\/www.bikethecity.it\/wp-content\/uploads\/2023\/01\/La_Repubblica_logo-1024x228.png 1024w, https:\/\/www.bikethecity.it\/wp-content\/uploads\/2023\/01\/La_Repubblica_logo-768x171.png 768w\" sizes=\"(max-width: 1300px) 100vw, 1300px\" \/>\t\t\t\t\t\t\t\t\t\t\t\t\t\t\t<\/div>\n\t\t\t\t<\/div>\n\t\t\t\t\t<\/div>\n\t\t<\/div>\n\t\t\t\t\t<\/div>\n\t\t<\/section>\n\t\t\t\t<section class=\"elementor-section elementor-inner-section elementor-element elementor-element-119c718 elementor-section-boxed elementor-section-height-default elementor-section-height-default\" data-id=\"119c718\" data-element_type=\"section\">\n\t\t\t\t\t\t<div class=\"elementor-container elementor-column-gap-default\">\n\t\t\t\t\t<div class=\"elementor-column elementor-col-50 elementor-inner-column elementor-element elementor-element-11a57a2f\" data-id=\"11a57a2f\" data-element_type=\"column\">\n\t\t\t<div class=\"elementor-widget-wrap elementor-element-populated\">\n\t\t\t\t\t\t<div class=\"elementor-element elementor-element-4312db12 elementor-widget elementor-widget-image\" data-id=\"4312db12\" data-element_type=\"widget\" data-widget_type=\"image.default\">\n\t\t\t\t<div class=\"elementor-widget-container\">\n\t\t\t\t\t\t\t\t\t\t\t\t\t\t\t<img loading=\"lazy\" decoding=\"async\" width=\"2014\" height=\"419\" src=\"https:\/\/www.bikethecity.it\/wp-content\/uploads\/2023\/01\/logo-lifegate.png\" class=\"attachment-full size-full wp-image-7116\" alt=\"\" srcset=\"https:\/\/www.bikethecity.it\/wp-content\/uploads\/2023\/01\/logo-lifegate.png 2014w, https:\/\/www.bikethecity.it\/wp-content\/uploads\/2023\/01\/logo-lifegate-300x62.png 300w, https:\/\/www.bikethecity.it\/wp-content\/uploads\/2023\/01\/logo-lifegate-1024x213.png 1024w, https:\/\/www.bikethecity.it\/wp-content\/uploads\/2023\/01\/logo-lifegate-768x160.png 768w, https:\/\/www.bikethecity.it\/wp-content\/uploads\/2023\/01\/logo-lifegate-1536x320.png 1536w\" sizes=\"(max-width: 2014px) 100vw, 2014px\" \/>\t\t\t\t\t\t\t\t\t\t\t\t\t\t\t<\/div>\n\t\t\t\t<\/div>\n\t\t\t\t\t<\/div>\n\t\t<\/div>\n\t\t\t\t<div class=\"elementor-column elementor-col-50 elementor-inner-column elementor-element elementor-element-29ff8042\" data-id=\"29ff8042\" data-element_type=\"column\">\n\t\t\t<div class=\"elementor-widget-wrap elementor-element-populated\">\n\t\t\t\t\t\t<div class=\"elementor-element elementor-element-215be781 elementor-widget elementor-widget-image\" data-id=\"215be781\" data-element_type=\"widget\" data-widget_type=\"image.default\">\n\t\t\t\t<div class=\"elementor-widget-container\">\n\t\t\t\t\t\t\t\t\t\t\t\t\t\t\t<img loading=\"lazy\" decoding=\"async\" width=\"892\" height=\"308\" src=\"https:\/\/www.bikethecity.it\/wp-content\/uploads\/2023\/01\/AAA_fascia-loghi-new-1.jpg\" class=\"attachment-full size-full wp-image-7091\" alt=\"\" srcset=\"https:\/\/www.bikethecity.it\/wp-content\/uploads\/2023\/01\/AAA_fascia-loghi-new-1.jpg 892w, https:\/\/www.bikethecity.it\/wp-content\/uploads\/2023\/01\/AAA_fascia-loghi-new-1-300x104.jpg 300w, https:\/\/www.bikethecity.it\/wp-content\/uploads\/2023\/01\/AAA_fascia-loghi-new-1-768x265.jpg 768w\" sizes=\"(max-width: 892px) 100vw, 892px\" \/>\t\t\t\t\t\t\t\t\t\t\t\t\t\t\t<\/div>\n\t\t\t\t<\/div>\n\t\t\t\t\t<\/div>\n\t\t<\/div>\n\t\t\t\t\t<\/div>\n\t\t<\/section>\n\t\t\t\t<section class=\"elementor-section elementor-inner-section elementor-element elementor-element-3dc15b78 elementor-section-boxed elementor-section-height-default elementor-section-height-default\" data-id=\"3dc15b78\" data-element_type=\"section\">\n\t\t\t\t\t\t<div class=\"elementor-container elementor-column-gap-default\">\n\t\t\t\t\t<div class=\"elementor-column elementor-col-50 elementor-inner-column elementor-element elementor-element-1bafd280\" data-id=\"1bafd280\" data-element_type=\"column\">\n\t\t\t<div class=\"elementor-widget-wrap elementor-element-populated\">\n\t\t\t\t\t\t<div class=\"elementor-element elementor-element-69e62564 elementor-widget elementor-widget-image\" data-id=\"69e62564\" data-element_type=\"widget\" data-widget_type=\"image.default\">\n\t\t\t\t<div class=\"elementor-widget-container\">\n\t\t\t\t\t\t\t\t\t\t\t\t\t\t\t<img loading=\"lazy\" decoding=\"async\" width=\"160\" height=\"160\" src=\"https:\/\/www.bikethecity.it\/wp-content\/uploads\/2023\/01\/Italie_logo.jpeg\" class=\"attachment-full size-full wp-image-7053\" alt=\"\" srcset=\"https:\/\/www.bikethecity.it\/wp-content\/uploads\/2023\/01\/Italie_logo.jpeg 160w, https:\/\/www.bikethecity.it\/wp-content\/uploads\/2023\/01\/Italie_logo-150x150.jpeg 150w\" sizes=\"(max-width: 160px) 100vw, 160px\" \/>\t\t\t\t\t\t\t\t\t\t\t\t\t\t\t<\/div>\n\t\t\t\t<\/div>\n\t\t\t\t\t<\/div>\n\t\t<\/div>\n\t\t\t\t<div class=\"elementor-column elementor-col-50 elementor-inner-column elementor-element elementor-element-74fb26dc\" data-id=\"74fb26dc\" data-element_type=\"column\">\n\t\t\t<div class=\"elementor-widget-wrap elementor-element-populated\">\n\t\t\t\t\t\t<div class=\"elementor-element elementor-element-699fa6ce elementor-widget elementor-widget-image\" data-id=\"699fa6ce\" data-element_type=\"widget\" data-widget_type=\"image.default\">\n\t\t\t\t<div class=\"elementor-widget-container\">\n\t\t\t\t\t\t\t\t\t\t\t\t\t\t\t<img loading=\"lazy\" decoding=\"async\" width=\"413\" height=\"193\" src=\"https:\/\/www.bikethecity.it\/wp-content\/uploads\/2023\/01\/AAA_fascia-loghi-new-2.jpg\" class=\"attachment-full size-full wp-image-7094\" alt=\"\" srcset=\"https:\/\/www.bikethecity.it\/wp-content\/uploads\/2023\/01\/AAA_fascia-loghi-new-2.jpg 413w, https:\/\/www.bikethecity.it\/wp-content\/uploads\/2023\/01\/AAA_fascia-loghi-new-2-300x140.jpg 300w\" sizes=\"(max-width: 413px) 100vw, 413px\" \/>\t\t\t\t\t\t\t\t\t\t\t\t\t\t\t<\/div>\n\t\t\t\t<\/div>\n\t\t\t\t\t<\/div>\n\t\t<\/div>\n\t\t\t\t\t<\/div>\n\t\t<\/section>\n\t\t\t\t<section class=\"elementor-section elementor-inner-section elementor-element elementor-element-37a19654 elementor-section-boxed elementor-section-height-default elementor-section-height-default\" data-id=\"37a19654\" data-element_type=\"section\">\n\t\t\t\t\t\t<div class=\"elementor-container elementor-column-gap-default\">\n\t\t\t\t\t<div class=\"elementor-column elementor-col-50 elementor-inner-column elementor-element elementor-element-46d40b3b\" data-id=\"46d40b3b\" data-element_type=\"column\">\n\t\t\t<div class=\"elementor-widget-wrap elementor-element-populated\">\n\t\t\t\t\t\t<div class=\"elementor-element elementor-element-67412865 elementor-widget elementor-widget-image\" data-id=\"67412865\" data-element_type=\"widget\" data-widget_type=\"image.default\">\n\t\t\t\t<div class=\"elementor-widget-container\">\n\t\t\t\t\t\t\t\t\t\t\t\t\t\t\t<img loading=\"lazy\" decoding=\"async\" width=\"570\" height=\"941\" src=\"https:\/\/www.bikethecity.it\/wp-content\/uploads\/2023\/01\/BNR_logo.png\" class=\"attachment-full size-full wp-image-7047\" alt=\"\" srcset=\"https:\/\/www.bikethecity.it\/wp-content\/uploads\/2023\/01\/BNR_logo.png 570w, https:\/\/www.bikethecity.it\/wp-content\/uploads\/2023\/01\/BNR_logo-182x300.png 182w\" sizes=\"(max-width: 570px) 100vw, 570px\" \/>\t\t\t\t\t\t\t\t\t\t\t\t\t\t\t<\/div>\n\t\t\t\t<\/div>\n\t\t\t\t\t<\/div>\n\t\t<\/div>\n\t\t\t\t<div class=\"elementor-column elementor-col-50 elementor-inner-column elementor-element elementor-element-4527c92c\" data-id=\"4527c92c\" data-element_type=\"column\">\n\t\t\t<div class=\"elementor-widget-wrap\">\n\t\t\t\t\t\t\t<\/div>\n\t\t<\/div>\n\t\t\t\t\t<\/div>\n\t\t<\/section>\n\t\t\t\t\t<\/div>\n\t\t<\/div>\n\t\t\t\t\t<\/div>\n\t\t<\/section>\n\t\t\t\t<section class=\"elementor-section elementor-top-section elementor-element elementor-element-1a73605 elementor-section-boxed elementor-section-height-default elementor-section-height-default\" data-id=\"1a73605\" data-element_type=\"section\">\n\t\t\t\t\t\t<div class=\"elementor-container elementor-column-gap-default\">\n\t\t\t\t\t<div class=\"elementor-column elementor-col-100 elementor-top-column elementor-element elementor-element-40ebdf0\" data-id=\"40ebdf0\" data-element_type=\"column\">\n\t\t\t<div class=\"elementor-widget-wrap elementor-element-populated\">\n\t\t\t\t\t\t<div class=\"elementor-element elementor-element-fc4c244 elementor-widget elementor-widget-heading\" data-id=\"fc4c244\" data-element_type=\"widget\" data-widget_type=\"heading.default\">\n\t\t\t\t<div class=\"elementor-widget-container\">\n\t\t\t\t\t<h2 class=\"elementor-heading-title elementor-size-default\">PUNTO D'INCONTRO<\/h2>\t\t\t\t<\/div>\n\t\t\t\t<\/div>\n\t\t\t\t\t<\/div>\n\t\t<\/div>\n\t\t\t\t\t<\/div>\n\t\t<\/section>\n\t\t\t\t<section class=\"elementor-section elementor-top-section elementor-element elementor-element-7423f745 elementor-hidden-tablet elementor-hidden-phone elementor-section-boxed elementor-section-height-default elementor-section-height-default\" data-id=\"7423f745\" data-element_type=\"section\">\n\t\t\t\t\t\t<div class=\"elementor-container elementor-column-gap-default\">\n\t\t\t\t\t<div class=\"elementor-column elementor-col-25 elementor-top-column elementor-element elementor-element-498d8805\" data-id=\"498d8805\" data-element_type=\"column\">\n\t\t\t<div class=\"elementor-widget-wrap elementor-element-populated\">\n\t\t\t\t\t\t<div class=\"elementor-element elementor-element-31d3776a elementor-widget elementor-widget-global elementor-global-2151 elementor-widget-image\" data-id=\"31d3776a\" data-element_type=\"widget\" data-widget_type=\"image.default\">\n\t\t\t\t<div class=\"elementor-widget-container\">\n\t\t\t\t\t\t\t\t\t\t\t\t\t\t\t\t<a href=\"https:\/\/www.google.com\/maps\/place\/Via+Vetere,+11,+20123+Milano+MI\/@45.4560576,9.1815894,17z\/data=!3m1!4b1!4m5!3m4!1s0x4786c400865f8b47:0x241e79a50268e303!8m2!3d45.4560576!4d9.1815894\" target=\"_blank\">\n\t\t\t\t\t\t\t<img loading=\"lazy\" decoding=\"async\" width=\"800\" height=\"610\" src=\"https:\/\/www.bikethecity.it\/wp-content\/uploads\/2019\/07\/bike-and-the-city-tour-bicicletta-milano-roma-verona-15.jpg\" class=\"attachment-full size-full wp-image-1687\" alt=\"bike-and-the-city-tour-bicicletta-milano-roma-verona-15\" srcset=\"https:\/\/www.bikethecity.it\/wp-content\/uploads\/2019\/07\/bike-and-the-city-tour-bicicletta-milano-roma-verona-15.jpg 800w, https:\/\/www.bikethecity.it\/wp-content\/uploads\/2019\/07\/bike-and-the-city-tour-bicicletta-milano-roma-verona-15-300x229.jpg 300w, https:\/\/www.bikethecity.it\/wp-content\/uploads\/2019\/07\/bike-and-the-city-tour-bicicletta-milano-roma-verona-15-768x586.jpg 768w\" sizes=\"(max-width: 800px) 100vw, 800px\" \/>\t\t\t\t\t\t\t\t<\/a>\n\t\t\t\t\t\t\t\t\t\t\t\t\t\t\t<\/div>\n\t\t\t\t<\/div>\n\t\t\t\t<div class=\"elementor-element elementor-element-6ad5d190 elementor-widget elementor-widget-heading\" data-id=\"6ad5d190\" data-element_type=\"widget\" data-widget_type=\"heading.default\">\n\t\t\t\t<div class=\"elementor-widget-container\">\n\t\t\t\t\t<h2 class=\"elementor-heading-title elementor-size-default\">MILAN<\/h2>\t\t\t\t<\/div>\n\t\t\t\t<\/div>\n\t\t\t\t<section class=\"elementor-section elementor-inner-section elementor-element elementor-element-20cef44d elementor-section-boxed elementor-section-height-default elementor-section-height-default\" data-id=\"20cef44d\" data-element_type=\"section\">\n\t\t\t\t\t\t<div class=\"elementor-container elementor-column-gap-default\">\n\t\t\t\t\t<div class=\"elementor-column elementor-col-50 elementor-inner-column elementor-element elementor-element-3ee40\" data-id=\"3ee40\" data-element_type=\"column\">\n\t\t\t<div class=\"elementor-widget-wrap elementor-element-populated\">\n\t\t\t\t\t\t<div class=\"elementor-element elementor-element-f97bfaf elementor-widget elementor-widget-image\" data-id=\"f97bfaf\" data-element_type=\"widget\" data-widget_type=\"image.default\">\n\t\t\t\t<div class=\"elementor-widget-container\">\n\t\t\t\t\t\t\t\t\t\t\t\t\t\t\t<img loading=\"lazy\" decoding=\"async\" width=\"151\" height=\"151\" src=\"https:\/\/www.bikethecity.it\/wp-content\/uploads\/2019\/07\/bike-and-the-city-tour-bicicletta-milano-roma-verona-33.png\" class=\"attachment-full size-full wp-image-5017\" alt=\"\" srcset=\"https:\/\/www.bikethecity.it\/wp-content\/uploads\/2019\/07\/bike-and-the-city-tour-bicicletta-milano-roma-verona-33.png 151w, https:\/\/www.bikethecity.it\/wp-content\/uploads\/2019\/07\/bike-and-the-city-tour-bicicletta-milano-roma-verona-33-150x150.png 150w\" sizes=\"(max-width: 151px) 100vw, 151px\" \/>\t\t\t\t\t\t\t\t\t\t\t\t\t\t\t<\/div>\n\t\t\t\t<\/div>\n\t\t\t\t\t<\/div>\n\t\t<\/div>\n\t\t\t\t<div class=\"elementor-column elementor-col-50 elementor-inner-column elementor-element elementor-element-1a3f7d3a\" data-id=\"1a3f7d3a\" data-element_type=\"column\">\n\t\t\t<div class=\"elementor-widget-wrap elementor-element-populated\">\n\t\t\t\t\t\t<div class=\"elementor-element elementor-element-47b5288a elementor-widget elementor-widget-text-editor\" data-id=\"47b5288a\" data-element_type=\"widget\" data-widget_type=\"text-editor.default\">\n\t\t\t\t<div class=\"elementor-widget-container\">\n\t\t\t\t\t\t\t\t\t<p>Via Vetere 11<br \/>20123 Milan, Italy<\/p>\n\t\t\t\t\t\t\t\t<\/div>\n\t\t\t\t<\/div>\n\t\t\t\t\t<\/div>\n\t\t<\/div>\n\t\t\t\t\t<\/div>\n\t\t<\/section>\n\t\t\t\t\t<\/div>\n\t\t<\/div>\n\t\t\t\t<div class=\"elementor-column elementor-col-25 elementor-top-column elementor-element elementor-element-35d890b3\" data-id=\"35d890b3\" data-element_type=\"column\">\n\t\t\t<div class=\"elementor-widget-wrap elementor-element-populated\">\n\t\t\t\t\t\t<div class=\"elementor-element elementor-element-4c939893 elementor-widget elementor-widget-global elementor-global-2157 elementor-widget-image\" data-id=\"4c939893\" data-element_type=\"widget\" data-widget_type=\"image.default\">\n\t\t\t\t<div class=\"elementor-widget-container\">\n\t\t\t\t\t\t\t\t\t\t\t\t\t\t\t\t<a href=\"https:\/\/www.google.it\/maps\/place\/Via+Sant&#039;Anselmo,+19bis,+10125+Torino+TO\/@45.0554425,7.6797863,13.79z\/data=!4m6!3m5!1s0x47886d4250afffff:0x75d1dac72fd2f0f!8m2!3d45.0581803!4d7.6808527!16s%2Fg%2F11j0bgwfhm?entry=ttu&#038;g_ep=EgoyMDI1MDIwNS4xIKXMDSoJLDEwMjExMjMzSAFQAw%3D%3D\" target=\"_blank\">\n\t\t\t\t\t\t\t<img loading=\"lazy\" decoding=\"async\" width=\"800\" height=\"610\" src=\"https:\/\/www.bikethecity.it\/wp-content\/uploads\/2025\/02\/bike-and-the-city-tour-bicicletta-milano-roma-verona-300.jpg\" class=\"attachment-full size-full wp-image-8130\" alt=\"bike-and-the-city-tour-bicicletta-milano-roma-verona-300\" srcset=\"https:\/\/www.bikethecity.it\/wp-content\/uploads\/2025\/02\/bike-and-the-city-tour-bicicletta-milano-roma-verona-300.jpg 800w, https:\/\/www.bikethecity.it\/wp-content\/uploads\/2025\/02\/bike-and-the-city-tour-bicicletta-milano-roma-verona-300-300x229.jpg 300w, https:\/\/www.bikethecity.it\/wp-content\/uploads\/2025\/02\/bike-and-the-city-tour-bicicletta-milano-roma-verona-300-768x586.jpg 768w\" sizes=\"(max-width: 800px) 100vw, 800px\" \/>\t\t\t\t\t\t\t\t<\/a>\n\t\t\t\t\t\t\t\t\t\t\t\t\t\t\t<\/div>\n\t\t\t\t<\/div>\n\t\t\t\t<div class=\"elementor-element elementor-element-69c21cda elementor-widget elementor-widget-heading\" data-id=\"69c21cda\" data-element_type=\"widget\" data-widget_type=\"heading.default\">\n\t\t\t\t<div class=\"elementor-widget-container\">\n\t\t\t\t\t<h2 class=\"elementor-heading-title elementor-size-default\">TURIN<\/h2>\t\t\t\t<\/div>\n\t\t\t\t<\/div>\n\t\t\t\t<section class=\"elementor-section elementor-inner-section elementor-element elementor-element-5d7bfe85 elementor-section-boxed elementor-section-height-default elementor-section-height-default\" data-id=\"5d7bfe85\" data-element_type=\"section\">\n\t\t\t\t\t\t<div class=\"elementor-container elementor-column-gap-default\">\n\t\t\t\t\t<div class=\"elementor-column elementor-col-50 elementor-inner-column elementor-element elementor-element-30b4f546\" data-id=\"30b4f546\" data-element_type=\"column\">\n\t\t\t<div class=\"elementor-widget-wrap elementor-element-populated\">\n\t\t\t\t\t\t<div class=\"elementor-element elementor-element-723936b2 elementor-widget elementor-widget-image\" data-id=\"723936b2\" data-element_type=\"widget\" data-widget_type=\"image.default\">\n\t\t\t\t<div class=\"elementor-widget-container\">\n\t\t\t\t\t\t\t\t\t\t\t\t\t\t\t<img loading=\"lazy\" decoding=\"async\" width=\"151\" height=\"151\" src=\"https:\/\/www.bikethecity.it\/wp-content\/uploads\/2019\/07\/bike-and-the-city-tour-bicicletta-milano-roma-verona-33.png\" class=\"attachment-full size-full wp-image-5017\" alt=\"\" srcset=\"https:\/\/www.bikethecity.it\/wp-content\/uploads\/2019\/07\/bike-and-the-city-tour-bicicletta-milano-roma-verona-33.png 151w, https:\/\/www.bikethecity.it\/wp-content\/uploads\/2019\/07\/bike-and-the-city-tour-bicicletta-milano-roma-verona-33-150x150.png 150w\" sizes=\"(max-width: 151px) 100vw, 151px\" \/>\t\t\t\t\t\t\t\t\t\t\t\t\t\t\t<\/div>\n\t\t\t\t<\/div>\n\t\t\t\t\t<\/div>\n\t\t<\/div>\n\t\t\t\t<div class=\"elementor-column elementor-col-50 elementor-inner-column elementor-element elementor-element-7d4de4d0\" data-id=\"7d4de4d0\" data-element_type=\"column\">\n\t\t\t<div class=\"elementor-widget-wrap elementor-element-populated\">\n\t\t\t\t\t\t<div class=\"elementor-element elementor-element-9e2464f elementor-widget elementor-widget-text-editor\" data-id=\"9e2464f\" data-element_type=\"widget\" data-widget_type=\"text-editor.default\">\n\t\t\t\t<div class=\"elementor-widget-container\">\n\t\t\t\t\t\t\t\t\t<p>Via Sant&#8217;Anselmo, 19bis<br \/>10125 Torino, Italy<\/p>\t\t\t\t\t\t\t\t<\/div>\n\t\t\t\t<\/div>\n\t\t\t\t\t<\/div>\n\t\t<\/div>\n\t\t\t\t\t<\/div>\n\t\t<\/section>\n\t\t\t\t\t<\/div>\n\t\t<\/div>\n\t\t\t\t<div class=\"elementor-column elementor-col-25 elementor-top-column elementor-element elementor-element-56e52bb7\" data-id=\"56e52bb7\" data-element_type=\"column\">\n\t\t\t<div class=\"elementor-widget-wrap elementor-element-populated\">\n\t\t\t\t\t\t<div class=\"elementor-element elementor-element-2c00f699 elementor-widget elementor-widget-global elementor-global-2163 elementor-widget-image\" data-id=\"2c00f699\" data-element_type=\"widget\" data-widget_type=\"image.default\">\n\t\t\t\t<div class=\"elementor-widget-container\">\n\t\t\t\t\t\t\t\t\t\t\t\t\t\t\t\t<a href=\"https:\/\/www.google.com\/maps\/place\/Via+del+Pontiere,+23,+37122+Verona+VR\/@45.4264741,10.9935495,13.5z\/data=!4m5!3m4!1s0x477f5f40eaf31b87:0x82ff0bd47a7bfccb!8m2!3d45.433964!4d10.9965128\" target=\"_blank\">\n\t\t\t\t\t\t\t<img loading=\"lazy\" decoding=\"async\" width=\"800\" height=\"610\" src=\"https:\/\/www.bikethecity.it\/wp-content\/uploads\/2022\/04\/bike-and-the-city-tour-bicicletta-milano-roma-verona-143.jpg\" class=\"attachment-full size-full wp-image-6664\" alt=\"\" srcset=\"https:\/\/www.bikethecity.it\/wp-content\/uploads\/2022\/04\/bike-and-the-city-tour-bicicletta-milano-roma-verona-143.jpg 800w, https:\/\/www.bikethecity.it\/wp-content\/uploads\/2022\/04\/bike-and-the-city-tour-bicicletta-milano-roma-verona-143-300x229.jpg 300w, https:\/\/www.bikethecity.it\/wp-content\/uploads\/2022\/04\/bike-and-the-city-tour-bicicletta-milano-roma-verona-143-768x586.jpg 768w\" sizes=\"(max-width: 800px) 100vw, 800px\" \/>\t\t\t\t\t\t\t\t<\/a>\n\t\t\t\t\t\t\t\t\t\t\t\t\t\t\t<\/div>\n\t\t\t\t<\/div>\n\t\t\t\t<div class=\"elementor-element elementor-element-20ac1841 elementor-widget elementor-widget-heading\" data-id=\"20ac1841\" data-element_type=\"widget\" data-widget_type=\"heading.default\">\n\t\t\t\t<div class=\"elementor-widget-container\">\n\t\t\t\t\t<h2 class=\"elementor-heading-title elementor-size-default\">VERONA<\/h2>\t\t\t\t<\/div>\n\t\t\t\t<\/div>\n\t\t\t\t<section class=\"elementor-section elementor-inner-section elementor-element elementor-element-5c1e7f5b elementor-section-boxed elementor-section-height-default elementor-section-height-default\" data-id=\"5c1e7f5b\" data-element_type=\"section\">\n\t\t\t\t\t\t<div class=\"elementor-container elementor-column-gap-default\">\n\t\t\t\t\t<div class=\"elementor-column elementor-col-50 elementor-inner-column elementor-element elementor-element-788007a1\" data-id=\"788007a1\" data-element_type=\"column\">\n\t\t\t<div class=\"elementor-widget-wrap elementor-element-populated\">\n\t\t\t\t\t\t<div class=\"elementor-element elementor-element-2d5260f2 elementor-widget elementor-widget-image\" data-id=\"2d5260f2\" data-element_type=\"widget\" data-widget_type=\"image.default\">\n\t\t\t\t<div class=\"elementor-widget-container\">\n\t\t\t\t\t\t\t\t\t\t\t\t\t\t\t<img loading=\"lazy\" decoding=\"async\" width=\"151\" height=\"151\" src=\"https:\/\/www.bikethecity.it\/wp-content\/uploads\/2019\/07\/bike-and-the-city-tour-bicicletta-milano-roma-verona-33.png\" class=\"attachment-full size-full wp-image-5017\" alt=\"\" srcset=\"https:\/\/www.bikethecity.it\/wp-content\/uploads\/2019\/07\/bike-and-the-city-tour-bicicletta-milano-roma-verona-33.png 151w, https:\/\/www.bikethecity.it\/wp-content\/uploads\/2019\/07\/bike-and-the-city-tour-bicicletta-milano-roma-verona-33-150x150.png 150w\" sizes=\"(max-width: 151px) 100vw, 151px\" \/>\t\t\t\t\t\t\t\t\t\t\t\t\t\t\t<\/div>\n\t\t\t\t<\/div>\n\t\t\t\t\t<\/div>\n\t\t<\/div>\n\t\t\t\t<div class=\"elementor-column elementor-col-50 elementor-inner-column elementor-element elementor-element-4f5a271c\" data-id=\"4f5a271c\" data-element_type=\"column\">\n\t\t\t<div class=\"elementor-widget-wrap elementor-element-populated\">\n\t\t\t\t\t\t<div class=\"elementor-element elementor-element-4e0a635a elementor-widget elementor-widget-text-editor\" data-id=\"4e0a635a\" data-element_type=\"widget\" data-widget_type=\"text-editor.default\">\n\t\t\t\t<div class=\"elementor-widget-container\">\n\t\t\t\t\t\t\t\t\t<p>Via Del Pontiere 23 <br \/>37122 Verona, Italy<\/p>\n\t\t\t\t\t\t\t\t<\/div>\n\t\t\t\t<\/div>\n\t\t\t\t\t<\/div>\n\t\t<\/div>\n\t\t\t\t\t<\/div>\n\t\t<\/section>\n\t\t\t\t\t<\/div>\n\t\t<\/div>\n\t\t\t\t<div class=\"elementor-column elementor-col-25 elementor-top-column elementor-element elementor-element-2e3b637d\" data-id=\"2e3b637d\" data-element_type=\"column\">\n\t\t\t<div class=\"elementor-widget-wrap elementor-element-populated\">\n\t\t\t\t\t\t<div class=\"elementor-element elementor-element-1a06598 elementor-widget elementor-widget-global elementor-global-2163 elementor-widget-image\" data-id=\"1a06598\" data-element_type=\"widget\" data-widget_type=\"image.default\">\n\t\t\t\t<div class=\"elementor-widget-container\">\n\t\t\t\t\t\t\t\t\t\t\t\t\t\t\t\t<a href=\"https:\/\/www.google.com\/maps\/place\/Via+del+Pontiere,+23,+37122+Verona+VR\/@45.4264741,10.9935495,13.5z\/data=!4m5!3m4!1s0x477f5f40eaf31b87:0x82ff0bd47a7bfccb!8m2!3d45.433964!4d10.9965128\" target=\"_blank\">\n\t\t\t\t\t\t\t<img loading=\"lazy\" decoding=\"async\" width=\"800\" height=\"610\" src=\"https:\/\/www.bikethecity.it\/wp-content\/uploads\/2022\/04\/bike-and-the-city-tour-bicicletta-milano-roma-verona-143.jpg\" class=\"attachment-full size-full wp-image-6664\" alt=\"\" srcset=\"https:\/\/www.bikethecity.it\/wp-content\/uploads\/2022\/04\/bike-and-the-city-tour-bicicletta-milano-roma-verona-143.jpg 800w, https:\/\/www.bikethecity.it\/wp-content\/uploads\/2022\/04\/bike-and-the-city-tour-bicicletta-milano-roma-verona-143-300x229.jpg 300w, https:\/\/www.bikethecity.it\/wp-content\/uploads\/2022\/04\/bike-and-the-city-tour-bicicletta-milano-roma-verona-143-768x586.jpg 768w\" sizes=\"(max-width: 800px) 100vw, 800px\" \/>\t\t\t\t\t\t\t\t<\/a>\n\t\t\t\t\t\t\t\t\t\t\t\t\t\t\t<\/div>\n\t\t\t\t<\/div>\n\t\t\t\t<div class=\"elementor-element elementor-element-50fb601b elementor-widget elementor-widget-heading\" data-id=\"50fb601b\" data-element_type=\"widget\" data-widget_type=\"heading.default\">\n\t\t\t\t<div class=\"elementor-widget-container\">\n\t\t\t\t\t<h2 class=\"elementor-heading-title elementor-size-default\">ROME<\/h2>\t\t\t\t<\/div>\n\t\t\t\t<\/div>\n\t\t\t\t<section class=\"elementor-section elementor-inner-section elementor-element elementor-element-fb9132b elementor-section-boxed elementor-section-height-default elementor-section-height-default\" data-id=\"fb9132b\" data-element_type=\"section\">\n\t\t\t\t\t\t<div class=\"elementor-container elementor-column-gap-default\">\n\t\t\t\t\t<div class=\"elementor-column elementor-col-50 elementor-inner-column elementor-element elementor-element-1f3da5f4\" data-id=\"1f3da5f4\" data-element_type=\"column\">\n\t\t\t<div class=\"elementor-widget-wrap elementor-element-populated\">\n\t\t\t\t\t\t<div class=\"elementor-element elementor-element-599364eb elementor-widget elementor-widget-image\" data-id=\"599364eb\" data-element_type=\"widget\" data-widget_type=\"image.default\">\n\t\t\t\t<div class=\"elementor-widget-container\">\n\t\t\t\t\t\t\t\t\t\t\t\t\t\t\t<img loading=\"lazy\" decoding=\"async\" width=\"151\" height=\"151\" src=\"https:\/\/www.bikethecity.it\/wp-content\/uploads\/2019\/07\/bike-and-the-city-tour-bicicletta-milano-roma-verona-33.png\" class=\"attachment-full size-full wp-image-5017\" alt=\"\" srcset=\"https:\/\/www.bikethecity.it\/wp-content\/uploads\/2019\/07\/bike-and-the-city-tour-bicicletta-milano-roma-verona-33.png 151w, https:\/\/www.bikethecity.it\/wp-content\/uploads\/2019\/07\/bike-and-the-city-tour-bicicletta-milano-roma-verona-33-150x150.png 150w\" sizes=\"(max-width: 151px) 100vw, 151px\" \/>\t\t\t\t\t\t\t\t\t\t\t\t\t\t\t<\/div>\n\t\t\t\t<\/div>\n\t\t\t\t\t<\/div>\n\t\t<\/div>\n\t\t\t\t<div class=\"elementor-column elementor-col-50 elementor-inner-column elementor-element elementor-element-26a11fc3\" data-id=\"26a11fc3\" data-element_type=\"column\">\n\t\t\t<div class=\"elementor-widget-wrap elementor-element-populated\">\n\t\t\t\t\t\t<div class=\"elementor-element elementor-element-6c0f95f3 elementor-widget elementor-widget-text-editor\" data-id=\"6c0f95f3\" data-element_type=\"widget\" data-widget_type=\"text-editor.default\">\n\t\t\t\t<div class=\"elementor-widget-container\">\n\t\t\t\t\t\t\t\t\t<p>c\/o Ondina Generali <br \/>Lungotevere delle Armi, 44, 00195 Roma, Italy<\/p>\n\t\t\t\t\t\t\t\t<\/div>\n\t\t\t\t<\/div>\n\t\t\t\t\t<\/div>\n\t\t<\/div>\n\t\t\t\t\t<\/div>\n\t\t<\/section>\n\t\t\t\t\t<\/div>\n\t\t<\/div>\n\t\t\t\t\t<\/div>\n\t\t<\/section>\n\t\t\t\t<section class=\"elementor-section elementor-top-section elementor-element elementor-element-3dacd95 elementor-hidden-desktop elementor-section-boxed elementor-section-height-default elementor-section-height-default\" data-id=\"3dacd95\" data-element_type=\"section\">\n\t\t\t\t\t\t<div class=\"elementor-container elementor-column-gap-default\">\n\t\t\t\t\t<div class=\"elementor-column elementor-col-100 elementor-top-column elementor-element elementor-element-c90839f\" data-id=\"c90839f\" data-element_type=\"column\">\n\t\t\t<div class=\"elementor-widget-wrap elementor-element-populated\">\n\t\t\t\t\t\t<div class=\"elementor-element elementor-element-dbe1885 elementor-testimonial--layout-image_above elementor-testimonial--skin-default elementor-testimonial--align-center elementor-arrows-yes elementor-pagination-type-bullets elementor-widget elementor-widget-global elementor-global-2169 elementor-widget-testimonial-carousel\" data-id=\"dbe1885\" data-element_type=\"widget\" data-settings=\"{&quot;slides_per_view&quot;:&quot;1&quot;,&quot;show_arrows&quot;:&quot;yes&quot;,&quot;pagination&quot;:&quot;bullets&quot;,&quot;speed&quot;:500,&quot;autoplay&quot;:&quot;yes&quot;,&quot;autoplay_speed&quot;:5000,&quot;loop&quot;:&quot;yes&quot;,&quot;pause_on_hover&quot;:&quot;yes&quot;,&quot;pause_on_interaction&quot;:&quot;yes&quot;,&quot;space_between&quot;:{&quot;unit&quot;:&quot;px&quot;,&quot;size&quot;:10,&quot;sizes&quot;:[]},&quot;space_between_tablet&quot;:{&quot;unit&quot;:&quot;px&quot;,&quot;size&quot;:10,&quot;sizes&quot;:[]},&quot;space_between_mobile&quot;:{&quot;unit&quot;:&quot;px&quot;,&quot;size&quot;:10,&quot;sizes&quot;:[]}}\" data-widget_type=\"testimonial-carousel.default\">\n\t\t\t\t<div class=\"elementor-widget-container\">\n\t\t\t\t\t\t\t\t\t<div class=\"elementor-swiper\">\n\t\t\t\t\t<div class=\"elementor-main-swiper swiper\" role=\"region\" aria-roledescription=\"carousel\" aria-label=\"Slides\">\n\t\t\t\t<div class=\"swiper-wrapper\">\n\t\t\t\t\t\t\t\t\t\t\t<div class=\"swiper-slide\" role=\"group\" aria-roledescription=\"slide\">\n\t\t\t\t\t\t\t\t\t<div class=\"elementor-testimonial\">\n\t\t\t\t\t\t\t<div class=\"elementor-testimonial__content\">\n\t\t\t\t\t<div class=\"elementor-testimonial__text\">\n\t\t\t\t\t\t<a href=\"https:\/\/www.google.com\/maps\/place\/Via+Vetere,+11,+20123+Milano+MI\/@45.4560576,9.1815894,17z\/data=!3m1!4b1!4m5!3m4!1s0x4786c400865f8b47:0x241e79a50268e303!8m2!3d45.4560576!4d9.1815894\"><img decoding=\"async\" src=\"\/wp-content\/uploads\/2019\/08\/bike-and-the-city-tour-bicicletta-milano-roma-verona-69.jpg\" alt=\"milan bike tour\" align=\"center\"><\/a><br><H2><font color=\"#64c6c3\"><br>MILAN<\/H2><\/font><img decoding=\"async\" src=\"\/wp-content\/uploads\/2019\/07\/bike-and-the-city-tour-bicicletta-milano-roma-verona-33.png\" alt=\"milan bike tour \"height=\"20\" width=\"20\" align=\"top\"> Via Vetere 11<br>20123 Milan, Italy \t\t\t\t\t<\/div>\n\t\t\t\t\t\t\t\t\t<\/div>\n\t\t\t\t\t\t<div class=\"elementor-testimonial__footer\">\n\t\t\t\t\t\t\t\t\t\t\t<\/div>\n\t\t<\/div>\n\t\t\t\t\t\t\t\t<\/div>\n\t\t\t\t\t\t\t\t\t\t\t<div class=\"swiper-slide\" role=\"group\" aria-roledescription=\"slide\">\n\t\t\t\t\t\t\t\t\t<div class=\"elementor-testimonial\">\n\t\t\t\t\t\t\t<div class=\"elementor-testimonial__content\">\n\t\t\t\t\t<div class=\"elementor-testimonial__text\">\n\t\t\t\t\t\t<a href=\"https:\/\/www.google.it\/maps\/place\/Via+Sant'Anselmo,+19bis,+10125+Torino+TO\/@45.0554425,7.6797863,13.79z\/data=!4m6!3m5!1s0x47886d4250afffff:0x75d1dac72fd2f0f!8m2!3d45.0581803!4d7.6808527!16s%2Fg%2F11j0bgwfhm?entry=ttu&g_ep=EgoyMDI1MDIwNS4xIKXMDSoJLDEwMjExMjMzSAFQAw%3D%3D\"><img decoding=\"async\" src=\"https:\/\/www.bikethecity.it\/wp-content\/uploads\/2025\/02\/bike-and-the-city-tour-bicicletta-milano-roma-verona-300.jpg\" alt=\"turin bike tour\" align=\"center\"><\/a><br><H2><font color=\"#64c6c3\"><br>TURIN<\/H2><\/font><img decoding=\"async\" src=\"\/wp-content\/uploads\/2019\/07\/bike-and-the-city-tour-bicicletta-milano-roma-verona-33.png\" alt=\"milan bike tour \"height=\"20\" width=\"20\" align=\"top\"> Via Sant\u2019Anselmo, 19bis<br> 10125 Torino, Italy\t\t\t\t\t<\/div>\n\t\t\t\t\t\t\t\t\t<\/div>\n\t\t\t\t\t\t<div class=\"elementor-testimonial__footer\">\n\t\t\t\t\t\t\t\t\t\t\t<\/div>\n\t\t<\/div>\n\t\t\t\t\t\t\t\t<\/div>\n\t\t\t\t\t\t\t\t\t\t\t<div class=\"swiper-slide\" role=\"group\" aria-roledescription=\"slide\">\n\t\t\t\t\t\t\t\t\t<div class=\"elementor-testimonial\">\n\t\t\t\t\t\t\t<div class=\"elementor-testimonial__content\">\n\t\t\t\t\t<div class=\"elementor-testimonial__text\">\n\t\t\t\t\t\t<a href=\"https:\/\/www.google.com\/maps\/place\/Via+del+Pontiere,+23,+37122+Verona+VR\/@45.4264741,10.9935495,13.5z\/data=!4m5!3m4!1s0x477f5f40eaf31b87:0x82ff0bd47a7bfccb!8m2!3d45.433964!4d10.9965128\"><img decoding=\"async\" src=\"https:\/\/www.bikethecity.it\/wp-content\/uploads\/2022\/04\/bike-and-the-city-tour-bicicletta-milano-roma-verona-143.jpg\" alt=\"verona bike tour\" align=\"center\"><\/a><br><H2><font color=\"#64c6c3\"><br>VERONA<\/H2><\/font><img decoding=\"async\" src=\"\/wp-content\/uploads\/2019\/07\/bike-and-the-city-tour-bicicletta-milano-roma-verona-33.png\" alt=\"milan bike tour \"height=\"20\" width=\"20\" align=\"top\"> Via del Pontiere 23<br>37122 Verona, Italy\t\t\t\t\t<\/div>\n\t\t\t\t\t\t\t\t\t<\/div>\n\t\t\t\t\t\t<div class=\"elementor-testimonial__footer\">\n\t\t\t\t\t\t\t\t\t\t\t<\/div>\n\t\t<\/div>\n\t\t\t\t\t\t\t\t<\/div>\n\t\t\t\t\t\t\t\t\t\t\t<div class=\"swiper-slide\" role=\"group\" aria-roledescription=\"slide\">\n\t\t\t\t\t\t\t\t\t<div class=\"elementor-testimonial\">\n\t\t\t\t\t\t\t<div class=\"elementor-testimonial__content\">\n\t\t\t\t\t<div class=\"elementor-testimonial__text\">\n\t\t\t\t\t\t<a href=\"https:\/\/www.google.com\/maps\/place\/Lungotevere+delle+Armi,+44,+00195+Roma+RM\/@41.9057754,12.471165,13.71z\/data=!4m5!3m4!1s0x132f60f0fd6a3569:0x530a17583fd1e4da!8m2!3d41.9162501!4d12.4696596\"><img decoding=\"async\" src=\"https:\/\/www.bikethecity.it\/wp-content\/uploads\/2021\/02\/bike-and-the-city-tour-bicicletta-milano-roma-verona-133.jpg\" alt=\"rome bike tour\" align=\"center\"><\/a><br><H2><font color=\"#64c6c3\"><br>ROME<\/H2><\/font><img decoding=\"async\" src=\"\/wp-content\/uploads\/2019\/07\/bike-and-the-city-tour-bicicletta-milano-roma-verona-33.png\" alt=\"milan bike tour \"height=\"20\" width=\"20\" align=\"top\"> c\/o Ondina Generali<br>Lungotevere delle Armi, 44, 00195 Roma, Italy\t\t\t\t\t<\/div>\n\t\t\t\t\t\t\t\t\t<\/div>\n\t\t\t\t\t\t<div class=\"elementor-testimonial__footer\">\n\t\t\t\t\t\t\t\t\t\t\t<\/div>\n\t\t<\/div>\n\t\t\t\t\t\t\t\t<\/div>\n\t\t\t\t\t\t\t\t\t<\/div>\n\t\t\t\t\t\t\t\t\t\t\t\t\t\t\t<div class=\"elementor-swiper-button elementor-swiper-button-prev\" role=\"button\" tabindex=\"0\" aria-label=\"Precedente\">\n\t\t\t\t\t\t\t<i aria-hidden=\"true\" class=\"eicon-chevron-left\"><\/i>\t\t\t\t\t\t<\/div>\n\t\t\t\t\t\t<div class=\"elementor-swiper-button elementor-swiper-button-next\" role=\"button\" tabindex=\"0\" aria-label=\"Successivo\">\n\t\t\t\t\t\t\t<i aria-hidden=\"true\" class=\"eicon-chevron-right\"><\/i>\t\t\t\t\t\t<\/div>\n\t\t\t\t\t\t\t\t\t\t\t\t\t\t\t\t<div class=\"swiper-pagination\"><\/div>\n\t\t\t\t\t\t\t\t\t\t\t\t<\/div>\n\t\t\t\t<\/div>\n\t\t\t\t\t\t\t\t<\/div>\n\t\t\t\t<\/div>\n\t\t\t\t\t<\/div>\n\t\t<\/div>\n\t\t\t\t\t<\/div>\n\t\t<\/section>\n\t\t\t\t<\/div>\n\t\t","protected":false},"excerpt":{"rendered":"<p>AVERE SEMPRE UN AMICO IN CITT\u00c0 AVERE SEMPRE UN AMICO IN CITT\u00c0 Bike The City\u00ae \u00e8 una societ\u00e0 italiana di tour in bicicletta, nata nel 2011 a Milano e ora presente a Torino e Verona. L&#8217;obiettivo principale di Bike The City\u00ae \u00e8 offrire ai nostri esploratori l&#8217;opportunit\u00e0 di immergersi a 360\u00b0 nell&#8217;atmosfera pi\u00f9 autentica di &#8230; <a title=\"Chi siamo\" class=\"read-more\" href=\"https:\/\/www.bikethecity.it\/it\/chi-siamo-2\/\" aria-label=\"Per saperne di pi\u00f9 su Chi siamo\">Leggi tutto<\/a><\/p>\n","protected":false},"author":2,"featured_media":0,"parent":0,"menu_order":0,"comment_status":"closed","ping_status":"closed","template":"elementor_header_footer","meta":{"_joinchat":[],"footnotes":""},"class_list":["post-4970","page","type-page","status-publish"],"yoast_head":"<!-- This site is optimized with the Yoast SEO plugin v25.6 - https:\/\/yoast.com\/wordpress\/plugins\/seo\/ -->\n<title>Chi siamo - Bikethecity\u00ae<\/title>\n<meta name=\"description\" content=\"Bike The City\u00ae \u00e8 offrire ai nostri esploratori l&#039;opportunit\u00e0 di immergersi a 360\u00b0 nell&#039;atmosfera pi\u00f9 autentica di una citt\u00e0 grazie a un tour in bicicletta appassionante, divertente e istruttivo.\" \/>\n<meta name=\"robots\" content=\"index, follow, max-snippet:-1, max-image-preview:large, max-video-preview:-1\" \/>\n<link rel=\"canonical\" href=\"https:\/\/www.bikethecity.it\/about-us\/\" \/>\n<meta property=\"og:locale\" content=\"it_IT\" \/>\n<meta property=\"og:type\" content=\"article\" \/>\n<meta property=\"og:title\" content=\"Chi siamo - Bikethecity\u00ae\" \/>\n<meta property=\"og:description\" content=\"Bike The City\u00ae \u00e8 offrire ai nostri esploratori l&#039;opportunit\u00e0 di immergersi a 360\u00b0 nell&#039;atmosfera pi\u00f9 autentica di una citt\u00e0 grazie a un tour in bicicletta appassionante, divertente e istruttivo.\" \/>\n<meta property=\"og:url\" content=\"https:\/\/www.bikethecity.it\/about-us\/\" \/>\n<meta property=\"og:site_name\" content=\"Bikethecity\u00ae\" \/>\n<meta property=\"article:publisher\" content=\"https:\/\/www.facebook.com\/bikethecityitaly\" \/>\n<meta property=\"article:modified_time\" content=\"2025-02-10T11:03:47+00:00\" \/>\n<meta property=\"og:image\" content=\"https:\/\/www.bikethecity.it\/wp-content\/uploads\/2023\/02\/bike-and-the-city-tour-bicicletta-milano-roma-verona-176.jpg\" \/>\n\t<meta property=\"og:image:width\" content=\"1900\" \/>\n\t<meta property=\"og:image:height\" content=\"1070\" \/>\n\t<meta property=\"og:image:type\" content=\"image\/jpeg\" \/>\n<meta name=\"twitter:label1\" content=\"Tempo di lettura stimato\" \/>\n\t<meta name=\"twitter:data1\" content=\"18 minuti\" \/>\n<script type=\"application\/ld+json\" class=\"yoast-schema-graph\">{\"@context\":\"https:\/\/schema.org\",\"@graph\":[{\"@type\":\"WebPage\",\"@id\":\"https:\/\/www.bikethecity.it\/about-us\/\",\"url\":\"https:\/\/www.bikethecity.it\/about-us\/\",\"name\":\"Chi siamo - Bikethecity\u00ae\",\"isPartOf\":{\"@id\":\"https:\/\/www.bikethecity.it\/#website\"},\"primaryImageOfPage\":{\"@id\":\"https:\/\/www.bikethecity.it\/about-us\/#primaryimage\"},\"image\":{\"@id\":\"https:\/\/www.bikethecity.it\/about-us\/#primaryimage\"},\"thumbnailUrl\":\"https:\/\/www.bikethecity.it\/wp-content\/uploads\/2023\/02\/bike-and-the-city-tour-bicicletta-milano-roma-verona-176.jpg\",\"datePublished\":\"2020-05-26T14:15:24+00:00\",\"dateModified\":\"2025-02-10T11:03:47+00:00\",\"description\":\"Bike The City\u00ae \u00e8 offrire ai nostri esploratori l'opportunit\u00e0 di immergersi a 360\u00b0 nell'atmosfera pi\u00f9 autentica di una citt\u00e0 grazie a un tour in bicicletta appassionante, divertente e istruttivo.\",\"breadcrumb\":{\"@id\":\"https:\/\/www.bikethecity.it\/about-us\/#breadcrumb\"},\"inLanguage\":\"it-IT\",\"potentialAction\":[{\"@type\":\"ReadAction\",\"target\":[\"https:\/\/www.bikethecity.it\/about-us\/\"]}]},{\"@type\":\"ImageObject\",\"inLanguage\":\"it-IT\",\"@id\":\"https:\/\/www.bikethecity.it\/about-us\/#primaryimage\",\"url\":\"https:\/\/www.bikethecity.it\/wp-content\/uploads\/2023\/02\/bike-and-the-city-tour-bicicletta-milano-roma-verona-176.jpg\",\"contentUrl\":\"https:\/\/www.bikethecity.it\/wp-content\/uploads\/2023\/02\/bike-and-the-city-tour-bicicletta-milano-roma-verona-176.jpg\"},{\"@type\":\"BreadcrumbList\",\"@id\":\"https:\/\/www.bikethecity.it\/about-us\/#breadcrumb\",\"itemListElement\":[{\"@type\":\"ListItem\",\"position\":1,\"name\":\"Home\",\"item\":\"https:\/\/www.bikethecity.it\/\"},{\"@type\":\"ListItem\",\"position\":2,\"name\":\"Chi siamo\"}]},{\"@type\":\"WebSite\",\"@id\":\"https:\/\/www.bikethecity.it\/#website\",\"url\":\"https:\/\/www.bikethecity.it\/\",\"name\":\"Bikethecity\u00ae\",\"description\":\"Bike Tours in Italy\",\"publisher\":{\"@id\":\"https:\/\/www.bikethecity.it\/#organization\"},\"potentialAction\":[{\"@type\":\"SearchAction\",\"target\":{\"@type\":\"EntryPoint\",\"urlTemplate\":\"https:\/\/www.bikethecity.it\/?s={search_term_string}\"},\"query-input\":{\"@type\":\"PropertyValueSpecification\",\"valueRequired\":true,\"valueName\":\"search_term_string\"}}],\"inLanguage\":\"it-IT\"},{\"@type\":\"Organization\",\"@id\":\"https:\/\/www.bikethecity.it\/#organization\",\"name\":\"Bikethecity\u00ae - Bike Tours in Italy\",\"url\":\"https:\/\/www.bikethecity.it\/\",\"logo\":{\"@type\":\"ImageObject\",\"inLanguage\":\"it-IT\",\"@id\":\"https:\/\/www.bikethecity.it\/#\/schema\/logo\/image\/\",\"url\":\"https:\/\/www.bikethecity.it\/wp-content\/uploads\/2020\/03\/logo-bike-the-city-tour-milan-verona-turin-1.png\",\"contentUrl\":\"https:\/\/www.bikethecity.it\/wp-content\/uploads\/2020\/03\/logo-bike-the-city-tour-milan-verona-turin-1.png\",\"width\":180,\"height\":180,\"caption\":\"Bikethecity\u00ae - Bike Tours in Italy\"},\"image\":{\"@id\":\"https:\/\/www.bikethecity.it\/#\/schema\/logo\/image\/\"},\"sameAs\":[\"https:\/\/www.facebook.com\/bikethecityitaly\",\"https:\/\/www.instagram.com\/bikethecityitaly\/\",\"https:\/\/www.youtube.com\/channel\/UCTklSreajw594fqWta5yrkg\/featured\"]}]}<\/script>\n<!-- \/ Yoast SEO plugin. -->","yoast_head_json":{"title":"Chi siamo - Bikethecity\u00ae","description":"Bike The City\u00ae \u00e8 offrire ai nostri esploratori l'opportunit\u00e0 di immergersi a 360\u00b0 nell'atmosfera pi\u00f9 autentica di una citt\u00e0 grazie a un tour in bicicletta appassionante, divertente e istruttivo.","robots":{"index":"index","follow":"follow","max-snippet":"max-snippet:-1","max-image-preview":"max-image-preview:large","max-video-preview":"max-video-preview:-1"},"canonical":"https:\/\/www.bikethecity.it\/about-us\/","og_locale":"it_IT","og_type":"article","og_title":"Chi siamo - Bikethecity\u00ae","og_description":"Bike The City\u00ae \u00e8 offrire ai nostri esploratori l'opportunit\u00e0 di immergersi a 360\u00b0 nell'atmosfera pi\u00f9 autentica di una citt\u00e0 grazie a un tour in bicicletta appassionante, divertente e istruttivo.","og_url":"https:\/\/www.bikethecity.it\/about-us\/","og_site_name":"Bikethecity\u00ae","article_publisher":"https:\/\/www.facebook.com\/bikethecityitaly","article_modified_time":"2025-02-10T11:03:47+00:00","og_image":[{"width":1900,"height":1070,"url":"https:\/\/www.bikethecity.it\/wp-content\/uploads\/2023\/02\/bike-and-the-city-tour-bicicletta-milano-roma-verona-176.jpg","type":"image\/jpeg"}],"twitter_misc":{"Tempo di lettura stimato":"18 minuti"},"schema":{"@context":"https:\/\/schema.org","@graph":[{"@type":"WebPage","@id":"https:\/\/www.bikethecity.it\/about-us\/","url":"https:\/\/www.bikethecity.it\/about-us\/","name":"Chi siamo - Bikethecity\u00ae","isPartOf":{"@id":"https:\/\/www.bikethecity.it\/#website"},"primaryImageOfPage":{"@id":"https:\/\/www.bikethecity.it\/about-us\/#primaryimage"},"image":{"@id":"https:\/\/www.bikethecity.it\/about-us\/#primaryimage"},"thumbnailUrl":"https:\/\/www.bikethecity.it\/wp-content\/uploads\/2023\/02\/bike-and-the-city-tour-bicicletta-milano-roma-verona-176.jpg","datePublished":"2020-05-26T14:15:24+00:00","dateModified":"2025-02-10T11:03:47+00:00","description":"Bike The City\u00ae \u00e8 offrire ai nostri esploratori l'opportunit\u00e0 di immergersi a 360\u00b0 nell'atmosfera pi\u00f9 autentica di una citt\u00e0 grazie a un tour in bicicletta appassionante, divertente e istruttivo.","breadcrumb":{"@id":"https:\/\/www.bikethecity.it\/about-us\/#breadcrumb"},"inLanguage":"it-IT","potentialAction":[{"@type":"ReadAction","target":["https:\/\/www.bikethecity.it\/about-us\/"]}]},{"@type":"ImageObject","inLanguage":"it-IT","@id":"https:\/\/www.bikethecity.it\/about-us\/#primaryimage","url":"https:\/\/www.bikethecity.it\/wp-content\/uploads\/2023\/02\/bike-and-the-city-tour-bicicletta-milano-roma-verona-176.jpg","contentUrl":"https:\/\/www.bikethecity.it\/wp-content\/uploads\/2023\/02\/bike-and-the-city-tour-bicicletta-milano-roma-verona-176.jpg"},{"@type":"BreadcrumbList","@id":"https:\/\/www.bikethecity.it\/about-us\/#breadcrumb","itemListElement":[{"@type":"ListItem","position":1,"name":"Home","item":"https:\/\/www.bikethecity.it\/"},{"@type":"ListItem","position":2,"name":"Chi siamo"}]},{"@type":"WebSite","@id":"https:\/\/www.bikethecity.it\/#website","url":"https:\/\/www.bikethecity.it\/","name":"Bikethecity\u00ae","description":"Bike Tours in Italy","publisher":{"@id":"https:\/\/www.bikethecity.it\/#organization"},"potentialAction":[{"@type":"SearchAction","target":{"@type":"EntryPoint","urlTemplate":"https:\/\/www.bikethecity.it\/?s={search_term_string}"},"query-input":{"@type":"PropertyValueSpecification","valueRequired":true,"valueName":"search_term_string"}}],"inLanguage":"it-IT"},{"@type":"Organization","@id":"https:\/\/www.bikethecity.it\/#organization","name":"Bikethecity\u00ae - Bike Tours in Italy","url":"https:\/\/www.bikethecity.it\/","logo":{"@type":"ImageObject","inLanguage":"it-IT","@id":"https:\/\/www.bikethecity.it\/#\/schema\/logo\/image\/","url":"https:\/\/www.bikethecity.it\/wp-content\/uploads\/2020\/03\/logo-bike-the-city-tour-milan-verona-turin-1.png","contentUrl":"https:\/\/www.bikethecity.it\/wp-content\/uploads\/2020\/03\/logo-bike-the-city-tour-milan-verona-turin-1.png","width":180,"height":180,"caption":"Bikethecity\u00ae - Bike Tours in Italy"},"image":{"@id":"https:\/\/www.bikethecity.it\/#\/schema\/logo\/image\/"},"sameAs":["https:\/\/www.facebook.com\/bikethecityitaly","https:\/\/www.instagram.com\/bikethecityitaly\/","https:\/\/www.youtube.com\/channel\/UCTklSreajw594fqWta5yrkg\/featured"]}]}},"_links":{"self":[{"href":"https:\/\/www.bikethecity.it\/it\/wp-json\/wp\/v2\/pages\/4970","targetHints":{"allow":["GET"]}}],"collection":[{"href":"https:\/\/www.bikethecity.it\/it\/wp-json\/wp\/v2\/pages"}],"about":[{"href":"https:\/\/www.bikethecity.it\/it\/wp-json\/wp\/v2\/types\/page"}],"author":[{"embeddable":true,"href":"https:\/\/www.bikethecity.it\/it\/wp-json\/wp\/v2\/users\/2"}],"replies":[{"embeddable":true,"href":"https:\/\/www.bikethecity.it\/it\/wp-json\/wp\/v2\/comments?post=4970"}],"version-history":[{"count":42,"href":"https:\/\/www.bikethecity.it\/it\/wp-json\/wp\/v2\/pages\/4970\/revisions"}],"predecessor-version":[{"id":8180,"href":"https:\/\/www.bikethecity.it\/it\/wp-json\/wp\/v2\/pages\/4970\/revisions\/8180"}],"wp:attachment":[{"href":"https:\/\/www.bikethecity.it\/it\/wp-json\/wp\/v2\/media?parent=4970"}],"curies":[{"name":"wp","href":"https:\/\/api.w.org\/{rel}","templated":true}]}}