{"id":5060,"date":"2020-05-28T15:41:27","date_gmt":"2020-05-28T13:41:27","guid":{"rendered":"https:\/\/www.bikethecity.it\/tour-in-bici-di-verona\/"},"modified":"2025-02-05T14:32:26","modified_gmt":"2025-02-05T12:32:26","slug":"tour-in-bici-di-verona","status":"publish","type":"page","link":"https:\/\/www.bikethecity.it\/it\/tour-in-bici-di-verona\/","title":{"rendered":"Tour in bici di Verona"},"content":{"rendered":"\t\t<div data-elementor-type=\"wp-post\" data-elementor-id=\"5060\" class=\"elementor elementor-5060 elementor-2924\" data-elementor-post-type=\"page\">\n\t\t\t\t\t\t<section class=\"elementor-section elementor-top-section elementor-element elementor-element-b737319 elementor-section-full_width elementor-hidden-tablet elementor-hidden-phone elementor-section-height-default elementor-section-height-default\" data-id=\"b737319\" data-element_type=\"section\">\n\t\t\t\t\t\t<div class=\"elementor-container elementor-column-gap-default\">\n\t\t\t\t\t<div class=\"elementor-column elementor-col-100 elementor-top-column elementor-element elementor-element-e6114d7\" data-id=\"e6114d7\" data-element_type=\"column\" data-settings=\"{&quot;background_background&quot;:&quot;classic&quot;}\">\n\t\t\t<div class=\"elementor-widget-wrap elementor-element-populated\">\n\t\t\t\t\t\t<div class=\"elementor-element elementor-element-37259e9 elementor-widget elementor-widget-spacer\" data-id=\"37259e9\" data-element_type=\"widget\" data-widget_type=\"spacer.default\">\n\t\t\t\t<div class=\"elementor-widget-container\">\n\t\t\t\t\t\t\t<div class=\"elementor-spacer\">\n\t\t\t<div class=\"elementor-spacer-inner\"><\/div>\n\t\t<\/div>\n\t\t\t\t\t\t<\/div>\n\t\t\t\t<\/div>\n\t\t\t\t<div class=\"elementor-element elementor-element-7714714 elementor-widget elementor-widget-heading\" data-id=\"7714714\" data-element_type=\"widget\" data-widget_type=\"heading.default\">\n\t\t\t\t<div class=\"elementor-widget-container\">\n\t\t\t\t\t<h1 class=\"elementor-heading-title elementor-size-default\">TOUR IN BICI DI VERONA<\/h1>\t\t\t\t<\/div>\n\t\t\t\t<\/div>\n\t\t\t\t<div class=\"elementor-element elementor-element-0a9e190 elementor-widget elementor-widget-spacer\" data-id=\"0a9e190\" data-element_type=\"widget\" data-widget_type=\"spacer.default\">\n\t\t\t\t<div class=\"elementor-widget-container\">\n\t\t\t\t\t\t\t<div class=\"elementor-spacer\">\n\t\t\t<div class=\"elementor-spacer-inner\"><\/div>\n\t\t<\/div>\n\t\t\t\t\t\t<\/div>\n\t\t\t\t<\/div>\n\t\t\t\t<section class=\"elementor-section elementor-inner-section elementor-element elementor-element-8e1da47 elementor-section-boxed elementor-section-height-default elementor-section-height-default\" data-id=\"8e1da47\" data-element_type=\"section\">\n\t\t\t\t\t\t<div class=\"elementor-container elementor-column-gap-default\">\n\t\t\t\t\t<div class=\"elementor-column elementor-col-100 elementor-inner-column elementor-element elementor-element-4e240bf\" data-id=\"4e240bf\" data-element_type=\"column\">\n\t\t\t<div class=\"elementor-widget-wrap elementor-element-populated\">\n\t\t\t\t\t\t<div class=\"elementor-element elementor-element-a4de726 elementor-widget elementor-widget-image\" data-id=\"a4de726\" data-element_type=\"widget\" data-widget_type=\"image.default\">\n\t\t\t\t<div class=\"elementor-widget-container\">\n\t\t\t\t\t\t\t\t\t\t\t\t\t\t\t<img decoding=\"async\" width=\"150\" height=\"150\" src=\"https:\/\/www.bikethecity.it\/wp-content\/uploads\/2019\/08\/bike-and-the-city-tour-bicicletta-milano-roma-verona-52.png\" class=\"attachment-thumbnail size-thumbnail wp-image-5077\" alt=\"\" \/>\t\t\t\t\t\t\t\t\t\t\t\t\t\t\t<\/div>\n\t\t\t\t<\/div>\n\t\t\t\t\t<\/div>\n\t\t<\/div>\n\t\t\t\t\t<\/div>\n\t\t<\/section>\n\t\t\t\t<div class=\"elementor-element elementor-element-3287a9a elementor-widget elementor-widget-spacer\" data-id=\"3287a9a\" data-element_type=\"widget\" data-widget_type=\"spacer.default\">\n\t\t\t\t<div class=\"elementor-widget-container\">\n\t\t\t\t\t\t\t<div class=\"elementor-spacer\">\n\t\t\t<div class=\"elementor-spacer-inner\"><\/div>\n\t\t<\/div>\n\t\t\t\t\t\t<\/div>\n\t\t\t\t<\/div>\n\t\t\t\t\t<\/div>\n\t\t<\/div>\n\t\t\t\t\t<\/div>\n\t\t<\/section>\n\t\t\t\t<section class=\"elementor-section elementor-top-section elementor-element elementor-element-cc932d9 elementor-section-full_width elementor-hidden-desktop elementor-section-height-default elementor-section-height-default\" data-id=\"cc932d9\" data-element_type=\"section\">\n\t\t\t\t\t\t<div class=\"elementor-container elementor-column-gap-default\">\n\t\t\t\t\t<div class=\"elementor-column elementor-col-100 elementor-top-column elementor-element elementor-element-89124f9\" data-id=\"89124f9\" data-element_type=\"column\" data-settings=\"{&quot;background_background&quot;:&quot;classic&quot;}\">\n\t\t\t<div class=\"elementor-widget-wrap elementor-element-populated\">\n\t\t\t\t\t\t<div class=\"elementor-element elementor-element-0241fc5 elementor-widget elementor-widget-heading\" data-id=\"0241fc5\" data-element_type=\"widget\" data-widget_type=\"heading.default\">\n\t\t\t\t<div class=\"elementor-widget-container\">\n\t\t\t\t\t<h2 class=\"elementor-heading-title elementor-size-default\">TOUR IN BICI DI VERONA<\/h2>\t\t\t\t<\/div>\n\t\t\t\t<\/div>\n\t\t\t\t\t<\/div>\n\t\t<\/div>\n\t\t\t\t\t<\/div>\n\t\t<\/section>\n\t\t\t\t<section class=\"elementor-section elementor-top-section elementor-element elementor-element-cc42c11 elementor-section-full_width elementor-hidden-desktop elementor-section-height-default elementor-section-height-default\" data-id=\"cc42c11\" data-element_type=\"section\">\n\t\t\t\t\t\t<div class=\"elementor-container elementor-column-gap-default\">\n\t\t\t\t\t<div class=\"elementor-column elementor-col-100 elementor-top-column elementor-element elementor-element-da58282\" data-id=\"da58282\" data-element_type=\"column\">\n\t\t\t<div class=\"elementor-widget-wrap elementor-element-populated\">\n\t\t\t\t\t\t<div class=\"elementor-element elementor-element-bd31baa elementor-widget elementor-widget-image\" data-id=\"bd31baa\" data-element_type=\"widget\" data-widget_type=\"image.default\">\n\t\t\t\t<div class=\"elementor-widget-container\">\n\t\t\t\t\t\t\t\t\t\t\t\t\t\t\t<img fetchpriority=\"high\" decoding=\"async\" width=\"1900\" height=\"1070\" src=\"https:\/\/www.bikethecity.it\/wp-content\/uploads\/2023\/02\/verona-bike-tour-private-bike-and-the-city-1.jpg\" class=\"attachment-full size-full wp-image-7641\" alt=\"verona-bike-tour-private-bike-and-the-city-1\" srcset=\"https:\/\/www.bikethecity.it\/wp-content\/uploads\/2023\/02\/verona-bike-tour-private-bike-and-the-city-1.jpg 1900w, https:\/\/www.bikethecity.it\/wp-content\/uploads\/2023\/02\/verona-bike-tour-private-bike-and-the-city-1-300x169.jpg 300w, https:\/\/www.bikethecity.it\/wp-content\/uploads\/2023\/02\/verona-bike-tour-private-bike-and-the-city-1-1024x577.jpg 1024w, https:\/\/www.bikethecity.it\/wp-content\/uploads\/2023\/02\/verona-bike-tour-private-bike-and-the-city-1-768x433.jpg 768w, https:\/\/www.bikethecity.it\/wp-content\/uploads\/2023\/02\/verona-bike-tour-private-bike-and-the-city-1-1536x865.jpg 1536w\" sizes=\"(max-width: 1900px) 100vw, 1900px\" \/>\t\t\t\t\t\t\t\t\t\t\t\t\t\t\t<\/div>\n\t\t\t\t<\/div>\n\t\t\t\t\t<\/div>\n\t\t<\/div>\n\t\t\t\t\t<\/div>\n\t\t<\/section>\n\t\t\t\t<section class=\"elementor-section elementor-top-section elementor-element elementor-element-3dced03 elementor-hidden-tablet elementor-hidden-phone elementor-section-boxed elementor-section-height-default elementor-section-height-default\" data-id=\"3dced03\" data-element_type=\"section\">\n\t\t\t\t\t\t<div class=\"elementor-container elementor-column-gap-default\">\n\t\t\t\t\t<div class=\"elementor-column elementor-col-100 elementor-top-column elementor-element elementor-element-366dd84\" data-id=\"366dd84\" data-element_type=\"column\">\n\t\t\t<div class=\"elementor-widget-wrap elementor-element-populated\">\n\t\t\t\t\t\t<div class=\"elementor-element elementor-element-d8bda06 elementor-widget elementor-widget-spacer\" data-id=\"d8bda06\" data-element_type=\"widget\" data-widget_type=\"spacer.default\">\n\t\t\t\t<div class=\"elementor-widget-container\">\n\t\t\t\t\t\t\t<div class=\"elementor-spacer\">\n\t\t\t<div class=\"elementor-spacer-inner\"><\/div>\n\t\t<\/div>\n\t\t\t\t\t\t<\/div>\n\t\t\t\t<\/div>\n\t\t\t\t\t<\/div>\n\t\t<\/div>\n\t\t\t\t\t<\/div>\n\t\t<\/section>\n\t\t\t\t<section class=\"elementor-section elementor-top-section elementor-element elementor-element-ad6fc2b elementor-section-boxed elementor-section-height-default elementor-section-height-default\" data-id=\"ad6fc2b\" data-element_type=\"section\">\n\t\t\t\t\t\t<div class=\"elementor-container elementor-column-gap-default\">\n\t\t\t\t\t<div class=\"elementor-column elementor-col-100 elementor-top-column elementor-element elementor-element-8f45e9a\" data-id=\"8f45e9a\" data-element_type=\"column\">\n\t\t\t<div class=\"elementor-widget-wrap elementor-element-populated\">\n\t\t\t\t\t\t<div class=\"elementor-element elementor-element-8b50d1f elementor-widget elementor-widget-text-editor\" data-id=\"8b50d1f\" data-element_type=\"widget\" data-widget_type=\"text-editor.default\">\n\t\t\t\t<div class=\"elementor-widget-container\">\n\t\t\t\t\t\t\t\t\t<p><span lang=\"EN-US\">Verona\u00e8 sempre stata nei nostri piani. Per guardare alle origine dei <strong>tour in bici di Verona <\/strong>bisogna volare nella romantica Parigi, che abbiamo esplorato in bicicletta in un giorno di Settembre, sotto una pioggia scrosciante, amandone ogni strada e ogni angolo! Detto questo, quale citt\u00e0 ti viene in mente pensando alla quintessenza della <strong>passione e all&#8217;amore romantico<\/strong>?<\/span><\/p><p><span lang=\"EN-US\">Non fraintenderci, per noi Verona \u00e8 molto pi\u00f9 di <strong>\u201cRomeo e Giulietta\u201d<\/strong>: la loro passione riecheggia ancora nel romantico inizio della nostra azienda ma abbiamo scelto Verona anche per la sua rara bellezza e per il suo stile di vita.<\/span><\/p><p><span lang=\"EN-US\">Vicina al <strong>Lago di Garda<\/strong>, con il suo meraviglioso paesaggio circondato da colline e attraversato dal <strong>fiume Adige<\/strong>, Verona \u00e8 un <strong>sito patrimonio mondiale dell&#8217;UNESCO<\/strong> e la <strong>quarta citt\u00e0 pi\u00f9 visitata d&#8217;Italia<\/strong> grazie soprattutto alla sua imponente <strong>Arena<\/strong>, famosissimo anfiteatro di epoca romana, e alla sua associazione con il famoso capolavoro di <strong>Shakespeare<\/strong>.<\/span><\/p><p><span lang=\"EN-US\">Quello che era un <strong>centro commerciale e politico strategico durante il periodo romano<\/strong> \u00e8 ora una bella citt\u00e0 con antiche architetture perfettamente conservate, strade strette, piazze piene di vita come <strong>Piazza delle Erbe<\/strong>, edifici eleganti, facciate barocche, splendidi monumenti storici e magnifiche chiese come la <strong>Basilica di San Zeno Maggiore.<\/strong><\/span><\/p><p><span lang=\"EN-US\">Oltre alle bellezze artistiche e architettoniche della citt\u00e0, ci\u00f2 che render\u00e0 la visita ancora pi\u00f9 memorabile sar\u00e0 la grande variet\u00e0 di ristoranti gourmet, gelaterie e favolosi luoghi per lo shopping che incontreremo lungo la strada.<\/span><\/p>\t\t\t\t\t\t\t\t<\/div>\n\t\t\t\t<\/div>\n\t\t\t\t\t<\/div>\n\t\t<\/div>\n\t\t\t\t\t<\/div>\n\t\t<\/section>\n\t\t\t\t<section class=\"elementor-section elementor-top-section elementor-element elementor-element-b843c4c elementor-section-boxed elementor-section-height-default elementor-section-height-default\" data-id=\"b843c4c\" data-element_type=\"section\">\n\t\t\t\t\t\t<div class=\"elementor-container elementor-column-gap-default\">\n\t\t\t\t\t<div class=\"elementor-column elementor-col-33 elementor-top-column elementor-element elementor-element-f785198\" data-id=\"f785198\" data-element_type=\"column\">\n\t\t\t<div class=\"elementor-widget-wrap elementor-element-populated\">\n\t\t\t\t\t\t<div class=\"elementor-element elementor-element-98afcc9 elementor-widget elementor-widget-text-editor\" data-id=\"98afcc9\" data-element_type=\"widget\" data-widget_type=\"text-editor.default\">\n\t\t\t\t<div class=\"elementor-widget-container\">\n\t\t\t\t\t\t\t\t\t<ul>\n<li style=\"text-align: left;\"><span style=\"color: #7a7a7a;\">Giro panoramico della citt\u00e0<br \/><\/span><\/li>\n<li style=\"text-align: left;\"><span style=\"color: #7a7a7a;\">Gruppi poco numerosi<br \/><\/span><\/li>\n<li><span style=\"color: #7a7a7c;\">Guida esperta<\/span><\/li>\n<li><span style=\"color: #7a7a7c;\">Ritmo piacevole<\/span><\/li>\n<\/ul>\n\t\t\t\t\t\t\t\t<\/div>\n\t\t\t\t<\/div>\n\t\t\t\t\t<\/div>\n\t\t<\/div>\n\t\t\t\t<div class=\"elementor-column elementor-col-33 elementor-top-column elementor-element elementor-element-b2ef207\" data-id=\"b2ef207\" data-element_type=\"column\">\n\t\t\t<div class=\"elementor-widget-wrap elementor-element-populated\">\n\t\t\t\t\t\t<div class=\"elementor-element elementor-element-9aa98b9 elementor-widget elementor-widget-text-editor\" data-id=\"9aa98b9\" data-element_type=\"widget\" data-widget_type=\"text-editor.default\">\n\t\t\t\t<div class=\"elementor-widget-container\">\n\t\t\t\t\t\t\t\t\t<ul>\n<li><span style=\"color: #7a7a7c;\">Bicicletta comoda<\/span><\/li>\n<li><span style=\"color: #7a7a7c;\">Prezzo speciale per i ragazzi sotto i 16 anni<\/span><\/li>\n<li><span style=\"color: #7a7a7c;\">Casco e impermeabile<\/span><\/li>\n<li><span style=\"color: #7a7a7c;\">Tour a piedi in caso di forti piogge<\/span><\/li>\n<\/ul>\n\t\t\t\t\t\t\t\t<\/div>\n\t\t\t\t<\/div>\n\t\t\t\t\t<\/div>\n\t\t<\/div>\n\t\t\t\t<div class=\"elementor-column elementor-col-33 elementor-top-column elementor-element elementor-element-d992992\" data-id=\"d992992\" data-element_type=\"column\">\n\t\t\t<div class=\"elementor-widget-wrap elementor-element-populated\">\n\t\t\t\t\t\t<div class=\"elementor-element elementor-element-c71b431 elementor-widget elementor-widget-text-editor\" data-id=\"c71b431\" data-element_type=\"widget\" data-widget_type=\"text-editor.default\">\n\t\t\t\t<div class=\"elementor-widget-container\">\n\t\t\t\t\t\t\t\t\t<ul>\n<li><span style=\"color: #7a7a7c;\">Prenotazione online <\/span><\/li>\n<li><span style=\"color: #7a7a7c;\">Conferma immediata<\/span><\/li>\n<li><span style=\"color: #7a7a7c;\">Possibilit\u00e0 di cancellare la prenotazione in 24 ore<\/span><\/li>\n<li><span style=\"color: #7a7a7c;\">Assicurazione responsabilit\u00e0 civile verso terzi<\/span><\/li>\n<\/ul>\n\t\t\t\t\t\t\t\t<\/div>\n\t\t\t\t<\/div>\n\t\t\t\t\t<\/div>\n\t\t<\/div>\n\t\t\t\t\t<\/div>\n\t\t<\/section>\n\t\t\t\t<section class=\"elementor-section elementor-top-section elementor-element elementor-element-915da32 elementor-hidden-tablet elementor-hidden-phone elementor-section-boxed elementor-section-height-default elementor-section-height-default\" data-id=\"915da32\" data-element_type=\"section\">\n\t\t\t\t\t\t<div class=\"elementor-container elementor-column-gap-default\">\n\t\t\t\t\t<div class=\"elementor-column elementor-col-100 elementor-top-column elementor-element elementor-element-2dc002e\" data-id=\"2dc002e\" data-element_type=\"column\">\n\t\t\t<div class=\"elementor-widget-wrap elementor-element-populated\">\n\t\t\t\t\t\t<div class=\"elementor-element elementor-element-453932d elementor-widget elementor-widget-spacer\" data-id=\"453932d\" data-element_type=\"widget\" data-widget_type=\"spacer.default\">\n\t\t\t\t<div class=\"elementor-widget-container\">\n\t\t\t\t\t\t\t<div class=\"elementor-spacer\">\n\t\t\t<div class=\"elementor-spacer-inner\"><\/div>\n\t\t<\/div>\n\t\t\t\t\t\t<\/div>\n\t\t\t\t<\/div>\n\t\t\t\t\t<\/div>\n\t\t<\/div>\n\t\t\t\t\t<\/div>\n\t\t<\/section>\n\t\t\t\t<section class=\"elementor-section elementor-top-section elementor-element elementor-element-2e02751 elementor-hidden-tablet elementor-hidden-phone elementor-section-boxed elementor-section-height-default elementor-section-height-default\" data-id=\"2e02751\" data-element_type=\"section\">\n\t\t\t\t\t\t<div class=\"elementor-container elementor-column-gap-default\">\n\t\t\t\t\t<div class=\"elementor-column elementor-col-66 elementor-top-column elementor-element elementor-element-68330b4\" data-id=\"68330b4\" data-element_type=\"column\">\n\t\t\t<div class=\"elementor-widget-wrap elementor-element-populated\">\n\t\t\t\t\t\t<div class=\"elementor-element elementor-element-1305a0c elementor-widget elementor-widget-text-editor\" data-id=\"1305a0c\" data-element_type=\"widget\" data-widget_type=\"text-editor.default\">\n\t\t\t\t<div class=\"elementor-widget-container\">\n\t\t\t\t\t\t\t\t\t<h2><span style=\"color: #64c3c0;\">VERONA HIGHLIGHTS BIKE TOUR<br \/><\/span><span style=\"color: #64c3c0;\">In bicicletta alla scoperta di Verona<\/span><\/h2><p><span lang=\"EN-US\">Inizieremo il tour in bici dalla nostra sede vicino al Museo di Castelvecchio per dirigerci verso <strong>Piazza Bra<\/strong> dove non si pu\u00f2 sfuggire a un incontro ravvicinato con il colossale Anfiteatro in marmo dalle infinite tonalit\u00e0 di rosa<strong>,<\/strong> l&#8217;<strong>Arena di Verona <\/strong>di epoca romana, ora leggendario <strong>Teatro dell&#8217;Opera<\/strong> all&#8217;aperto della citt\u00e0. Nell&#8217;Arena di Verona gli appassionati di tutto il mondo si riuniscono per assistere a performance indimenticabili eseguite da artisti di fama mondiale, che si esibiscono alla luce di decine di migliaia di candele in un&#8217;atmosfera assolutamente magica.<\/span><\/p><p><span lang=\"EN-US\">Pedaleremo fino a <strong>Porta Borsari<\/strong>, l&#8217;antica porta romana che risale al I secolo d.C., e raggiungeremo la piazza del mercato, <strong>Piazza delle Erbe<\/strong>. Durante il periodo dell&#8217;Impero Romano in quest&#8217;area sorgeva il foro della citt\u00e0: oggi vi si trova invece un meraviglioso mercato all&#8217;aperto, circondato da edifici storici impreziositi da affreschi e sculture.<\/span><\/p><p><span lang=\"EN-US\">Dopo aver ammirato Piazza delle Erbe ci inoltreremo nel labirinto delle viuzze e onoreremo con una visita il tempio dell&#8217;amore di Verona: la <strong>Casa di Giulietta<\/strong> in Via Cappello n. 23. Troveremo un posto nel piccolo cortile affollato, dove dimora la famosa statua in bronzo di Giulietta, immagineremo di essere nascosti nell&#8217;oscurit\u00e0 e di vederla all&#8217;improvviso comparire al suo balcone per parlare al chiar di luna con Romeo.<\/span><\/p><p><span lang=\"EN-US\">Quando torneremo alle nostre bici avremo l&#8217;impressione di farci strada in una nuvola di cuori rosa svolazzanti ma non ci lasceremo distrarre e ci dirigeremo verso la centralissima <strong>Piazza dei Signori<\/strong> e <strong>Arche Scaligere<\/strong>, di cui ammireremo gli splendidi edifici e immergendoci nella vivace atmosfera della zona prima di pedalare verso il <strong>fiume Adige<\/strong>.<\/span><\/p><p><span lang=\"EN-US\">Da <strong>Piazzetta Bra&#8217; dei Molinari<\/strong> godremo di una vista spettacolare sul fiume e sulle colline della citt\u00e0 e, dopo esserci fermati di fronte al <strong>Duomo <\/strong>e aver attraversato l&#8217;antico ponte ad arco romano chiamato <strong>Ponte Pietra<\/strong>, ci prepareremo per l&#8217;emozione pi\u00f9 grande del tour: una vista mozzafiato sull&#8217;intera citt\u00e0 di Verona da <strong>Castel San Pietro<\/strong>. Ci arriveremo a piedi dalla incantevole scalinata panoramica e avremo anche l&#8217;occasione di vedere le rovine del Teatro Romano approfittando per riprendere fiato.<\/span><\/p><p><span lang=\"EN-US\">Attraverseremo il fiume pedalando sul <strong>Ponte Scaligero<\/strong>, un ponte fortificato costruito nel XIV secolo e purtroppo distrutto (insieme al Ponte Pietra) dalle truppe tedesche in ritirata il 24 aprile 1945. Negli anni del primo dopoguerra il ponte \u00e8 stato fedelmente ricostruito con materiali originali e ancora oggi mantiene intatto il suo fascino.<\/span><\/p><p><span lang=\"EN-US\">Termineremo il nostro <strong>tour in bici a Verona<\/strong> con la magnifica <strong>basilica romanica di San Zeno Maggiore<\/strong>, dove \u00e8 <strong>custodito uno splendido capolavoro del Mantegna, il Cristo Morto<\/strong>, davanti al quale si sono emozionate generazioni e generazioni di visitatori e di appassionati d&#8217;arte.<\/span><\/p><p><strong><span lang=\"EN-US\">Siamo certi che ogni angolo di Verona ti sapr\u00e0 conquistare.<\/span><\/strong><\/p>\t\t\t\t\t\t\t\t<\/div>\n\t\t\t\t<\/div>\n\t\t\t\t<section class=\"elementor-section elementor-inner-section elementor-element elementor-element-9ae242c elementor-section-full_width elementor-hidden-tablet elementor-hidden-phone elementor-section-height-default elementor-section-height-default\" data-id=\"9ae242c\" data-element_type=\"section\">\n\t\t\t\t\t\t<div class=\"elementor-container elementor-column-gap-default\">\n\t\t\t\t\t<div class=\"elementor-column elementor-col-50 elementor-inner-column elementor-element elementor-element-9e367c1\" data-id=\"9e367c1\" data-element_type=\"column\">\n\t\t\t<div class=\"elementor-widget-wrap elementor-element-populated\">\n\t\t\t\t\t\t<div class=\"elementor-element elementor-element-e8d9af6 elementor-widget elementor-widget-text-editor\" data-id=\"e8d9af6\" data-element_type=\"widget\" data-widget_type=\"text-editor.default\">\n\t\t\t\t<div class=\"elementor-widget-container\">\n\t\t\t\t\t\t\t\t\t<h2><span style=\"color: #64c3c0;\"><strong>Visita di 3 ore &#8211; \u20ac 39,00<\/strong><\/span><\/h2>\t\t\t\t\t\t\t\t<\/div>\n\t\t\t\t<\/div>\n\t\t\t\t\t<\/div>\n\t\t<\/div>\n\t\t\t\t<div class=\"elementor-column elementor-col-50 elementor-inner-column elementor-element elementor-element-5c3fac5\" data-id=\"5c3fac5\" data-element_type=\"column\">\n\t\t\t<div class=\"elementor-widget-wrap elementor-element-populated\">\n\t\t\t\t\t\t<div class=\"elementor-element elementor-element-275de1b elementor-widget elementor-widget-image\" data-id=\"275de1b\" data-element_type=\"widget\" data-widget_type=\"image.default\">\n\t\t\t\t<div class=\"elementor-widget-container\">\n\t\t\t\t\t\t\t\t\t\t\t\t\t\t\t\t<a href=\"https:\/\/fareharbor.com\/embeds\/book\/bikethecity-verona\/items\/517668\/?full-items=yes&#038;flow=1107381\" target=\"_blank\">\n\t\t\t\t\t\t\t<img decoding=\"async\" width=\"812\" height=\"114\" src=\"https:\/\/www.bikethecity.it\/wp-content\/uploads\/2019\/12\/See-Availability.png\" class=\"attachment-full size-full wp-image-4936\" alt=\"\" srcset=\"https:\/\/www.bikethecity.it\/wp-content\/uploads\/2019\/12\/See-Availability.png 812w, https:\/\/www.bikethecity.it\/wp-content\/uploads\/2019\/12\/See-Availability-300x42.png 300w, https:\/\/www.bikethecity.it\/wp-content\/uploads\/2019\/12\/See-Availability-768x108.png 768w\" sizes=\"(max-width: 812px) 100vw, 812px\" \/>\t\t\t\t\t\t\t\t<\/a>\n\t\t\t\t\t\t\t\t\t\t\t\t\t\t\t<\/div>\n\t\t\t\t<\/div>\n\t\t\t\t\t<\/div>\n\t\t<\/div>\n\t\t\t\t\t<\/div>\n\t\t<\/section>\n\t\t\t\t\t<\/div>\n\t\t<\/div>\n\t\t\t\t<div class=\"elementor-column elementor-col-33 elementor-top-column elementor-element elementor-element-6034fcb\" data-id=\"6034fcb\" data-element_type=\"column\">\n\t\t\t<div class=\"elementor-widget-wrap elementor-element-populated\">\n\t\t\t\t\t\t<div class=\"elementor-element elementor-element-6e23eda elementor-widget elementor-widget-image\" data-id=\"6e23eda\" data-element_type=\"widget\" data-widget_type=\"image.default\">\n\t\t\t\t<div class=\"elementor-widget-container\">\n\t\t\t\t\t\t\t\t\t\t\t\t\t\t\t<img loading=\"lazy\" decoding=\"async\" width=\"1300\" height=\"1300\" src=\"https:\/\/www.bikethecity.it\/wp-content\/uploads\/2019\/08\/bike-and-the-city-tour-bicicletta-milano-roma-verona-62.jpg\" class=\"attachment-full size-full wp-image-5063\" alt=\"\" srcset=\"https:\/\/www.bikethecity.it\/wp-content\/uploads\/2019\/08\/bike-and-the-city-tour-bicicletta-milano-roma-verona-62.jpg 1300w, https:\/\/www.bikethecity.it\/wp-content\/uploads\/2019\/08\/bike-and-the-city-tour-bicicletta-milano-roma-verona-62-150x150.jpg 150w, https:\/\/www.bikethecity.it\/wp-content\/uploads\/2019\/08\/bike-and-the-city-tour-bicicletta-milano-roma-verona-62-300x300.jpg 300w, https:\/\/www.bikethecity.it\/wp-content\/uploads\/2019\/08\/bike-and-the-city-tour-bicicletta-milano-roma-verona-62-768x768.jpg 768w, https:\/\/www.bikethecity.it\/wp-content\/uploads\/2019\/08\/bike-and-the-city-tour-bicicletta-milano-roma-verona-62-1024x1024.jpg 1024w\" sizes=\"(max-width: 1300px) 100vw, 1300px\" \/>\t\t\t\t\t\t\t\t\t\t\t\t\t\t\t<\/div>\n\t\t\t\t<\/div>\n\t\t\t\t\t<\/div>\n\t\t<\/div>\n\t\t\t\t\t<\/div>\n\t\t<\/section>\n\t\t\t\t<section class=\"elementor-section elementor-top-section elementor-element elementor-element-d6ab431 elementor-hidden-desktop elementor-section-boxed elementor-section-height-default elementor-section-height-default\" data-id=\"d6ab431\" data-element_type=\"section\">\n\t\t\t\t\t\t<div class=\"elementor-container elementor-column-gap-default\">\n\t\t\t\t\t<div class=\"elementor-column elementor-col-50 elementor-top-column elementor-element elementor-element-572372a\" data-id=\"572372a\" data-element_type=\"column\">\n\t\t\t<div class=\"elementor-widget-wrap elementor-element-populated\">\n\t\t\t\t\t\t<div class=\"elementor-element elementor-element-30a39a7 elementor-widget elementor-widget-image\" data-id=\"30a39a7\" data-element_type=\"widget\" data-widget_type=\"image.default\">\n\t\t\t\t<div class=\"elementor-widget-container\">\n\t\t\t\t\t\t\t\t\t\t\t\t\t\t\t<img loading=\"lazy\" decoding=\"async\" width=\"1300\" height=\"1300\" src=\"https:\/\/www.bikethecity.it\/wp-content\/uploads\/2019\/08\/bike-and-the-city-tour-bicicletta-milano-roma-verona-62.jpg\" class=\"attachment-full size-full wp-image-5063\" alt=\"\" srcset=\"https:\/\/www.bikethecity.it\/wp-content\/uploads\/2019\/08\/bike-and-the-city-tour-bicicletta-milano-roma-verona-62.jpg 1300w, https:\/\/www.bikethecity.it\/wp-content\/uploads\/2019\/08\/bike-and-the-city-tour-bicicletta-milano-roma-verona-62-150x150.jpg 150w, https:\/\/www.bikethecity.it\/wp-content\/uploads\/2019\/08\/bike-and-the-city-tour-bicicletta-milano-roma-verona-62-300x300.jpg 300w, https:\/\/www.bikethecity.it\/wp-content\/uploads\/2019\/08\/bike-and-the-city-tour-bicicletta-milano-roma-verona-62-768x768.jpg 768w, https:\/\/www.bikethecity.it\/wp-content\/uploads\/2019\/08\/bike-and-the-city-tour-bicicletta-milano-roma-verona-62-1024x1024.jpg 1024w\" sizes=\"(max-width: 1300px) 100vw, 1300px\" \/>\t\t\t\t\t\t\t\t\t\t\t\t\t\t\t<\/div>\n\t\t\t\t<\/div>\n\t\t\t\t\t<\/div>\n\t\t<\/div>\n\t\t\t\t<div class=\"elementor-column elementor-col-50 elementor-top-column elementor-element elementor-element-4634f6c\" data-id=\"4634f6c\" data-element_type=\"column\">\n\t\t\t<div class=\"elementor-widget-wrap elementor-element-populated\">\n\t\t\t\t\t\t<div class=\"elementor-element elementor-element-f6dacdb elementor-widget elementor-widget-text-editor\" data-id=\"f6dacdb\" data-element_type=\"widget\" data-widget_type=\"text-editor.default\">\n\t\t\t\t<div class=\"elementor-widget-container\">\n\t\t\t\t\t\t\t\t\t<h2><span style=\"color: #64c3c0;\">VERONA HIGHLIGHTS SMALL-GROUP BIKE TOUR<br \/><\/span><span style=\"color: #64c3c0;\">In bicicletta alla scoperta di Verona<\/span><\/h2><p><span lang=\"EN-US\">Inizieremo il tour in bici dalla nostra sede vicino al Museo di Castelvecchio per dirigerci verso <strong>Piazza Bra<\/strong> dove non si pu\u00f2 sfuggire a un incontro ravvicinato con il colossale Anfiteatro in marmo dalle infinite tonalit\u00e0 di rosa<strong>,<\/strong> l&#8217;<strong>Arena di Verona <\/strong>di epoca romana, ora leggendario <strong>Teatro dell&#8217;Opera<\/strong> all&#8217;aperto della citt\u00e0. Nell&#8217;Arena di Verona gli appassionati di tutto il mondo si riuniscono per assistere a performance indimenticabili eseguite da artisti di fama mondiale, che si esibiscono alla luce di decine di migliaia di candele in un&#8217;atmosfera assolutamente magica.<\/span><\/p><p><span lang=\"EN-US\">Pedaleremo fino a <strong>Porta Borsari<\/strong>, l&#8217;antica porta romana che risale al I secolo d.C., e raggiungeremo la piazza del mercato, <strong>Piazza delle Erbe<\/strong>. Durante il periodo dell&#8217;Impero Romano in quest&#8217;area sorgeva il foro della citt\u00e0: oggi vi si trova invece un meraviglioso mercato all&#8217;aperto, circondato da edifici storici impreziositi da affreschi e sculture.<\/span><\/p><p><span lang=\"EN-US\">Dopo aver ammirato Piazza delle Erbe ci inoltreremo nel labirinto delle viuzze e onoreremo con una visita il tempio dell&#8217;amore di Verona: la <strong>Casa di Giulietta<\/strong> in Via Cappello n. 23. Troveremo un posto nel piccolo cortile affollato, dove dimora la famosa statua in bronzo di Giulietta, immagineremo di essere nascosti nell&#8217;oscurit\u00e0 e di vederla all&#8217;improvviso comparire al suo balcone per parlare al chiar di luna con Romeo.<\/span><\/p><p><span lang=\"EN-US\">Quando torneremo alle nostre bici avremo l&#8217;impressione di farci strada in una nuvola di cuori rosa svolazzanti ma non ci lasceremo distrarre e ci dirigeremo verso la centralissima <strong>Piazza dei Signori<\/strong> e <strong>Arche Scaligere<\/strong>, di cui ammireremo gli splendidi edifici e immergendoci nella vivace atmosfera della zona prima di pedalare verso il <strong>fiume Adige<\/strong>.<\/span><\/p><p><span lang=\"EN-US\">Da <strong>Piazzetta Bra&#8217; dei Molinari<\/strong> godremo di una vista spettacolare sul fiume e sulle colline della citt\u00e0 e, dopo esserci fermati di fronte al <strong>Duomo <\/strong>e aver attraversato l&#8217;antico ponte ad arco romano chiamato <strong>Ponte Pietra<\/strong>, ci prepareremo per l&#8217;emozione pi\u00f9 grande del tour: una vista mozzafiato sull&#8217;intera citt\u00e0 di Verona da <strong>Castel San Pietro<\/strong>. Ci arriveremo a piedi dalla incantevole scalinata panoramica e avremo anche l&#8217;occasione di vedere le rovine del Teatro Romano approfittando per riprendere fiato.<\/span><\/p><p><span lang=\"EN-US\">Attraverseremo il fiume pedalando sul <strong>Ponte Scaligero<\/strong>, un ponte fortificato costruito nel XIV secolo e purtroppo distrutto (insieme al Ponte Pietra) dalle truppe tedesche in ritirata il 24 aprile 1945. Negli anni del primo dopoguerra il ponte \u00e8 stato fedelmente ricostruito con materiali originali e ancora oggi mantiene intatto il suo fascino.<\/span><\/p><p><span lang=\"EN-US\">Termineremo il nostro <strong>tour in bici a Verona<\/strong> con la magnifica <strong>basilica romanica di San Zeno Maggiore<\/strong>, dove \u00e8 <strong>custodito uno splendido capolavoro del Mantegna, il Cristo Morto<\/strong>, davanti al quale si sono emozionate generazioni e generazioni di visitatori e di appassionati d&#8217;arte.<\/span><\/p><p><strong><span lang=\"EN-US\">Siamo certi che ogni angolo di Verona ti sapr\u00e0 conquistare.<\/span><\/strong><\/p>\t\t\t\t\t\t\t\t<\/div>\n\t\t\t\t<\/div>\n\t\t\t\t\t<\/div>\n\t\t<\/div>\n\t\t\t\t\t<\/div>\n\t\t<\/section>\n\t\t\t\t<section class=\"elementor-section elementor-inner-section elementor-element elementor-element-672cb4c5 elementor-section-full_width elementor-hidden-desktop elementor-section-height-default elementor-section-height-default\" data-id=\"672cb4c5\" data-element_type=\"section\">\n\t\t\t\t\t\t<div class=\"elementor-container elementor-column-gap-default\">\n\t\t\t\t\t<div class=\"elementor-column elementor-col-33 elementor-inner-column elementor-element elementor-element-2f6b97f7\" data-id=\"2f6b97f7\" data-element_type=\"column\">\n\t\t\t<div class=\"elementor-widget-wrap elementor-element-populated\">\n\t\t\t\t\t\t<div class=\"elementor-element elementor-element-5e23bdc8 elementor-widget elementor-widget-text-editor\" data-id=\"5e23bdc8\" data-element_type=\"widget\" data-widget_type=\"text-editor.default\">\n\t\t\t\t<div class=\"elementor-widget-container\">\n\t\t\t\t\t\t\t\t\t<p><i class=\"far fa-clock\"><\/i><\/p>\n\t\t\t\t\t\t\t\t<\/div>\n\t\t\t\t<\/div>\n\t\t\t\t\t<\/div>\n\t\t<\/div>\n\t\t\t\t<div class=\"elementor-column elementor-col-33 elementor-inner-column elementor-element elementor-element-27a160a\" data-id=\"27a160a\" data-element_type=\"column\">\n\t\t\t<div class=\"elementor-widget-wrap elementor-element-populated\">\n\t\t\t\t\t\t<div class=\"elementor-element elementor-element-37eb36d6 elementor-widget elementor-widget-text-editor\" data-id=\"37eb36d6\" data-element_type=\"widget\" data-widget_type=\"text-editor.default\">\n\t\t\t\t<div class=\"elementor-widget-container\">\n\t\t\t\t\t\t\t\t\t<h2><span style=\"color: #64c6c3;\"><strong>Visita di 3 ore &#8211; \u20ac 45,00<br \/><\/strong><\/span><\/h2>\n<h2><span style=\"color: #64c6c3;\"><strong> <\/strong><\/span><\/h2>\n\t\t\t\t\t\t\t\t<\/div>\n\t\t\t\t<\/div>\n\t\t\t\t\t<\/div>\n\t\t<\/div>\n\t\t\t\t<div class=\"elementor-column elementor-col-33 elementor-inner-column elementor-element elementor-element-6b454317\" data-id=\"6b454317\" data-element_type=\"column\">\n\t\t\t<div class=\"elementor-widget-wrap elementor-element-populated\">\n\t\t\t\t\t\t<div class=\"elementor-element elementor-element-4c550a7e elementor-widget elementor-widget-image\" data-id=\"4c550a7e\" data-element_type=\"widget\" data-widget_type=\"image.default\">\n\t\t\t\t<div class=\"elementor-widget-container\">\n\t\t\t\t\t\t\t\t\t\t\t\t\t\t\t\t<a href=\"https:\/\/www.bikethecity.it\/it\/prenota-ora\" target=\"_blank\">\n\t\t\t\t\t\t\t<img decoding=\"async\" width=\"812\" height=\"114\" src=\"https:\/\/www.bikethecity.it\/wp-content\/uploads\/2019\/12\/See-Availability.png\" class=\"attachment-full size-full wp-image-4936\" alt=\"\" srcset=\"https:\/\/www.bikethecity.it\/wp-content\/uploads\/2019\/12\/See-Availability.png 812w, https:\/\/www.bikethecity.it\/wp-content\/uploads\/2019\/12\/See-Availability-300x42.png 300w, https:\/\/www.bikethecity.it\/wp-content\/uploads\/2019\/12\/See-Availability-768x108.png 768w\" sizes=\"(max-width: 812px) 100vw, 812px\" \/>\t\t\t\t\t\t\t\t<\/a>\n\t\t\t\t\t\t\t\t\t\t\t\t\t\t\t<\/div>\n\t\t\t\t<\/div>\n\t\t\t\t\t<\/div>\n\t\t<\/div>\n\t\t\t\t\t<\/div>\n\t\t<\/section>\n\t\t\t\t<section class=\"elementor-section elementor-top-section elementor-element elementor-element-7639d14 elementor-hidden-tablet elementor-hidden-phone elementor-section-boxed elementor-section-height-default elementor-section-height-default\" data-id=\"7639d14\" data-element_type=\"section\">\n\t\t\t\t\t\t<div class=\"elementor-container elementor-column-gap-default\">\n\t\t\t\t\t<div class=\"elementor-column elementor-col-100 elementor-top-column elementor-element elementor-element-bce963a\" data-id=\"bce963a\" data-element_type=\"column\">\n\t\t\t<div class=\"elementor-widget-wrap elementor-element-populated\">\n\t\t\t\t\t\t<div class=\"elementor-element elementor-element-a56e510 elementor-widget elementor-widget-spacer\" data-id=\"a56e510\" data-element_type=\"widget\" data-widget_type=\"spacer.default\">\n\t\t\t\t<div class=\"elementor-widget-container\">\n\t\t\t\t\t\t\t<div class=\"elementor-spacer\">\n\t\t\t<div class=\"elementor-spacer-inner\"><\/div>\n\t\t<\/div>\n\t\t\t\t\t\t<\/div>\n\t\t\t\t<\/div>\n\t\t\t\t\t<\/div>\n\t\t<\/div>\n\t\t\t\t\t<\/div>\n\t\t<\/section>\n\t\t\t\t<section class=\"elementor-section elementor-top-section elementor-element elementor-element-e0d5e2b elementor-hidden-tablet elementor-hidden-phone elementor-section-boxed elementor-section-height-default elementor-section-height-default\" data-id=\"e0d5e2b\" data-element_type=\"section\">\n\t\t\t\t\t\t<div class=\"elementor-container elementor-column-gap-default\">\n\t\t\t\t\t<div class=\"elementor-column elementor-col-50 elementor-top-column elementor-element elementor-element-6ab6043\" data-id=\"6ab6043\" data-element_type=\"column\">\n\t\t\t<div class=\"elementor-widget-wrap elementor-element-populated\">\n\t\t\t\t\t\t<div class=\"elementor-element elementor-element-dee0f3e elementor-widget elementor-widget-heading\" data-id=\"dee0f3e\" data-element_type=\"widget\" data-widget_type=\"heading.default\">\n\t\t\t\t<div class=\"elementor-widget-container\">\n\t\t\t\t\t<h2 class=\"elementor-heading-title elementor-size-default\">PUNTO D'INCONTRO<\/h2>\t\t\t\t<\/div>\n\t\t\t\t<\/div>\n\t\t\t\t<section class=\"elementor-section elementor-inner-section elementor-element elementor-element-c5dc360 elementor-section-boxed elementor-section-height-default elementor-section-height-default\" data-id=\"c5dc360\" data-element_type=\"section\">\n\t\t\t\t\t\t<div class=\"elementor-container elementor-column-gap-default\">\n\t\t\t\t\t<div class=\"elementor-column elementor-col-33 elementor-inner-column elementor-element elementor-element-94dbdbb\" data-id=\"94dbdbb\" data-element_type=\"column\">\n\t\t\t<div class=\"elementor-widget-wrap elementor-element-populated\">\n\t\t\t\t\t\t<div class=\"elementor-element elementor-element-9beaf0d elementor-widget elementor-widget-image\" data-id=\"9beaf0d\" data-element_type=\"widget\" data-widget_type=\"image.default\">\n\t\t\t\t<div class=\"elementor-widget-container\">\n\t\t\t\t\t\t\t\t\t\t\t\t\t\t\t<img loading=\"lazy\" decoding=\"async\" width=\"151\" height=\"151\" src=\"https:\/\/www.bikethecity.it\/wp-content\/uploads\/2019\/07\/bike-and-the-city-tour-bicicletta-milano-roma-verona-33.png\" class=\"attachment-full size-full wp-image-5017\" alt=\"\" srcset=\"https:\/\/www.bikethecity.it\/wp-content\/uploads\/2019\/07\/bike-and-the-city-tour-bicicletta-milano-roma-verona-33.png 151w, https:\/\/www.bikethecity.it\/wp-content\/uploads\/2019\/07\/bike-and-the-city-tour-bicicletta-milano-roma-verona-33-150x150.png 150w\" sizes=\"(max-width: 151px) 100vw, 151px\" \/>\t\t\t\t\t\t\t\t\t\t\t\t\t\t\t<\/div>\n\t\t\t\t<\/div>\n\t\t\t\t\t<\/div>\n\t\t<\/div>\n\t\t\t\t<div class=\"elementor-column elementor-col-66 elementor-inner-column elementor-element elementor-element-d0d2a03\" data-id=\"d0d2a03\" data-element_type=\"column\">\n\t\t\t<div class=\"elementor-widget-wrap elementor-element-populated\">\n\t\t\t\t\t\t<div class=\"elementor-element elementor-element-c53dd9a elementor-widget elementor-widget-text-editor\" data-id=\"c53dd9a\" data-element_type=\"widget\" data-widget_type=\"text-editor.default\">\n\t\t\t\t<div class=\"elementor-widget-container\">\n\t\t\t\t\t\t\t\t\t<p>Via Del Pontiere 23, 37122 Verona<\/p>\t\t\t\t\t\t\t\t<\/div>\n\t\t\t\t<\/div>\n\t\t\t\t\t<\/div>\n\t\t<\/div>\n\t\t\t\t\t<\/div>\n\t\t<\/section>\n\t\t\t\t<section class=\"elementor-section elementor-inner-section elementor-element elementor-element-7467e48 elementor-section-boxed elementor-section-height-default elementor-section-height-default\" data-id=\"7467e48\" data-element_type=\"section\">\n\t\t\t\t\t\t<div class=\"elementor-container elementor-column-gap-default\">\n\t\t\t\t\t<div class=\"elementor-column elementor-col-33 elementor-inner-column elementor-element elementor-element-3dd7c60\" data-id=\"3dd7c60\" data-element_type=\"column\">\n\t\t\t<div class=\"elementor-widget-wrap elementor-element-populated\">\n\t\t\t\t\t\t<div class=\"elementor-element elementor-element-ffdd7cd elementor-widget elementor-widget-image\" data-id=\"ffdd7cd\" data-element_type=\"widget\" data-widget_type=\"image.default\">\n\t\t\t\t<div class=\"elementor-widget-container\">\n\t\t\t\t\t\t\t\t\t\t\t\t\t\t\t<img loading=\"lazy\" decoding=\"async\" width=\"105\" height=\"106\" src=\"https:\/\/www.bikethecity.it\/wp-content\/uploads\/2019\/07\/bike-and-the-city-tour-bicicletta-milano-roma-verona-34.png\" class=\"attachment-full size-full wp-image-5018\" alt=\"\" \/>\t\t\t\t\t\t\t\t\t\t\t\t\t\t\t<\/div>\n\t\t\t\t<\/div>\n\t\t\t\t\t<\/div>\n\t\t<\/div>\n\t\t\t\t<div class=\"elementor-column elementor-col-66 elementor-inner-column elementor-element elementor-element-baa0581\" data-id=\"baa0581\" data-element_type=\"column\">\n\t\t\t<div class=\"elementor-widget-wrap elementor-element-populated\">\n\t\t\t\t\t\t<div class=\"elementor-element elementor-element-c9fea58 elementor-widget elementor-widget-text-editor\" data-id=\"c9fea58\" data-element_type=\"widget\" data-widget_type=\"text-editor.default\">\n\t\t\t\t<div class=\"elementor-widget-container\">\n\t\t\t\t\t\t\t\t\t<p>Parking Centro\u00a0<br \/>Via Campo Marzo 37133 Verona<br \/><br \/>Parking Area Giulietta<br \/>Via Luigi da Porto, 2-4, 37122 Verona VR<\/p>\t\t\t\t\t\t\t\t<\/div>\n\t\t\t\t<\/div>\n\t\t\t\t\t<\/div>\n\t\t<\/div>\n\t\t\t\t\t<\/div>\n\t\t<\/section>\n\t\t\t\t<section class=\"elementor-section elementor-inner-section elementor-element elementor-element-443342f elementor-section-boxed elementor-section-height-default elementor-section-height-default\" data-id=\"443342f\" data-element_type=\"section\">\n\t\t\t\t\t\t<div class=\"elementor-container elementor-column-gap-default\">\n\t\t\t\t\t<div class=\"elementor-column elementor-col-33 elementor-inner-column elementor-element elementor-element-2809cff\" data-id=\"2809cff\" data-element_type=\"column\">\n\t\t\t<div class=\"elementor-widget-wrap elementor-element-populated\">\n\t\t\t\t\t\t<div class=\"elementor-element elementor-element-6a25248 elementor-widget elementor-widget-image\" data-id=\"6a25248\" data-element_type=\"widget\" data-widget_type=\"image.default\">\n\t\t\t\t<div class=\"elementor-widget-container\">\n\t\t\t\t\t\t\t\t\t\t\t\t\t\t\t<img loading=\"lazy\" decoding=\"async\" width=\"106\" height=\"105\" src=\"https:\/\/www.bikethecity.it\/wp-content\/uploads\/2019\/07\/bike-and-the-city-tour-bicicletta-milano-roma-verona-35.png\" class=\"attachment-full size-full wp-image-5019\" alt=\"\" \/>\t\t\t\t\t\t\t\t\t\t\t\t\t\t\t<\/div>\n\t\t\t\t<\/div>\n\t\t\t\t\t<\/div>\n\t\t<\/div>\n\t\t\t\t<div class=\"elementor-column elementor-col-66 elementor-inner-column elementor-element elementor-element-4586f88\" data-id=\"4586f88\" data-element_type=\"column\">\n\t\t\t<div class=\"elementor-widget-wrap elementor-element-populated\">\n\t\t\t\t\t\t<div class=\"elementor-element elementor-element-0ea5395 elementor-widget elementor-widget-text-editor\" data-id=\"0ea5395\" data-element_type=\"widget\" data-widget_type=\"text-editor.default\">\n\t\t\t\t<div class=\"elementor-widget-container\">\n\t\t\t\t\t\t\t\t\t<p>Da Piazza Bra: 7\/8 min a piedi<\/p><p>Dalla Stazione Porta Nuova: 19 min a piedi o bisogna prendere i bus che portano a Stradone Maffei e poi camminare per 4 minuti<\/p>\t\t\t\t\t\t\t\t<\/div>\n\t\t\t\t<\/div>\n\t\t\t\t\t<\/div>\n\t\t<\/div>\n\t\t\t\t\t<\/div>\n\t\t<\/section>\n\t\t\t\t\t<\/div>\n\t\t<\/div>\n\t\t\t\t<div class=\"elementor-column elementor-col-50 elementor-top-column elementor-element elementor-element-e8969c8\" data-id=\"e8969c8\" data-element_type=\"column\">\n\t\t\t<div class=\"elementor-widget-wrap elementor-element-populated\">\n\t\t\t\t\t\t<div class=\"elementor-element elementor-element-1c9d1c8 elementor-widget elementor-widget-image\" data-id=\"1c9d1c8\" data-element_type=\"widget\" data-widget_type=\"image.default\">\n\t\t\t\t<div class=\"elementor-widget-container\">\n\t\t\t\t\t\t\t\t\t\t\t\t\t\t\t\t<a href=\"https:\/\/www.google.com\/maps\/place\/Via+del+Pontiere,+23,+37122+Verona+VR\/@45.4264741,10.9935495,13.5z\/data=!4m5!3m4!1s0x477f5f40eaf31b87:0x82ff0bd47a7bfccb!8m2!3d45.433964!4d10.9965128\" target=\"_blank\">\n\t\t\t\t\t\t\t<img loading=\"lazy\" decoding=\"async\" width=\"800\" height=\"610\" src=\"https:\/\/www.bikethecity.it\/wp-content\/uploads\/2022\/04\/bike-and-the-city-tour-bicicletta-milano-roma-verona-143.jpg\" class=\"attachment-full size-full wp-image-6666\" alt=\"\" srcset=\"https:\/\/www.bikethecity.it\/wp-content\/uploads\/2022\/04\/bike-and-the-city-tour-bicicletta-milano-roma-verona-143.jpg 800w, https:\/\/www.bikethecity.it\/wp-content\/uploads\/2022\/04\/bike-and-the-city-tour-bicicletta-milano-roma-verona-143-300x229.jpg 300w, https:\/\/www.bikethecity.it\/wp-content\/uploads\/2022\/04\/bike-and-the-city-tour-bicicletta-milano-roma-verona-143-768x586.jpg 768w\" sizes=\"(max-width: 800px) 100vw, 800px\" \/>\t\t\t\t\t\t\t\t<\/a>\n\t\t\t\t\t\t\t\t\t\t\t\t\t\t\t<\/div>\n\t\t\t\t<\/div>\n\t\t\t\t\t<\/div>\n\t\t<\/div>\n\t\t\t\t\t<\/div>\n\t\t<\/section>\n\t\t\t\t<section class=\"elementor-section elementor-top-section elementor-element elementor-element-2c06375 elementor-hidden-desktop elementor-section-boxed elementor-section-height-default elementor-section-height-default\" data-id=\"2c06375\" data-element_type=\"section\">\n\t\t\t\t\t\t<div class=\"elementor-container elementor-column-gap-default\">\n\t\t\t\t\t<div class=\"elementor-column elementor-col-50 elementor-top-column elementor-element elementor-element-a3659dd\" data-id=\"a3659dd\" data-element_type=\"column\">\n\t\t\t<div class=\"elementor-widget-wrap elementor-element-populated\">\n\t\t\t\t\t\t<div class=\"elementor-element elementor-element-05fe7c1 elementor-widget elementor-widget-heading\" data-id=\"05fe7c1\" data-element_type=\"widget\" data-widget_type=\"heading.default\">\n\t\t\t\t<div class=\"elementor-widget-container\">\n\t\t\t\t\t<h2 class=\"elementor-heading-title elementor-size-default\">PUNTO D'INCONTRO<\/h2>\t\t\t\t<\/div>\n\t\t\t\t<\/div>\n\t\t\t\t<section class=\"elementor-section elementor-inner-section elementor-element elementor-element-b0138d2 elementor-section-full_width elementor-hidden-desktop elementor-section-height-default elementor-section-height-default\" data-id=\"b0138d2\" data-element_type=\"section\">\n\t\t\t\t\t\t<div class=\"elementor-container elementor-column-gap-default\">\n\t\t\t\t\t<div class=\"elementor-column elementor-col-50 elementor-inner-column elementor-element elementor-element-4d412a0\" data-id=\"4d412a0\" data-element_type=\"column\">\n\t\t\t<div class=\"elementor-widget-wrap elementor-element-populated\">\n\t\t\t\t\t\t<div class=\"elementor-element elementor-element-4d31344 elementor-widget elementor-widget-image\" data-id=\"4d31344\" data-element_type=\"widget\" data-widget_type=\"image.default\">\n\t\t\t\t<div class=\"elementor-widget-container\">\n\t\t\t\t\t\t\t\t\t\t\t\t\t\t\t<img loading=\"lazy\" decoding=\"async\" width=\"151\" height=\"151\" src=\"https:\/\/www.bikethecity.it\/wp-content\/uploads\/2019\/07\/bike-and-the-city-tour-bicicletta-milano-roma-verona-33.png\" class=\"attachment-full size-full wp-image-5017\" alt=\"\" srcset=\"https:\/\/www.bikethecity.it\/wp-content\/uploads\/2019\/07\/bike-and-the-city-tour-bicicletta-milano-roma-verona-33.png 151w, https:\/\/www.bikethecity.it\/wp-content\/uploads\/2019\/07\/bike-and-the-city-tour-bicicletta-milano-roma-verona-33-150x150.png 150w\" sizes=\"(max-width: 151px) 100vw, 151px\" \/>\t\t\t\t\t\t\t\t\t\t\t\t\t\t\t<\/div>\n\t\t\t\t<\/div>\n\t\t\t\t\t<\/div>\n\t\t<\/div>\n\t\t\t\t<div class=\"elementor-column elementor-col-50 elementor-inner-column elementor-element elementor-element-de8cd75\" data-id=\"de8cd75\" data-element_type=\"column\">\n\t\t\t<div class=\"elementor-widget-wrap elementor-element-populated\">\n\t\t\t\t\t\t<div class=\"elementor-element elementor-element-4e9241e elementor-widget elementor-widget-text-editor\" data-id=\"4e9241e\" data-element_type=\"widget\" data-widget_type=\"text-editor.default\">\n\t\t\t\t<div class=\"elementor-widget-container\">\n\t\t\t\t\t\t\t\t\t<p>Via Del Pontiere 23, 37122 Verona <\/p>\t\t\t\t\t\t\t\t<\/div>\n\t\t\t\t<\/div>\n\t\t\t\t\t<\/div>\n\t\t<\/div>\n\t\t\t\t\t<\/div>\n\t\t<\/section>\n\t\t\t\t<section class=\"elementor-section elementor-inner-section elementor-element elementor-element-5b9d043 elementor-section-full_width elementor-hidden-desktop elementor-section-height-default elementor-section-height-default\" data-id=\"5b9d043\" data-element_type=\"section\">\n\t\t\t\t\t\t<div class=\"elementor-container elementor-column-gap-default\">\n\t\t\t\t\t<div class=\"elementor-column elementor-col-50 elementor-inner-column elementor-element elementor-element-2e8e45f\" data-id=\"2e8e45f\" data-element_type=\"column\">\n\t\t\t<div class=\"elementor-widget-wrap elementor-element-populated\">\n\t\t\t\t\t\t<div class=\"elementor-element elementor-element-ec62d29 elementor-widget elementor-widget-image\" data-id=\"ec62d29\" data-element_type=\"widget\" data-widget_type=\"image.default\">\n\t\t\t\t<div class=\"elementor-widget-container\">\n\t\t\t\t\t\t\t\t\t\t\t\t\t\t\t<img loading=\"lazy\" decoding=\"async\" width=\"105\" height=\"106\" src=\"https:\/\/www.bikethecity.it\/wp-content\/uploads\/2019\/07\/bike-and-the-city-tour-bicicletta-milano-roma-verona-34.png\" class=\"attachment-full size-full wp-image-5018\" alt=\"\" \/>\t\t\t\t\t\t\t\t\t\t\t\t\t\t\t<\/div>\n\t\t\t\t<\/div>\n\t\t\t\t\t<\/div>\n\t\t<\/div>\n\t\t\t\t<div class=\"elementor-column elementor-col-50 elementor-inner-column elementor-element elementor-element-87e8d66\" data-id=\"87e8d66\" data-element_type=\"column\">\n\t\t\t<div class=\"elementor-widget-wrap elementor-element-populated\">\n\t\t\t\t\t\t<div class=\"elementor-element elementor-element-0cfdf20 elementor-widget elementor-widget-text-editor\" data-id=\"0cfdf20\" data-element_type=\"widget\" data-widget_type=\"text-editor.default\">\n\t\t\t\t<div class=\"elementor-widget-container\">\n\t\t\t\t\t\t\t\t\t<p>Parking Centro\u00a0<br \/>Via Campo Marzo 37133 Verona<br \/><br \/>Parking Area Giulietta<br \/>Via Luigi da Porto, 2-4, 37122 Verona VR<\/p>\t\t\t\t\t\t\t\t<\/div>\n\t\t\t\t<\/div>\n\t\t\t\t\t<\/div>\n\t\t<\/div>\n\t\t\t\t\t<\/div>\n\t\t<\/section>\n\t\t\t\t<section class=\"elementor-section elementor-inner-section elementor-element elementor-element-6c916d5 elementor-section-full_width elementor-hidden-desktop elementor-section-height-default elementor-section-height-default\" data-id=\"6c916d5\" data-element_type=\"section\">\n\t\t\t\t\t\t<div class=\"elementor-container elementor-column-gap-default\">\n\t\t\t\t\t<div class=\"elementor-column elementor-col-50 elementor-inner-column elementor-element elementor-element-964e4c7\" data-id=\"964e4c7\" data-element_type=\"column\">\n\t\t\t<div class=\"elementor-widget-wrap elementor-element-populated\">\n\t\t\t\t\t\t<div class=\"elementor-element elementor-element-5e9edfe elementor-widget elementor-widget-image\" data-id=\"5e9edfe\" data-element_type=\"widget\" data-widget_type=\"image.default\">\n\t\t\t\t<div class=\"elementor-widget-container\">\n\t\t\t\t\t\t\t\t\t\t\t\t\t\t\t<img loading=\"lazy\" decoding=\"async\" width=\"106\" height=\"105\" src=\"https:\/\/www.bikethecity.it\/wp-content\/uploads\/2019\/07\/bike-and-the-city-tour-bicicletta-milano-roma-verona-35.png\" class=\"attachment-full size-full wp-image-5019\" alt=\"\" \/>\t\t\t\t\t\t\t\t\t\t\t\t\t\t\t<\/div>\n\t\t\t\t<\/div>\n\t\t\t\t\t<\/div>\n\t\t<\/div>\n\t\t\t\t<div class=\"elementor-column elementor-col-50 elementor-inner-column elementor-element elementor-element-e0ebec2\" data-id=\"e0ebec2\" data-element_type=\"column\">\n\t\t\t<div class=\"elementor-widget-wrap elementor-element-populated\">\n\t\t\t\t\t\t<div class=\"elementor-element elementor-element-a748aa1 elementor-widget elementor-widget-text-editor\" data-id=\"a748aa1\" data-element_type=\"widget\" data-widget_type=\"text-editor.default\">\n\t\t\t\t<div class=\"elementor-widget-container\">\n\t\t\t\t\t\t\t\t\t<p>Da Piazza Bra: 7\/8 min a piedi<\/p><p>Dalla Stazione Porta Nuova: 19 min a piedi o bisogna prendere i bus che portano a Stradone Maffei e poi camminare per 4 minuti<\/p>\t\t\t\t\t\t\t\t<\/div>\n\t\t\t\t<\/div>\n\t\t\t\t\t<\/div>\n\t\t<\/div>\n\t\t\t\t\t<\/div>\n\t\t<\/section>\n\t\t\t\t\t<\/div>\n\t\t<\/div>\n\t\t\t\t<div class=\"elementor-column elementor-col-50 elementor-top-column elementor-element elementor-element-e70fd2b\" data-id=\"e70fd2b\" data-element_type=\"column\">\n\t\t\t<div class=\"elementor-widget-wrap elementor-element-populated\">\n\t\t\t\t\t\t<div class=\"elementor-element elementor-element-340e064 elementor-widget elementor-widget-image\" data-id=\"340e064\" data-element_type=\"widget\" data-widget_type=\"image.default\">\n\t\t\t\t<div class=\"elementor-widget-container\">\n\t\t\t\t\t\t\t\t\t\t\t\t\t\t\t\t<a href=\"https:\/\/www.google.com\/maps\/place\/Via+del+Pontiere,+23,+37122+Verona+VR\/@45.4264741,10.9935495,13.5z\/data=!4m5!3m4!1s0x477f5f40eaf31b87:0x82ff0bd47a7bfccb!8m2!3d45.433964!4d10.9965128\" target=\"_blank\">\n\t\t\t\t\t\t\t<img loading=\"lazy\" decoding=\"async\" width=\"800\" height=\"610\" src=\"https:\/\/www.bikethecity.it\/wp-content\/uploads\/2022\/04\/bike-and-the-city-tour-bicicletta-milano-roma-verona-143.jpg\" class=\"attachment-full size-full wp-image-6666\" alt=\"\" srcset=\"https:\/\/www.bikethecity.it\/wp-content\/uploads\/2022\/04\/bike-and-the-city-tour-bicicletta-milano-roma-verona-143.jpg 800w, https:\/\/www.bikethecity.it\/wp-content\/uploads\/2022\/04\/bike-and-the-city-tour-bicicletta-milano-roma-verona-143-300x229.jpg 300w, https:\/\/www.bikethecity.it\/wp-content\/uploads\/2022\/04\/bike-and-the-city-tour-bicicletta-milano-roma-verona-143-768x586.jpg 768w\" sizes=\"(max-width: 800px) 100vw, 800px\" \/>\t\t\t\t\t\t\t\t<\/a>\n\t\t\t\t\t\t\t\t\t\t\t\t\t\t\t<\/div>\n\t\t\t\t<\/div>\n\t\t\t\t\t<\/div>\n\t\t<\/div>\n\t\t\t\t\t<\/div>\n\t\t<\/section>\n\t\t\t\t<section class=\"elementor-section elementor-top-section elementor-element elementor-element-411c7b9 elementor-section-boxed elementor-section-height-default elementor-section-height-default\" data-id=\"411c7b9\" data-element_type=\"section\">\n\t\t\t\t\t\t<div class=\"elementor-container elementor-column-gap-default\">\n\t\t\t\t\t<div class=\"elementor-column elementor-col-100 elementor-top-column elementor-element elementor-element-04d7285\" data-id=\"04d7285\" data-element_type=\"column\">\n\t\t\t<div class=\"elementor-widget-wrap elementor-element-populated\">\n\t\t\t\t\t\t<div class=\"elementor-element elementor-element-f07b119 elementor-widget elementor-widget-spacer\" data-id=\"f07b119\" data-element_type=\"widget\" data-widget_type=\"spacer.default\">\n\t\t\t\t<div class=\"elementor-widget-container\">\n\t\t\t\t\t\t\t<div class=\"elementor-spacer\">\n\t\t\t<div class=\"elementor-spacer-inner\"><\/div>\n\t\t<\/div>\n\t\t\t\t\t\t<\/div>\n\t\t\t\t<\/div>\n\t\t\t\t\t<\/div>\n\t\t<\/div>\n\t\t\t\t\t<\/div>\n\t\t<\/section>\n\t\t\t\t<\/div>\n\t\t","protected":false},"excerpt":{"rendered":"<p>TOUR IN BICI DI VERONA TOUR IN BICI DI VERONA Verona\u00e8 sempre stata nei nostri piani. Per guardare alle origine dei tour in bici di Verona bisogna volare nella romantica Parigi, che abbiamo esplorato in bicicletta in un giorno di Settembre, sotto una pioggia scrosciante, amandone ogni strada e ogni angolo! Detto questo, quale citt\u00e0 &#8230; <a title=\"Tour in bici di Verona\" class=\"read-more\" href=\"https:\/\/www.bikethecity.it\/it\/tour-in-bici-di-verona\/\" aria-label=\"Per saperne di pi\u00f9 su Tour in bici di Verona\">Leggi tutto<\/a><\/p>\n","protected":false},"author":2,"featured_media":0,"parent":0,"menu_order":0,"comment_status":"closed","ping_status":"closed","template":"elementor_header_footer","meta":{"_joinchat":[],"footnotes":""},"class_list":["post-5060","page","type-page","status-publish"],"yoast_head":"<!-- This site is optimized with the Yoast SEO plugin v25.6 - https:\/\/yoast.com\/wordpress\/plugins\/seo\/ -->\n<title>Tour in bici di Verona - Bikethecity\u00ae<\/title>\n<meta name=\"description\" content=\"Amore romantico e passione questa \u00e8 Verona, la citt\u00e0 di Romeo e Giulietta. Porta con te il tuo amore per l&#039;arte e scopri la citt\u00e0 con il nostro tour in bici di Verona.\" \/>\n<meta name=\"robots\" content=\"index, follow, max-snippet:-1, max-image-preview:large, max-video-preview:-1\" \/>\n<link rel=\"canonical\" href=\"https:\/\/www.bikethecity.it\/it\/tour-in-bici-di-verona\/\" \/>\n<meta property=\"og:locale\" content=\"it_IT\" \/>\n<meta property=\"og:type\" content=\"article\" \/>\n<meta property=\"og:title\" content=\"Tour in bici di Verona - Bikethecity\u00ae\" \/>\n<meta property=\"og:description\" content=\"Amore romantico e passione questa \u00e8 Verona, la citt\u00e0 di Romeo e Giulietta. Porta con te il tuo amore per l&#039;arte e scopri la citt\u00e0 con il nostro tour in bici di Verona.\" \/>\n<meta property=\"og:url\" content=\"https:\/\/www.bikethecity.it\/it\/tour-in-bici-di-verona\/\" \/>\n<meta property=\"og:site_name\" content=\"Bikethecity\u00ae\" \/>\n<meta property=\"article:publisher\" content=\"https:\/\/www.facebook.com\/bikethecityitaly\" \/>\n<meta property=\"article:modified_time\" content=\"2025-02-05T12:32:26+00:00\" \/>\n<meta property=\"og:image\" content=\"https:\/\/www.bikethecity.it\/wp-content\/uploads\/2019\/08\/bike-and-the-city-tour-bicicletta-milano-roma-verona-52.png\" \/>\n\t<meta property=\"og:image:width\" content=\"150\" \/>\n\t<meta property=\"og:image:height\" content=\"150\" \/>\n\t<meta property=\"og:image:type\" content=\"image\/png\" \/>\n<meta name=\"twitter:label1\" content=\"Tempo di lettura stimato\" \/>\n\t<meta name=\"twitter:data1\" content=\"10 minuti\" \/>\n<script type=\"application\/ld+json\" class=\"yoast-schema-graph\">{\"@context\":\"https:\/\/schema.org\",\"@graph\":[{\"@type\":\"WebPage\",\"@id\":\"https:\/\/www.bikethecity.it\/it\/tour-in-bici-di-verona\/\",\"url\":\"https:\/\/www.bikethecity.it\/it\/tour-in-bici-di-verona\/\",\"name\":\"Tour in bici di Verona - Bikethecity\u00ae\",\"isPartOf\":{\"@id\":\"https:\/\/www.bikethecity.it\/#website\"},\"primaryImageOfPage\":{\"@id\":\"https:\/\/www.bikethecity.it\/it\/tour-in-bici-di-verona\/#primaryimage\"},\"image\":{\"@id\":\"https:\/\/www.bikethecity.it\/it\/tour-in-bici-di-verona\/#primaryimage\"},\"thumbnailUrl\":\"https:\/\/www.bikethecity.it\/wp-content\/uploads\/2019\/08\/bike-and-the-city-tour-bicicletta-milano-roma-verona-52.png\",\"datePublished\":\"2020-05-28T13:41:27+00:00\",\"dateModified\":\"2025-02-05T12:32:26+00:00\",\"description\":\"Amore romantico e passione questa \u00e8 Verona, la citt\u00e0 di Romeo e Giulietta. Porta con te il tuo amore per l'arte e scopri la citt\u00e0 con il nostro tour in bici di Verona.\",\"breadcrumb\":{\"@id\":\"https:\/\/www.bikethecity.it\/it\/tour-in-bici-di-verona\/#breadcrumb\"},\"inLanguage\":\"it-IT\",\"potentialAction\":[{\"@type\":\"ReadAction\",\"target\":[\"https:\/\/www.bikethecity.it\/it\/tour-in-bici-di-verona\/\"]}]},{\"@type\":\"ImageObject\",\"inLanguage\":\"it-IT\",\"@id\":\"https:\/\/www.bikethecity.it\/it\/tour-in-bici-di-verona\/#primaryimage\",\"url\":\"https:\/\/www.bikethecity.it\/wp-content\/uploads\/2019\/08\/bike-and-the-city-tour-bicicletta-milano-roma-verona-52.png\",\"contentUrl\":\"https:\/\/www.bikethecity.it\/wp-content\/uploads\/2019\/08\/bike-and-the-city-tour-bicicletta-milano-roma-verona-52.png\"},{\"@type\":\"BreadcrumbList\",\"@id\":\"https:\/\/www.bikethecity.it\/it\/tour-in-bici-di-verona\/#breadcrumb\",\"itemListElement\":[{\"@type\":\"ListItem\",\"position\":1,\"name\":\"Home\",\"item\":\"https:\/\/www.bikethecity.it\/\"},{\"@type\":\"ListItem\",\"position\":2,\"name\":\"Tour in bici di Verona\"}]},{\"@type\":\"WebSite\",\"@id\":\"https:\/\/www.bikethecity.it\/#website\",\"url\":\"https:\/\/www.bikethecity.it\/\",\"name\":\"Bikethecity\u00ae\",\"description\":\"Bike Tours in Italy\",\"publisher\":{\"@id\":\"https:\/\/www.bikethecity.it\/#organization\"},\"potentialAction\":[{\"@type\":\"SearchAction\",\"target\":{\"@type\":\"EntryPoint\",\"urlTemplate\":\"https:\/\/www.bikethecity.it\/?s={search_term_string}\"},\"query-input\":{\"@type\":\"PropertyValueSpecification\",\"valueRequired\":true,\"valueName\":\"search_term_string\"}}],\"inLanguage\":\"it-IT\"},{\"@type\":\"Organization\",\"@id\":\"https:\/\/www.bikethecity.it\/#organization\",\"name\":\"Bikethecity\u00ae - Bike Tours in Italy\",\"url\":\"https:\/\/www.bikethecity.it\/\",\"logo\":{\"@type\":\"ImageObject\",\"inLanguage\":\"it-IT\",\"@id\":\"https:\/\/www.bikethecity.it\/#\/schema\/logo\/image\/\",\"url\":\"https:\/\/www.bikethecity.it\/wp-content\/uploads\/2020\/03\/logo-bike-the-city-tour-milan-verona-turin-1.png\",\"contentUrl\":\"https:\/\/www.bikethecity.it\/wp-content\/uploads\/2020\/03\/logo-bike-the-city-tour-milan-verona-turin-1.png\",\"width\":180,\"height\":180,\"caption\":\"Bikethecity\u00ae - Bike Tours in Italy\"},\"image\":{\"@id\":\"https:\/\/www.bikethecity.it\/#\/schema\/logo\/image\/\"},\"sameAs\":[\"https:\/\/www.facebook.com\/bikethecityitaly\",\"https:\/\/www.instagram.com\/bikethecityitaly\/\",\"https:\/\/www.youtube.com\/channel\/UCTklSreajw594fqWta5yrkg\/featured\"]}]}<\/script>\n<!-- \/ Yoast SEO plugin. -->","yoast_head_json":{"title":"Tour in bici di Verona - Bikethecity\u00ae","description":"Amore romantico e passione questa \u00e8 Verona, la citt\u00e0 di Romeo e Giulietta. Porta con te il tuo amore per l'arte e scopri la citt\u00e0 con il nostro tour in bici di Verona.","robots":{"index":"index","follow":"follow","max-snippet":"max-snippet:-1","max-image-preview":"max-image-preview:large","max-video-preview":"max-video-preview:-1"},"canonical":"https:\/\/www.bikethecity.it\/it\/tour-in-bici-di-verona\/","og_locale":"it_IT","og_type":"article","og_title":"Tour in bici di Verona - Bikethecity\u00ae","og_description":"Amore romantico e passione questa \u00e8 Verona, la citt\u00e0 di Romeo e Giulietta. Porta con te il tuo amore per l'arte e scopri la citt\u00e0 con il nostro tour in bici di Verona.","og_url":"https:\/\/www.bikethecity.it\/it\/tour-in-bici-di-verona\/","og_site_name":"Bikethecity\u00ae","article_publisher":"https:\/\/www.facebook.com\/bikethecityitaly","article_modified_time":"2025-02-05T12:32:26+00:00","og_image":[{"width":150,"height":150,"url":"https:\/\/www.bikethecity.it\/wp-content\/uploads\/2019\/08\/bike-and-the-city-tour-bicicletta-milano-roma-verona-52.png","type":"image\/png"}],"twitter_misc":{"Tempo di lettura stimato":"10 minuti"},"schema":{"@context":"https:\/\/schema.org","@graph":[{"@type":"WebPage","@id":"https:\/\/www.bikethecity.it\/it\/tour-in-bici-di-verona\/","url":"https:\/\/www.bikethecity.it\/it\/tour-in-bici-di-verona\/","name":"Tour in bici di Verona - Bikethecity\u00ae","isPartOf":{"@id":"https:\/\/www.bikethecity.it\/#website"},"primaryImageOfPage":{"@id":"https:\/\/www.bikethecity.it\/it\/tour-in-bici-di-verona\/#primaryimage"},"image":{"@id":"https:\/\/www.bikethecity.it\/it\/tour-in-bici-di-verona\/#primaryimage"},"thumbnailUrl":"https:\/\/www.bikethecity.it\/wp-content\/uploads\/2019\/08\/bike-and-the-city-tour-bicicletta-milano-roma-verona-52.png","datePublished":"2020-05-28T13:41:27+00:00","dateModified":"2025-02-05T12:32:26+00:00","description":"Amore romantico e passione questa \u00e8 Verona, la citt\u00e0 di Romeo e Giulietta. Porta con te il tuo amore per l'arte e scopri la citt\u00e0 con il nostro tour in bici di Verona.","breadcrumb":{"@id":"https:\/\/www.bikethecity.it\/it\/tour-in-bici-di-verona\/#breadcrumb"},"inLanguage":"it-IT","potentialAction":[{"@type":"ReadAction","target":["https:\/\/www.bikethecity.it\/it\/tour-in-bici-di-verona\/"]}]},{"@type":"ImageObject","inLanguage":"it-IT","@id":"https:\/\/www.bikethecity.it\/it\/tour-in-bici-di-verona\/#primaryimage","url":"https:\/\/www.bikethecity.it\/wp-content\/uploads\/2019\/08\/bike-and-the-city-tour-bicicletta-milano-roma-verona-52.png","contentUrl":"https:\/\/www.bikethecity.it\/wp-content\/uploads\/2019\/08\/bike-and-the-city-tour-bicicletta-milano-roma-verona-52.png"},{"@type":"BreadcrumbList","@id":"https:\/\/www.bikethecity.it\/it\/tour-in-bici-di-verona\/#breadcrumb","itemListElement":[{"@type":"ListItem","position":1,"name":"Home","item":"https:\/\/www.bikethecity.it\/"},{"@type":"ListItem","position":2,"name":"Tour in bici di Verona"}]},{"@type":"WebSite","@id":"https:\/\/www.bikethecity.it\/#website","url":"https:\/\/www.bikethecity.it\/","name":"Bikethecity\u00ae","description":"Bike Tours in Italy","publisher":{"@id":"https:\/\/www.bikethecity.it\/#organization"},"potentialAction":[{"@type":"SearchAction","target":{"@type":"EntryPoint","urlTemplate":"https:\/\/www.bikethecity.it\/?s={search_term_string}"},"query-input":{"@type":"PropertyValueSpecification","valueRequired":true,"valueName":"search_term_string"}}],"inLanguage":"it-IT"},{"@type":"Organization","@id":"https:\/\/www.bikethecity.it\/#organization","name":"Bikethecity\u00ae - Bike Tours in Italy","url":"https:\/\/www.bikethecity.it\/","logo":{"@type":"ImageObject","inLanguage":"it-IT","@id":"https:\/\/www.bikethecity.it\/#\/schema\/logo\/image\/","url":"https:\/\/www.bikethecity.it\/wp-content\/uploads\/2020\/03\/logo-bike-the-city-tour-milan-verona-turin-1.png","contentUrl":"https:\/\/www.bikethecity.it\/wp-content\/uploads\/2020\/03\/logo-bike-the-city-tour-milan-verona-turin-1.png","width":180,"height":180,"caption":"Bikethecity\u00ae - Bike Tours in Italy"},"image":{"@id":"https:\/\/www.bikethecity.it\/#\/schema\/logo\/image\/"},"sameAs":["https:\/\/www.facebook.com\/bikethecityitaly","https:\/\/www.instagram.com\/bikethecityitaly\/","https:\/\/www.youtube.com\/channel\/UCTklSreajw594fqWta5yrkg\/featured"]}]}},"_links":{"self":[{"href":"https:\/\/www.bikethecity.it\/it\/wp-json\/wp\/v2\/pages\/5060","targetHints":{"allow":["GET"]}}],"collection":[{"href":"https:\/\/www.bikethecity.it\/it\/wp-json\/wp\/v2\/pages"}],"about":[{"href":"https:\/\/www.bikethecity.it\/it\/wp-json\/wp\/v2\/types\/page"}],"author":[{"embeddable":true,"href":"https:\/\/www.bikethecity.it\/it\/wp-json\/wp\/v2\/users\/2"}],"replies":[{"embeddable":true,"href":"https:\/\/www.bikethecity.it\/it\/wp-json\/wp\/v2\/comments?post=5060"}],"version-history":[{"count":22,"href":"https:\/\/www.bikethecity.it\/it\/wp-json\/wp\/v2\/pages\/5060\/revisions"}],"predecessor-version":[{"id":8128,"href":"https:\/\/www.bikethecity.it\/it\/wp-json\/wp\/v2\/pages\/5060\/revisions\/8128"}],"wp:attachment":[{"href":"https:\/\/www.bikethecity.it\/it\/wp-json\/wp\/v2\/media?parent=5060"}],"curies":[{"name":"wp","href":"https:\/\/api.w.org\/{rel}","templated":true}]}}