{"id":5075,"date":"2020-05-28T16:46:10","date_gmt":"2020-05-28T14:46:10","guid":{"rendered":"https:\/\/www.bikethecity.it\/tour-in-bici-di-torino\/"},"modified":"2025-02-10T19:43:30","modified_gmt":"2025-02-10T17:43:30","slug":"tour-in-bici-di-torino","status":"publish","type":"page","link":"https:\/\/www.bikethecity.it\/it\/tour-in-bici-di-torino\/","title":{"rendered":"Tour in bici di Torino"},"content":{"rendered":"\t\t<div data-elementor-type=\"wp-post\" data-elementor-id=\"5075\" class=\"elementor elementor-5075 elementor-2884\" data-elementor-post-type=\"page\">\n\t\t\t\t\t\t<section class=\"elementor-section elementor-top-section elementor-element elementor-element-b737319 elementor-section-full_width elementor-hidden-tablet elementor-hidden-phone elementor-section-height-default elementor-section-height-default\" data-id=\"b737319\" data-element_type=\"section\" data-settings=\"{&quot;background_background&quot;:&quot;classic&quot;}\">\n\t\t\t\t\t\t<div class=\"elementor-container elementor-column-gap-default\">\n\t\t\t\t\t<div class=\"elementor-column elementor-col-100 elementor-top-column elementor-element elementor-element-e6114d7\" data-id=\"e6114d7\" data-element_type=\"column\" data-settings=\"{&quot;background_background&quot;:&quot;classic&quot;}\">\n\t\t\t<div class=\"elementor-widget-wrap elementor-element-populated\">\n\t\t\t\t\t\t<div class=\"elementor-element elementor-element-37259e9 elementor-widget elementor-widget-spacer\" data-id=\"37259e9\" data-element_type=\"widget\" data-widget_type=\"spacer.default\">\n\t\t\t\t<div class=\"elementor-widget-container\">\n\t\t\t\t\t\t\t<div class=\"elementor-spacer\">\n\t\t\t<div class=\"elementor-spacer-inner\"><\/div>\n\t\t<\/div>\n\t\t\t\t\t\t<\/div>\n\t\t\t\t<\/div>\n\t\t\t\t<div class=\"elementor-element elementor-element-7714714 elementor-widget elementor-widget-heading\" data-id=\"7714714\" data-element_type=\"widget\" data-widget_type=\"heading.default\">\n\t\t\t\t<div class=\"elementor-widget-container\">\n\t\t\t\t\t<h1 class=\"elementor-heading-title elementor-size-default\">TOUR IN BICI DI TORINO<\/h1>\t\t\t\t<\/div>\n\t\t\t\t<\/div>\n\t\t\t\t<div class=\"elementor-element elementor-element-0a9e190 elementor-widget elementor-widget-spacer\" data-id=\"0a9e190\" data-element_type=\"widget\" data-widget_type=\"spacer.default\">\n\t\t\t\t<div class=\"elementor-widget-container\">\n\t\t\t\t\t\t\t<div class=\"elementor-spacer\">\n\t\t\t<div class=\"elementor-spacer-inner\"><\/div>\n\t\t<\/div>\n\t\t\t\t\t\t<\/div>\n\t\t\t\t<\/div>\n\t\t\t\t<section class=\"elementor-section elementor-inner-section elementor-element elementor-element-8e1da47 elementor-section-boxed elementor-section-height-default elementor-section-height-default\" data-id=\"8e1da47\" data-element_type=\"section\">\n\t\t\t\t\t\t<div class=\"elementor-container elementor-column-gap-default\">\n\t\t\t\t\t<div class=\"elementor-column elementor-col-100 elementor-inner-column elementor-element elementor-element-4e240bf\" data-id=\"4e240bf\" data-element_type=\"column\">\n\t\t\t<div class=\"elementor-widget-wrap elementor-element-populated\">\n\t\t\t\t\t\t<div class=\"elementor-element elementor-element-a4de726 elementor-widget elementor-widget-image\" data-id=\"a4de726\" data-element_type=\"widget\" data-widget_type=\"image.default\">\n\t\t\t\t<div class=\"elementor-widget-container\">\n\t\t\t\t\t\t\t\t\t\t\t\t\t\t\t<img decoding=\"async\" width=\"150\" height=\"150\" src=\"https:\/\/www.bikethecity.it\/wp-content\/uploads\/2019\/08\/bike-and-the-city-tour-bicicletta-milano-roma-verona-51.png\" class=\"attachment-thumbnail size-thumbnail wp-image-5076\" alt=\"\" \/>\t\t\t\t\t\t\t\t\t\t\t\t\t\t\t<\/div>\n\t\t\t\t<\/div>\n\t\t\t\t\t<\/div>\n\t\t<\/div>\n\t\t\t\t\t<\/div>\n\t\t<\/section>\n\t\t\t\t<div class=\"elementor-element elementor-element-3287a9a elementor-widget elementor-widget-spacer\" data-id=\"3287a9a\" data-element_type=\"widget\" data-widget_type=\"spacer.default\">\n\t\t\t\t<div class=\"elementor-widget-container\">\n\t\t\t\t\t\t\t<div class=\"elementor-spacer\">\n\t\t\t<div class=\"elementor-spacer-inner\"><\/div>\n\t\t<\/div>\n\t\t\t\t\t\t<\/div>\n\t\t\t\t<\/div>\n\t\t\t\t\t<\/div>\n\t\t<\/div>\n\t\t\t\t\t<\/div>\n\t\t<\/section>\n\t\t\t\t<section class=\"elementor-section elementor-top-section elementor-element elementor-element-cc932d9 elementor-section-full_width elementor-hidden-desktop elementor-section-height-default elementor-section-height-default\" data-id=\"cc932d9\" data-element_type=\"section\">\n\t\t\t\t\t\t<div class=\"elementor-container elementor-column-gap-default\">\n\t\t\t\t\t<div class=\"elementor-column elementor-col-100 elementor-top-column elementor-element elementor-element-89124f9\" data-id=\"89124f9\" data-element_type=\"column\" data-settings=\"{&quot;background_background&quot;:&quot;classic&quot;}\">\n\t\t\t<div class=\"elementor-widget-wrap elementor-element-populated\">\n\t\t\t\t\t\t<div class=\"elementor-element elementor-element-0241fc5 elementor-widget elementor-widget-heading\" data-id=\"0241fc5\" data-element_type=\"widget\" data-widget_type=\"heading.default\">\n\t\t\t\t<div class=\"elementor-widget-container\">\n\t\t\t\t\t<h2 class=\"elementor-heading-title elementor-size-default\">TOUR IN BICI&nbsp;DI TORINO<\/h2>\t\t\t\t<\/div>\n\t\t\t\t<\/div>\n\t\t\t\t\t<\/div>\n\t\t<\/div>\n\t\t\t\t\t<\/div>\n\t\t<\/section>\n\t\t\t\t<section class=\"elementor-section elementor-top-section elementor-element elementor-element-cc42c11 elementor-section-full_width elementor-hidden-desktop elementor-section-height-default elementor-section-height-default\" data-id=\"cc42c11\" data-element_type=\"section\">\n\t\t\t\t\t\t<div class=\"elementor-container elementor-column-gap-default\">\n\t\t\t\t\t<div class=\"elementor-column elementor-col-100 elementor-top-column elementor-element elementor-element-da58282\" data-id=\"da58282\" data-element_type=\"column\">\n\t\t\t<div class=\"elementor-widget-wrap elementor-element-populated\">\n\t\t\t\t\t\t<div class=\"elementor-element elementor-element-bd31baa elementor-widget elementor-widget-image\" data-id=\"bd31baa\" data-element_type=\"widget\" data-widget_type=\"image.default\">\n\t\t\t\t<div class=\"elementor-widget-container\">\n\t\t\t\t\t\t\t\t\t\t\t\t\t\t\t<img fetchpriority=\"high\" decoding=\"async\" width=\"1900\" height=\"1070\" src=\"https:\/\/www.bikethecity.it\/wp-content\/uploads\/2023\/02\/torino-bike-tour-private-bike-and-the-city-1.jpg\" class=\"attachment-full size-full wp-image-7638\" alt=\"torino-bike-tour-private-bike-and-the-city-1\" srcset=\"https:\/\/www.bikethecity.it\/wp-content\/uploads\/2023\/02\/torino-bike-tour-private-bike-and-the-city-1.jpg 1900w, https:\/\/www.bikethecity.it\/wp-content\/uploads\/2023\/02\/torino-bike-tour-private-bike-and-the-city-1-300x169.jpg 300w, https:\/\/www.bikethecity.it\/wp-content\/uploads\/2023\/02\/torino-bike-tour-private-bike-and-the-city-1-1024x577.jpg 1024w, https:\/\/www.bikethecity.it\/wp-content\/uploads\/2023\/02\/torino-bike-tour-private-bike-and-the-city-1-768x433.jpg 768w, https:\/\/www.bikethecity.it\/wp-content\/uploads\/2023\/02\/torino-bike-tour-private-bike-and-the-city-1-1536x865.jpg 1536w\" sizes=\"(max-width: 1900px) 100vw, 1900px\" \/>\t\t\t\t\t\t\t\t\t\t\t\t\t\t\t<\/div>\n\t\t\t\t<\/div>\n\t\t\t\t\t<\/div>\n\t\t<\/div>\n\t\t\t\t\t<\/div>\n\t\t<\/section>\n\t\t\t\t<section class=\"elementor-section elementor-top-section elementor-element elementor-element-3dced03 elementor-hidden-tablet elementor-hidden-phone elementor-section-boxed elementor-section-height-default elementor-section-height-default\" data-id=\"3dced03\" data-element_type=\"section\">\n\t\t\t\t\t\t<div class=\"elementor-container elementor-column-gap-default\">\n\t\t\t\t\t<div class=\"elementor-column elementor-col-100 elementor-top-column elementor-element elementor-element-366dd84\" data-id=\"366dd84\" data-element_type=\"column\">\n\t\t\t<div class=\"elementor-widget-wrap elementor-element-populated\">\n\t\t\t\t\t\t<div class=\"elementor-element elementor-element-d8bda06 elementor-widget elementor-widget-spacer\" data-id=\"d8bda06\" data-element_type=\"widget\" data-widget_type=\"spacer.default\">\n\t\t\t\t<div class=\"elementor-widget-container\">\n\t\t\t\t\t\t\t<div class=\"elementor-spacer\">\n\t\t\t<div class=\"elementor-spacer-inner\"><\/div>\n\t\t<\/div>\n\t\t\t\t\t\t<\/div>\n\t\t\t\t<\/div>\n\t\t\t\t\t<\/div>\n\t\t<\/div>\n\t\t\t\t\t<\/div>\n\t\t<\/section>\n\t\t\t\t<section class=\"elementor-section elementor-top-section elementor-element elementor-element-ad6fc2b elementor-section-boxed elementor-section-height-default elementor-section-height-default\" data-id=\"ad6fc2b\" data-element_type=\"section\">\n\t\t\t\t\t\t<div class=\"elementor-container elementor-column-gap-default\">\n\t\t\t\t\t<div class=\"elementor-column elementor-col-100 elementor-top-column elementor-element elementor-element-8f45e9a\" data-id=\"8f45e9a\" data-element_type=\"column\">\n\t\t\t<div class=\"elementor-widget-wrap elementor-element-populated\">\n\t\t\t\t\t\t<div class=\"elementor-element elementor-element-8b50d1f elementor-widget elementor-widget-text-editor\" data-id=\"8b50d1f\" data-element_type=\"widget\" data-widget_type=\"text-editor.default\">\n\t\t\t\t<div class=\"elementor-widget-container\">\n\t\t\t\t\t\t\t\t\t<p><span lang=\"EN-US\">Qualche anno fa ci siamo letteralmente innamorati della citt\u00e0 di Torinoper la sua atmosfera, la sua sobria eleganza, i caff\u00e8, l&#8217;incredibile cultura gastronomica e anche per i suoi eventi, nonch\u00e9 per la vivacit\u00e0 e della sua stimolante scena artistica contemporanea. Pi\u00f9 la conosciamo, pi\u00f9 la amiamo.<\/span><\/p><p><span lang=\"EN-US\">Per dirlo con le parole dI Lonely Planet &#8220;c&#8217;\u00e8 un soffio di Parigi negli eleganti viali alberati di Torino ed echi di Vienna nei suoi maestosi caff\u00e8 in stile art nouveau&#8221;, ma la sua personalit\u00e0 e il fulgore della sua storia sono assolutamente innegabili.<\/span><\/p><p><span lang=\"EN-US\">L&#8217;unica vera <strong>citt\u00e0 regale d&#8217;Italia<\/strong> e <strong>prima capitale del regno unificato<\/strong>, <strong>sede dell&#8217;industria automobilistica italiana<\/strong> con FCA (FIAT), <strong>citt\u00e0 del primo cinema italiano<\/strong>, <strong>capitale italiana del cioccolato<\/strong> con i suoi Gianduiotti, <strong>luogo di nascita del Vermouth e dell&#8217;aperitivo<\/strong>, ha anche <strong>dato i natali al movimento Slow Food<\/strong>: cosa si potrebbe chiedere di pi\u00f9 a Torino?<\/span><\/p><p><span lang=\"EN-US\">Torino ospita inoltre<strong>il museo egizio pi\u00f9 importante del mondo fuori dall&#8217;Egitto<\/strong> e alcuni dei pi\u00f9 preziosi manufatti storici e reliquie religiose del mondo, tra cui la famosa <strong>Sindone di Torino<\/strong>, nonch\u00e9 l&#8217;<strong>autoritratto di Leonardo da Vinci<\/strong> e il suo <strong>Codice sul Volo degli Uccelli<\/strong>.<\/span><\/p><p><span lang=\"EN-US\">Torino \u00e8 anche amata ed esplorata dagli appassionati di esoterismo, che seguono gli indizi per ottenere la chiave con cui decifrare le <strong>profezie di Nostradamus<\/strong> e individuare il <strong>nascondiglio segreto del Santo Graal<\/strong>.<\/span><\/p><p><span lang=\"EN-US\">Guidati dai nostri esperti locali e dalle nostre <strong>guide turistiche in bicicletta<\/strong>, vedrai le principali attrazioni turistiche della citt\u00e0 di Torino come il <strong>Castello<\/strong>e la <strong>Mole Antonelliana<\/strong>, nonch\u00e9 il suo polmone verde, il bellissimo <strong>Parco del Valentino<\/strong>. Inoltre le nostre guide condivideranno con te alcuni <strong>segreti<\/strong>ben custoditi negli angoli poco conosciuti della citt\u00e0.<\/span><\/p><p>.<\/p>\t\t\t\t\t\t\t\t<\/div>\n\t\t\t\t<\/div>\n\t\t\t\t\t<\/div>\n\t\t<\/div>\n\t\t\t\t\t<\/div>\n\t\t<\/section>\n\t\t\t\t<section class=\"elementor-section elementor-top-section elementor-element elementor-element-b843c4c elementor-section-boxed elementor-section-height-default elementor-section-height-default\" data-id=\"b843c4c\" data-element_type=\"section\">\n\t\t\t\t\t\t<div class=\"elementor-container elementor-column-gap-default\">\n\t\t\t\t\t<div class=\"elementor-column elementor-col-33 elementor-top-column elementor-element elementor-element-f785198\" data-id=\"f785198\" data-element_type=\"column\">\n\t\t\t<div class=\"elementor-widget-wrap elementor-element-populated\">\n\t\t\t\t\t\t<div class=\"elementor-element elementor-element-98afcc9 elementor-widget elementor-widget-text-editor\" data-id=\"98afcc9\" data-element_type=\"widget\" data-widget_type=\"text-editor.default\">\n\t\t\t\t<div class=\"elementor-widget-container\">\n\t\t\t\t\t\t\t\t\t<ul>\n<li style=\"text-align: left;\"><span style=\"color: #7a7a7a;\">Giro panoramico della citt\u00e0<br \/><\/span><\/li>\n<li style=\"text-align: left;\"><span style=\"color: #7a7a7a;\">Gruppi poco numerosi<br \/><\/span><\/li>\n<li><span style=\"color: #7a7a7c;\">Guida esperta<\/span><\/li>\n<li><span style=\"color: #7a7a7c;\">Ritmo piacevole<\/span><\/li>\n<\/ul>\n\t\t\t\t\t\t\t\t<\/div>\n\t\t\t\t<\/div>\n\t\t\t\t\t<\/div>\n\t\t<\/div>\n\t\t\t\t<div class=\"elementor-column elementor-col-33 elementor-top-column elementor-element elementor-element-b2ef207\" data-id=\"b2ef207\" data-element_type=\"column\">\n\t\t\t<div class=\"elementor-widget-wrap elementor-element-populated\">\n\t\t\t\t\t\t<div class=\"elementor-element elementor-element-9aa98b9 elementor-widget elementor-widget-text-editor\" data-id=\"9aa98b9\" data-element_type=\"widget\" data-widget_type=\"text-editor.default\">\n\t\t\t\t<div class=\"elementor-widget-container\">\n\t\t\t\t\t\t\t\t\t<ul>\n<li><span style=\"color: #7a7a7c;\">Bicicletta comoda<\/span><\/li>\n<li><span style=\"color: #7a7a7c;\"><span lang=\"EN-US\">Prezzo speciale per i ragazzi sotto i 16 anni<\/span><\/span><\/li>\n<li><span style=\"color: #7a7a7c;\">Casco e impermeabile<\/span><\/li>\n<li><span style=\"color: #7a7a7c;\">Tour a piedi in caso di forti piogge <\/span><\/li>\n<\/ul>\n\t\t\t\t\t\t\t\t<\/div>\n\t\t\t\t<\/div>\n\t\t\t\t\t<\/div>\n\t\t<\/div>\n\t\t\t\t<div class=\"elementor-column elementor-col-33 elementor-top-column elementor-element elementor-element-d992992\" data-id=\"d992992\" data-element_type=\"column\">\n\t\t\t<div class=\"elementor-widget-wrap elementor-element-populated\">\n\t\t\t\t\t\t<div class=\"elementor-element elementor-element-c71b431 elementor-widget elementor-widget-text-editor\" data-id=\"c71b431\" data-element_type=\"widget\" data-widget_type=\"text-editor.default\">\n\t\t\t\t<div class=\"elementor-widget-container\">\n\t\t\t\t\t\t\t\t\t<ul>\n<li><span style=\"color: #7a7a7c;\">Prenotazione online <\/span><\/li>\n<li><span style=\"color: #7a7a7c;\">Conferma immediata<\/span><\/li>\n<li><span style=\"color: #7a7a7c;\">Possibilit\u00e0 di cancellare la prenotazione in 24 ore<\/span><\/li>\n<li><span style=\"color: #7a7a7c;\">Assicurazione responsabilit\u00e0 civile verso terzi<\/span><\/li>\n<\/ul>\n\t\t\t\t\t\t\t\t<\/div>\n\t\t\t\t<\/div>\n\t\t\t\t\t<\/div>\n\t\t<\/div>\n\t\t\t\t\t<\/div>\n\t\t<\/section>\n\t\t\t\t<section class=\"elementor-section elementor-top-section elementor-element elementor-element-915da32 elementor-hidden-tablet elementor-hidden-phone elementor-section-boxed elementor-section-height-default elementor-section-height-default\" data-id=\"915da32\" data-element_type=\"section\">\n\t\t\t\t\t\t<div class=\"elementor-container elementor-column-gap-default\">\n\t\t\t\t\t<div class=\"elementor-column elementor-col-100 elementor-top-column elementor-element elementor-element-2dc002e\" data-id=\"2dc002e\" data-element_type=\"column\">\n\t\t\t<div class=\"elementor-widget-wrap elementor-element-populated\">\n\t\t\t\t\t\t<div class=\"elementor-element elementor-element-453932d elementor-widget elementor-widget-spacer\" data-id=\"453932d\" data-element_type=\"widget\" data-widget_type=\"spacer.default\">\n\t\t\t\t<div class=\"elementor-widget-container\">\n\t\t\t\t\t\t\t<div class=\"elementor-spacer\">\n\t\t\t<div class=\"elementor-spacer-inner\"><\/div>\n\t\t<\/div>\n\t\t\t\t\t\t<\/div>\n\t\t\t\t<\/div>\n\t\t\t\t\t<\/div>\n\t\t<\/div>\n\t\t\t\t\t<\/div>\n\t\t<\/section>\n\t\t\t\t<section class=\"elementor-section elementor-top-section elementor-element elementor-element-2e02751 elementor-hidden-tablet elementor-hidden-phone elementor-section-boxed elementor-section-height-default elementor-section-height-default\" data-id=\"2e02751\" data-element_type=\"section\">\n\t\t\t\t\t\t<div class=\"elementor-container elementor-column-gap-default\">\n\t\t\t\t\t<div class=\"elementor-column elementor-col-66 elementor-top-column elementor-element elementor-element-68330b4\" data-id=\"68330b4\" data-element_type=\"column\">\n\t\t\t<div class=\"elementor-widget-wrap elementor-element-populated\">\n\t\t\t\t\t\t<div class=\"elementor-element elementor-element-1305a0c elementor-widget elementor-widget-text-editor\" data-id=\"1305a0c\" data-element_type=\"widget\" data-widget_type=\"text-editor.default\">\n\t\t\t\t<div class=\"elementor-widget-container\">\n\t\t\t\t\t\t\t\t\t<h2><span style=\"color: #64c3c0;\">TURIN <\/span><span style=\"color: #64c3c0;\">HIGHLIGHTS SMALL-GROUP <\/span><span style=\"color: #64c3c0;\">BIKE TOUR<br \/><\/span><span style=\"color: #64c3c0;\">Alla scoperta di Torino in bicicletta<\/span><\/h2><p><span lang=\"EN-US\">Il tour inizia nella zona di Porta Nuova, vicino alla stazione ferroviaria principale, dove salirai in bicicletta per scoprire ad ogni angolo la grandezza di <strong>Torino<\/strong>, la <strong>citt\u00e0 regale d&#8217;Italia per eccellenza<\/strong>.<\/span><\/p><p><span lang=\"EN-US\">Ammireremo l&#8217;eleganza di <strong>Piazza San Carlo<\/strong> con i suoi caff\u00e8 storici e faremo un&#8217;introduzione preliminare sulla storia, la geografia e l&#8217;essenza di Torino.<\/span><\/p><p><span lang=\"EN-US\">Appena finito ci dirigeremo al <strong>Castello della famiglia reale Savoia<\/strong>, quindi entreremo nella parte pi\u00f9 antica della citt\u00e0, con le sue rovine romane. Da l\u00ec pedaleremo dolcemente preparandoci ad ammirare la <strong>Mole Antonelliana<\/strong>, il museo pi\u00f9 alto del mondo e il vero punto di riferimento della citt\u00e0. La Mole ospita lo spettacolare Museo Nazionale del Cinema che ripercorre la storia della settima arte dai suoi inizi fino ad oggi.<\/span><\/p><p><span lang=\"EN-US\">Subito dopo respireremo a pieni polmoni pedaleremo lungo l&#8217;ampio <strong>lungofiume del Po<\/strong>, il fiume pi\u00f9 grande d&#8217;Italia, circondato da colline, come Superga e splendidi edifici, ed entreremo nel <strong>Parco del Valentino<\/strong>, popolato da uccelli e scoiattoli, dove la famiglia reale era solita trascorrere i giorni d&#8217;estate. Faremo una pausa per goderci una visita alla riproduzione pittoresca quanto fedele di una <strong>contrada medievale<\/strong> che \u00e8 stata ricostruita all&#8217;interno del Parco<\/span><\/p><p><span lang=\"EN-US\">Sulla via del ritorno lungo il fiume ammireremo l&#8217;imponente <strong>Gran Madre di Dio<\/strong>, una chiesa famosa per la sua connessione con l&#8217;esoterismo e la leggenda del Santo Graal. Come tappa finale incontreremo <strong>Palazzo Carignano<\/strong> e il <strong>Museo del Risorgimento<\/strong>, che ospit\u00f2 il primo Parlamento d&#8217;Italia e che \u00e8 attualmente il pi\u00f9 antico edificio di un parlamento rimasto intatto in Europa.<\/span><\/p><p><span lang=\"EN-US\">Infine, pedaleremo lungo il <strong>Museo Egizio<\/strong>, il pi\u00f9 importante museo dedicato alla terra dei Faraoni al di fuori dell&#8217;Egitto.<\/span><\/p><p><span lang=\"EN-US\">Non perdere i consigli e le indicazioni dei nostri esperti locali sui luoghi pi\u00f9 interessanti da visitare, sul dove mangiare una <strong>bagna c\u00e0uda<\/strong>, dove sorseggiare un <strong>bicerin <\/strong>originale, assaggiare un delizioso <strong>Gianduiotto<\/strong> e sorseggiare l&#8217;<strong>aperitivo <\/strong>da cui \u00e8 nato quello milanese.<\/span><\/p><p><strong><span lang=\"EN-US\">Torino \u00e8 una straordinaria esperienza storica, artistica e gastronomica, tutto in uno.<\/span><\/strong><\/p>\t\t\t\t\t\t\t\t<\/div>\n\t\t\t\t<\/div>\n\t\t\t\t<section class=\"elementor-section elementor-inner-section elementor-element elementor-element-9ae242c elementor-section-full_width elementor-hidden-tablet elementor-hidden-phone elementor-section-height-default elementor-section-height-default\" data-id=\"9ae242c\" data-element_type=\"section\">\n\t\t\t\t\t\t<div class=\"elementor-container elementor-column-gap-default\">\n\t\t\t\t\t<div class=\"elementor-column elementor-col-50 elementor-inner-column elementor-element elementor-element-9e367c1\" data-id=\"9e367c1\" data-element_type=\"column\">\n\t\t\t<div class=\"elementor-widget-wrap elementor-element-populated\">\n\t\t\t\t\t\t<div class=\"elementor-element elementor-element-e8d9af6 elementor-widget elementor-widget-text-editor\" data-id=\"e8d9af6\" data-element_type=\"widget\" data-widget_type=\"text-editor.default\">\n\t\t\t\t<div class=\"elementor-widget-container\">\n\t\t\t\t\t\t\t\t\t<h2><span style=\"color: #64c3c0;\"><strong>Tour di 3 h e 30&#8242; &#8211; 39 \u20ac<\/strong><\/span><\/h2>\t\t\t\t\t\t\t\t<\/div>\n\t\t\t\t<\/div>\n\t\t\t\t\t<\/div>\n\t\t<\/div>\n\t\t\t\t<div class=\"elementor-column elementor-col-50 elementor-inner-column elementor-element elementor-element-5c3fac5\" data-id=\"5c3fac5\" data-element_type=\"column\">\n\t\t\t<div class=\"elementor-widget-wrap elementor-element-populated\">\n\t\t\t\t\t\t<div class=\"elementor-element elementor-element-275de1b elementor-widget elementor-widget-image\" data-id=\"275de1b\" data-element_type=\"widget\" data-widget_type=\"image.default\">\n\t\t\t\t<div class=\"elementor-widget-container\">\n\t\t\t\t\t\t\t\t\t\t\t\t\t\t\t\t<a href=\"https:\/\/fareharbor.com\/embeds\/book\/bikethecity-turin\/items\/517661\/?full-items=yes&#038;flow=1107364\" target=\"_blank\">\n\t\t\t\t\t\t\t<img decoding=\"async\" width=\"812\" height=\"114\" src=\"https:\/\/www.bikethecity.it\/wp-content\/uploads\/2019\/12\/See-Availability.png\" class=\"attachment-full size-full wp-image-4936\" alt=\"\" srcset=\"https:\/\/www.bikethecity.it\/wp-content\/uploads\/2019\/12\/See-Availability.png 812w, https:\/\/www.bikethecity.it\/wp-content\/uploads\/2019\/12\/See-Availability-300x42.png 300w, https:\/\/www.bikethecity.it\/wp-content\/uploads\/2019\/12\/See-Availability-768x108.png 768w\" sizes=\"(max-width: 812px) 100vw, 812px\" \/>\t\t\t\t\t\t\t\t<\/a>\n\t\t\t\t\t\t\t\t\t\t\t\t\t\t\t<\/div>\n\t\t\t\t<\/div>\n\t\t\t\t\t<\/div>\n\t\t<\/div>\n\t\t\t\t\t<\/div>\n\t\t<\/section>\n\t\t\t\t\t<\/div>\n\t\t<\/div>\n\t\t\t\t<div class=\"elementor-column elementor-col-33 elementor-top-column elementor-element elementor-element-6034fcb\" data-id=\"6034fcb\" data-element_type=\"column\">\n\t\t\t<div class=\"elementor-widget-wrap elementor-element-populated\">\n\t\t\t\t\t\t<div class=\"elementor-element elementor-element-6e23eda elementor-widget elementor-widget-image\" data-id=\"6e23eda\" data-element_type=\"widget\" data-widget_type=\"image.default\">\n\t\t\t\t<div class=\"elementor-widget-container\">\n\t\t\t\t\t\t\t\t\t\t\t\t\t\t\t<img loading=\"lazy\" decoding=\"async\" width=\"902\" height=\"902\" src=\"https:\/\/www.bikethecity.it\/wp-content\/uploads\/2019\/08\/bike-and-the-city-tour-bicicletta-milano-roma-verona-72.jpg\" class=\"attachment-full size-full wp-image-5082\" alt=\"\" srcset=\"https:\/\/www.bikethecity.it\/wp-content\/uploads\/2019\/08\/bike-and-the-city-tour-bicicletta-milano-roma-verona-72.jpg 902w, https:\/\/www.bikethecity.it\/wp-content\/uploads\/2019\/08\/bike-and-the-city-tour-bicicletta-milano-roma-verona-72-150x150.jpg 150w, https:\/\/www.bikethecity.it\/wp-content\/uploads\/2019\/08\/bike-and-the-city-tour-bicicletta-milano-roma-verona-72-300x300.jpg 300w, https:\/\/www.bikethecity.it\/wp-content\/uploads\/2019\/08\/bike-and-the-city-tour-bicicletta-milano-roma-verona-72-768x768.jpg 768w\" sizes=\"(max-width: 902px) 100vw, 902px\" \/>\t\t\t\t\t\t\t\t\t\t\t\t\t\t\t<\/div>\n\t\t\t\t<\/div>\n\t\t\t\t\t<\/div>\n\t\t<\/div>\n\t\t\t\t\t<\/div>\n\t\t<\/section>\n\t\t\t\t<section class=\"elementor-section elementor-top-section elementor-element elementor-element-938864a elementor-hidden-desktop elementor-section-boxed elementor-section-height-default elementor-section-height-default\" data-id=\"938864a\" data-element_type=\"section\">\n\t\t\t\t\t\t<div class=\"elementor-container elementor-column-gap-default\">\n\t\t\t\t\t<div class=\"elementor-column elementor-col-50 elementor-top-column elementor-element elementor-element-2718f00\" data-id=\"2718f00\" data-element_type=\"column\">\n\t\t\t<div class=\"elementor-widget-wrap elementor-element-populated\">\n\t\t\t\t\t\t<div class=\"elementor-element elementor-element-e5fea51 elementor-widget elementor-widget-image\" data-id=\"e5fea51\" data-element_type=\"widget\" data-widget_type=\"image.default\">\n\t\t\t\t<div class=\"elementor-widget-container\">\n\t\t\t\t\t\t\t\t\t\t\t\t\t\t\t<img loading=\"lazy\" decoding=\"async\" width=\"902\" height=\"902\" src=\"https:\/\/www.bikethecity.it\/wp-content\/uploads\/2019\/08\/bike-and-the-city-tour-bicicletta-milano-roma-verona-72.jpg\" class=\"attachment-full size-full wp-image-5082\" alt=\"\" srcset=\"https:\/\/www.bikethecity.it\/wp-content\/uploads\/2019\/08\/bike-and-the-city-tour-bicicletta-milano-roma-verona-72.jpg 902w, https:\/\/www.bikethecity.it\/wp-content\/uploads\/2019\/08\/bike-and-the-city-tour-bicicletta-milano-roma-verona-72-150x150.jpg 150w, https:\/\/www.bikethecity.it\/wp-content\/uploads\/2019\/08\/bike-and-the-city-tour-bicicletta-milano-roma-verona-72-300x300.jpg 300w, https:\/\/www.bikethecity.it\/wp-content\/uploads\/2019\/08\/bike-and-the-city-tour-bicicletta-milano-roma-verona-72-768x768.jpg 768w\" sizes=\"(max-width: 902px) 100vw, 902px\" \/>\t\t\t\t\t\t\t\t\t\t\t\t\t\t\t<\/div>\n\t\t\t\t<\/div>\n\t\t\t\t\t<\/div>\n\t\t<\/div>\n\t\t\t\t<div class=\"elementor-column elementor-col-50 elementor-top-column elementor-element elementor-element-b80938a\" data-id=\"b80938a\" data-element_type=\"column\">\n\t\t\t<div class=\"elementor-widget-wrap elementor-element-populated\">\n\t\t\t\t\t\t<div class=\"elementor-element elementor-element-d503cec elementor-widget elementor-widget-text-editor\" data-id=\"d503cec\" data-element_type=\"widget\" data-widget_type=\"text-editor.default\">\n\t\t\t\t<div class=\"elementor-widget-container\">\n\t\t\t\t\t\t\t\t\t<h2><span style=\"color: #64c3c0;\">TURIN HIGHLIGHTS SMALL-GROUP BIKE TOUR<br \/><\/span><span style=\"color: #64c3c0;\">Alla scoperta di Torino in bicicletta<\/span><\/h2><p><span lang=\"EN-US\">Il tour inizia nella zona di Porta Nuova, vicino alla stazione ferroviaria principale, dove salirai in bicicletta per scoprire ad ogni angolo la grandezza di Torino, la <strong>citt\u00e0 regale d&#8217;Italia per eccellenza<\/strong>.<\/span><\/p><p><span lang=\"EN-US\">Ammireremo l&#8217;eleganza di <strong>Piazza San Carlo<\/strong> con i suoi caff\u00e8 storici e faremo un&#8217;introduzione preliminare sulla storia, la geografia e l&#8217;essenza di Torino.<\/span><\/p><p><span lang=\"EN-US\">Appena finito ci dirigeremo al <strong>Castello della famiglia reale Savoia<\/strong>, quindi entreremo nella parte pi\u00f9 antica della citt\u00e0, con le sue rovine romane. Da l\u00ec pedaleremo dolcemente preparandoci ad ammirare la <strong>Mole Antonelliana<\/strong>, il museo pi\u00f9 alto del mondo e il vero punto di riferimento della citt\u00e0. La Mole ospita lo spettacolare Museo Nazionale del Cinema che ripercorre la storia della settima arte dai suoi inizi fino ad oggi.<\/span><\/p><p><span lang=\"EN-US\">Subito dopo respireremo a pieni polmoni pedaleremo lungo l&#8217;ampio <strong>lungofiume del Po<\/strong>, il fiume pi\u00f9 grande d&#8217;Italia, circondato da colline, come Superga e splendidi edifici, ed entreremo nel <strong>Parco del Valentino<\/strong>, popolato da uccelli e scoiattoli, dove la famiglia reale era solita trascorrere i giorni d&#8217;estate. Faremo una pausa per goderci una visita alla riproduzione pittoresca quanto fedele di una <strong>contrada medievale<\/strong> che \u00e8 stata ricostruita all&#8217;interno del Parco<\/span><\/p><p><span lang=\"EN-US\">Sulla via del ritorno lungo il fiume ammireremo l&#8217;imponente <strong>Gran Madre di Dio<\/strong>, una chiesa famosa per la sua connessione con l&#8217;esoterismo e la leggenda del Santo Graal. Come tappa finale incontreremo <strong>Palazzo Carignano<\/strong> e il <strong>Museo del Risorgimento<\/strong>, che ospit\u00f2 il primo Parlamento d&#8217;Italia e che \u00e8 attualmente il pi\u00f9 antico edificio di un parlamento rimasto intatto in Europa.<\/span><\/p><p><span lang=\"EN-US\">Infine, pedaleremo lungo il <strong>Museo Egizio<\/strong>, il pi\u00f9 importante museo dedicato alla terra dei Faraoni al di fuori dell&#8217;Egitto.<\/span><\/p><p><span lang=\"EN-US\">Non perdere i consigli e le indicazioni dei nostri esperti locali sui luoghi pi\u00f9 interessanti da visitare, sul dove mangiare una <strong>bagna c\u00e0uda<\/strong>, dove sorseggiare un <strong>bicerin <\/strong>originale, assaggiare un delizioso <strong>Gianduiotto<\/strong> e sorseggiare l&#8217;<strong>aperitivo <\/strong>da cui \u00e8 nato quello milanese.<\/span><\/p><p><strong><span lang=\"EN-US\">Torino \u00e8 una straordinaria esperienza storica, artistica e gastronomica, tutto in uno.<\/span><\/strong><\/p>\t\t\t\t\t\t\t\t<\/div>\n\t\t\t\t<\/div>\n\t\t\t\t\t<\/div>\n\t\t<\/div>\n\t\t\t\t\t<\/div>\n\t\t<\/section>\n\t\t\t\t<section class=\"elementor-section elementor-inner-section elementor-element elementor-element-7cdd3c20 elementor-section-full_width elementor-hidden-desktop elementor-section-height-default elementor-section-height-default\" data-id=\"7cdd3c20\" data-element_type=\"section\">\n\t\t\t\t\t\t<div class=\"elementor-container elementor-column-gap-default\">\n\t\t\t\t\t<div class=\"elementor-column elementor-col-33 elementor-inner-column elementor-element elementor-element-337f8ff9\" data-id=\"337f8ff9\" data-element_type=\"column\">\n\t\t\t<div class=\"elementor-widget-wrap elementor-element-populated\">\n\t\t\t\t\t\t<div class=\"elementor-element elementor-element-60ac30e3 elementor-widget elementor-widget-text-editor\" data-id=\"60ac30e3\" data-element_type=\"widget\" data-widget_type=\"text-editor.default\">\n\t\t\t\t<div class=\"elementor-widget-container\">\n\t\t\t\t\t\t\t\t\t<p><i class=\"far fa-clock\"><\/i><\/p>\n\t\t\t\t\t\t\t\t<\/div>\n\t\t\t\t<\/div>\n\t\t\t\t\t<\/div>\n\t\t<\/div>\n\t\t\t\t<div class=\"elementor-column elementor-col-33 elementor-inner-column elementor-element elementor-element-355b3329\" data-id=\"355b3329\" data-element_type=\"column\">\n\t\t\t<div class=\"elementor-widget-wrap elementor-element-populated\">\n\t\t\t\t\t\t<div class=\"elementor-element elementor-element-68088d9 elementor-widget elementor-widget-text-editor\" data-id=\"68088d9\" data-element_type=\"widget\" data-widget_type=\"text-editor.default\">\n\t\t\t\t<div class=\"elementor-widget-container\">\n\t\t\t\t\t\t\t\t\t<h2><span style=\"color: #64c6c3;\"><strong>3h 30&#8242; &#8211; \u20ac 40,00<br \/><\/strong><\/span><\/h2>\n<h2><span style=\"color: #64c6c3;\"><strong> <\/strong><\/span><\/h2>\n\t\t\t\t\t\t\t\t<\/div>\n\t\t\t\t<\/div>\n\t\t\t\t\t<\/div>\n\t\t<\/div>\n\t\t\t\t<div class=\"elementor-column elementor-col-33 elementor-inner-column elementor-element elementor-element-13114821\" data-id=\"13114821\" data-element_type=\"column\">\n\t\t\t<div class=\"elementor-widget-wrap elementor-element-populated\">\n\t\t\t\t\t\t<div class=\"elementor-element elementor-element-1319fe63 elementor-widget elementor-widget-image\" data-id=\"1319fe63\" data-element_type=\"widget\" data-widget_type=\"image.default\">\n\t\t\t\t<div class=\"elementor-widget-container\">\n\t\t\t\t\t\t\t\t\t\t\t\t\t\t\t\t<a href=\"https:\/\/www.bikethecity.it\/it\/prenota-ora\/\" target=\"_blank\">\n\t\t\t\t\t\t\t<img decoding=\"async\" width=\"812\" height=\"114\" src=\"https:\/\/www.bikethecity.it\/wp-content\/uploads\/2019\/12\/See-Availability.png\" class=\"attachment-full size-full wp-image-4936\" alt=\"\" srcset=\"https:\/\/www.bikethecity.it\/wp-content\/uploads\/2019\/12\/See-Availability.png 812w, https:\/\/www.bikethecity.it\/wp-content\/uploads\/2019\/12\/See-Availability-300x42.png 300w, https:\/\/www.bikethecity.it\/wp-content\/uploads\/2019\/12\/See-Availability-768x108.png 768w\" sizes=\"(max-width: 812px) 100vw, 812px\" \/>\t\t\t\t\t\t\t\t<\/a>\n\t\t\t\t\t\t\t\t\t\t\t\t\t\t\t<\/div>\n\t\t\t\t<\/div>\n\t\t\t\t\t<\/div>\n\t\t<\/div>\n\t\t\t\t\t<\/div>\n\t\t<\/section>\n\t\t\t\t<section class=\"elementor-section elementor-top-section elementor-element elementor-element-bcf7453 elementor-hidden-tablet elementor-hidden-phone elementor-section-boxed elementor-section-height-default elementor-section-height-default\" data-id=\"bcf7453\" data-element_type=\"section\">\n\t\t\t\t\t\t<div class=\"elementor-container elementor-column-gap-default\">\n\t\t\t\t\t<div class=\"elementor-column elementor-col-100 elementor-top-column elementor-element elementor-element-adb990f\" data-id=\"adb990f\" data-element_type=\"column\">\n\t\t\t<div class=\"elementor-widget-wrap elementor-element-populated\">\n\t\t\t\t\t\t<div class=\"elementor-element elementor-element-57eef38 elementor-widget elementor-widget-spacer\" data-id=\"57eef38\" data-element_type=\"widget\" data-widget_type=\"spacer.default\">\n\t\t\t\t<div class=\"elementor-widget-container\">\n\t\t\t\t\t\t\t<div class=\"elementor-spacer\">\n\t\t\t<div class=\"elementor-spacer-inner\"><\/div>\n\t\t<\/div>\n\t\t\t\t\t\t<\/div>\n\t\t\t\t<\/div>\n\t\t\t\t\t<\/div>\n\t\t<\/div>\n\t\t\t\t\t<\/div>\n\t\t<\/section>\n\t\t\t\t<section class=\"elementor-section elementor-top-section elementor-element elementor-element-ed29751 elementor-hidden-tablet elementor-hidden-phone elementor-hidden-desktop elementor-section-boxed elementor-section-height-default elementor-section-height-default\" data-id=\"ed29751\" data-element_type=\"section\">\n\t\t\t\t\t\t<div class=\"elementor-container elementor-column-gap-default\">\n\t\t\t\t\t<div class=\"elementor-column elementor-col-66 elementor-top-column elementor-element elementor-element-e57365c\" data-id=\"e57365c\" data-element_type=\"column\">\n\t\t\t<div class=\"elementor-widget-wrap elementor-element-populated\">\n\t\t\t\t\t\t<div class=\"elementor-element elementor-element-491b6dd elementor-widget elementor-widget-text-editor\" data-id=\"491b6dd\" data-element_type=\"widget\" data-widget_type=\"text-editor.default\">\n\t\t\t\t<div class=\"elementor-widget-container\">\n\t\t\t\t\t\t\t\t\t<h2><span style=\"color: #64c3c0;\">BIKE &amp; MARKET TOUR<br \/><\/span><span style=\"color: #64c3c0;\">Discover Turin cycling and tasting<br \/><\/span><\/h2>\n<p>Food is culture. Travelling is discovering other cultures by tasting, smelling, talking with locals and experiencing your destination with all your senses. That\u2019s why we warmly welcomed a collaboration with Eataly.<\/p>\n<p>Life is too short not to eat and drink well! Who can argue about it?<\/p>\n<p>This is the motto of Eataly, that 12 years ago, on January 27th 2007, opened the first food and wine center in Torino Lingotto. Where there was the Carpano Vermouth factory, a place was born where to find high quality products at sustainable prices through the original format that foresees being able to buy, eat and learn. Cooking classes, guided tastings, meetings with great chefs and free education for children and the elderly create a correct perception of quality that makes the human being more satisfied and happy.<\/p>\n<p>So in combination with your morning Turin Bike tour, you can now join an afternoon unique sensory experience: a real journey through the colors, smells and flavors of Piemonte\u2019s and Italy\u2019s specialties. <\/p>\n<p>Expert Eataly guides will accompany you on a taste-rich food and wine itinerary in each corner of the Food and Beverage Market, during which you will learn about the great variety of regional and Italian products and more about the philosophy, history and values of Eataly.<\/p>\n<p>The Market tour will lead you through the departments and restaurants and there will be a tasting at each stop in a \u201ceat-pray-love\u201d, delicious aperitif mood: Bakery, Salami &amp; Cheese, Laboratory of Mozzarella, Butchery, Fishmonger, Vermouth directly from the excellence of Carpano Vermouth factory.<\/p>\n<p>Taste buds are informed and please check any diet at the door!<\/p>\n\t\t\t\t\t\t\t\t<\/div>\n\t\t\t\t<\/div>\n\t\t\t\t<section class=\"elementor-section elementor-inner-section elementor-element elementor-element-5afdec8 elementor-section-full_width elementor-hidden-tablet elementor-hidden-phone elementor-section-height-default elementor-section-height-default\" data-id=\"5afdec8\" data-element_type=\"section\">\n\t\t\t\t\t\t<div class=\"elementor-container elementor-column-gap-default\">\n\t\t\t\t\t<div class=\"elementor-column elementor-col-50 elementor-inner-column elementor-element elementor-element-05add46\" data-id=\"05add46\" data-element_type=\"column\">\n\t\t\t<div class=\"elementor-widget-wrap elementor-element-populated\">\n\t\t\t\t\t\t<div class=\"elementor-element elementor-element-6ef29be elementor-widget elementor-widget-text-editor\" data-id=\"6ef29be\" data-element_type=\"widget\" data-widget_type=\"text-editor.default\">\n\t\t\t\t<div class=\"elementor-widget-container\">\n\t\t\t\t\t\t\t\t\t<h2><strong>\u20ac 70,00<\/strong><\/h2>\n\t\t\t\t\t\t\t\t<\/div>\n\t\t\t\t<\/div>\n\t\t\t\t\t<\/div>\n\t\t<\/div>\n\t\t\t\t<div class=\"elementor-column elementor-col-50 elementor-inner-column elementor-element elementor-element-214f06e\" data-id=\"214f06e\" data-element_type=\"column\">\n\t\t\t<div class=\"elementor-widget-wrap elementor-element-populated\">\n\t\t\t\t\t\t<div class=\"elementor-element elementor-element-bdb4d2a elementor-widget elementor-widget-image\" data-id=\"bdb4d2a\" data-element_type=\"widget\" data-widget_type=\"image.default\">\n\t\t\t\t<div class=\"elementor-widget-container\">\n\t\t\t\t\t\t\t\t\t\t\t\t\t\t\t\t<a href=\"https:\/\/www.bikethecity.it\/it\/prenota-ora\/#regdl=categories\" target=\"_blank\">\n\t\t\t\t\t\t\t<img decoding=\"async\" width=\"812\" height=\"114\" src=\"https:\/\/www.bikethecity.it\/wp-content\/uploads\/2019\/12\/See-Availability.png\" class=\"attachment-full size-full wp-image-4936\" alt=\"\" srcset=\"https:\/\/www.bikethecity.it\/wp-content\/uploads\/2019\/12\/See-Availability.png 812w, https:\/\/www.bikethecity.it\/wp-content\/uploads\/2019\/12\/See-Availability-300x42.png 300w, https:\/\/www.bikethecity.it\/wp-content\/uploads\/2019\/12\/See-Availability-768x108.png 768w\" sizes=\"(max-width: 812px) 100vw, 812px\" \/>\t\t\t\t\t\t\t\t<\/a>\n\t\t\t\t\t\t\t\t\t\t\t\t\t\t\t<\/div>\n\t\t\t\t<\/div>\n\t\t\t\t\t<\/div>\n\t\t<\/div>\n\t\t\t\t\t<\/div>\n\t\t<\/section>\n\t\t\t\t\t<\/div>\n\t\t<\/div>\n\t\t\t\t<div class=\"elementor-column elementor-col-33 elementor-top-column elementor-element elementor-element-44b68b7\" data-id=\"44b68b7\" data-element_type=\"column\">\n\t\t\t<div class=\"elementor-widget-wrap elementor-element-populated\">\n\t\t\t\t\t\t<div class=\"elementor-element elementor-element-02d03b7 elementor-widget elementor-widget-image\" data-id=\"02d03b7\" data-element_type=\"widget\" data-widget_type=\"image.default\">\n\t\t\t\t<div class=\"elementor-widget-container\">\n\t\t\t\t\t\t\t\t\t\t\t\t\t\t\t<img loading=\"lazy\" decoding=\"async\" width=\"1200\" height=\"1200\" src=\"https:\/\/www.bikethecity.it\/wp-content\/uploads\/2019\/08\/bike-and-the-city-tour-bicicletta-milano-roma-verona-59.jpg\" class=\"attachment-full size-full wp-image-5081\" alt=\"\" srcset=\"https:\/\/www.bikethecity.it\/wp-content\/uploads\/2019\/08\/bike-and-the-city-tour-bicicletta-milano-roma-verona-59.jpg 1200w, https:\/\/www.bikethecity.it\/wp-content\/uploads\/2019\/08\/bike-and-the-city-tour-bicicletta-milano-roma-verona-59-150x150.jpg 150w, https:\/\/www.bikethecity.it\/wp-content\/uploads\/2019\/08\/bike-and-the-city-tour-bicicletta-milano-roma-verona-59-300x300.jpg 300w, https:\/\/www.bikethecity.it\/wp-content\/uploads\/2019\/08\/bike-and-the-city-tour-bicicletta-milano-roma-verona-59-768x768.jpg 768w, https:\/\/www.bikethecity.it\/wp-content\/uploads\/2019\/08\/bike-and-the-city-tour-bicicletta-milano-roma-verona-59-1024x1024.jpg 1024w\" sizes=\"(max-width: 1200px) 100vw, 1200px\" \/>\t\t\t\t\t\t\t\t\t\t\t\t\t\t\t<\/div>\n\t\t\t\t<\/div>\n\t\t\t\t\t<\/div>\n\t\t<\/div>\n\t\t\t\t\t<\/div>\n\t\t<\/section>\n\t\t\t\t<section class=\"elementor-section elementor-top-section elementor-element elementor-element-d52d53f elementor-hidden-desktop elementor-hidden-tablet elementor-hidden-phone elementor-section-boxed elementor-section-height-default elementor-section-height-default\" data-id=\"d52d53f\" data-element_type=\"section\">\n\t\t\t\t\t\t<div class=\"elementor-container elementor-column-gap-default\">\n\t\t\t\t\t<div class=\"elementor-column elementor-col-50 elementor-top-column elementor-element elementor-element-82786dc\" data-id=\"82786dc\" data-element_type=\"column\">\n\t\t\t<div class=\"elementor-widget-wrap elementor-element-populated\">\n\t\t\t\t\t\t<div class=\"elementor-element elementor-element-768a0b4 elementor-widget elementor-widget-image\" data-id=\"768a0b4\" data-element_type=\"widget\" data-widget_type=\"image.default\">\n\t\t\t\t<div class=\"elementor-widget-container\">\n\t\t\t\t\t\t\t\t\t\t\t\t\t\t\t<img loading=\"lazy\" decoding=\"async\" width=\"1200\" height=\"1200\" src=\"https:\/\/www.bikethecity.it\/wp-content\/uploads\/2019\/08\/bike-and-the-city-tour-bicicletta-milano-roma-verona-59.jpg\" class=\"attachment-full size-full wp-image-5081\" alt=\"\" srcset=\"https:\/\/www.bikethecity.it\/wp-content\/uploads\/2019\/08\/bike-and-the-city-tour-bicicletta-milano-roma-verona-59.jpg 1200w, https:\/\/www.bikethecity.it\/wp-content\/uploads\/2019\/08\/bike-and-the-city-tour-bicicletta-milano-roma-verona-59-150x150.jpg 150w, https:\/\/www.bikethecity.it\/wp-content\/uploads\/2019\/08\/bike-and-the-city-tour-bicicletta-milano-roma-verona-59-300x300.jpg 300w, https:\/\/www.bikethecity.it\/wp-content\/uploads\/2019\/08\/bike-and-the-city-tour-bicicletta-milano-roma-verona-59-768x768.jpg 768w, https:\/\/www.bikethecity.it\/wp-content\/uploads\/2019\/08\/bike-and-the-city-tour-bicicletta-milano-roma-verona-59-1024x1024.jpg 1024w\" sizes=\"(max-width: 1200px) 100vw, 1200px\" \/>\t\t\t\t\t\t\t\t\t\t\t\t\t\t\t<\/div>\n\t\t\t\t<\/div>\n\t\t\t\t\t<\/div>\n\t\t<\/div>\n\t\t\t\t<div class=\"elementor-column elementor-col-50 elementor-top-column elementor-element elementor-element-44359e4\" data-id=\"44359e4\" data-element_type=\"column\">\n\t\t\t<div class=\"elementor-widget-wrap elementor-element-populated\">\n\t\t\t\t\t\t<div class=\"elementor-element elementor-element-774e005 elementor-widget elementor-widget-text-editor\" data-id=\"774e005\" data-element_type=\"widget\" data-widget_type=\"text-editor.default\">\n\t\t\t\t<div class=\"elementor-widget-container\">\n\t\t\t\t\t\t\t\t\t<h2><span style=\"color: #64c3c0;\">BIKE &amp; MARKET TOUR<br \/><\/span><span style=\"color: #64c3c0;\">Discover Turin cycling and tasting<br \/><\/span><\/h2>\n<p>Food is culture. Travelling is discovering other cultures by tasting, smelling, talking with locals and experiencing your destination with all your senses. That\u2019s why we warmly welcomed a collaboration with Eataly.<\/p>\n<p>Life is too short not to eat and drink well! Who can argue about it?<\/p>\n<p>This is the motto of Eataly, that 12 years ago, on January 27th 2007, opened the first food and wine center in Torino Lingotto. Where there was the Carpano Vermouth factory, a place was born where to find high quality products at sustainable prices through the original format that foresees being able to buy, eat and learn. Cooking classes, guided tastings, meetings with great chefs and free education for children and the elderly create a correct perception of quality that makes the human being more satisfied and happy.<\/p>\n<p>So in combination with your morning Turin Bike tour, you can now join an afternoon unique sensory experience: a real journey through the colors, smells and flavors of Piemonte\u2019s and Italy\u2019s specialties. <\/p>\n<p>Expert Eataly guides will accompany you on a taste-rich food and wine itinerary in each corner of the Food and Beverage Market, during which you will learn about the great variety of regional and Italian products and more about the philosophy, history and values of Eataly.<\/p>\n<p>The Market tour will lead you through the departments and restaurants and there will be a tasting at each stop in a \u201ceat-pray-love\u201d, delicious aperitif mood: Bakery, Salami &amp; Cheese, Laboratory of Mozzarella, Butchery, Fishmonger, Vermouth directly from the excellence of Carpano Vermouth factory.<\/p>\n<p>Taste buds are informed and please check any diet at the door!<\/p>\n\t\t\t\t\t\t\t\t<\/div>\n\t\t\t\t<\/div>\n\t\t\t\t<section class=\"elementor-section elementor-inner-section elementor-element elementor-element-5024128 elementor-section-full_width elementor-hidden-desktop elementor-section-height-default elementor-section-height-default\" data-id=\"5024128\" data-element_type=\"section\">\n\t\t\t\t\t\t<div class=\"elementor-container elementor-column-gap-default\">\n\t\t\t\t\t<div class=\"elementor-column elementor-col-50 elementor-inner-column elementor-element elementor-element-ce43ca1\" data-id=\"ce43ca1\" data-element_type=\"column\">\n\t\t\t<div class=\"elementor-widget-wrap elementor-element-populated\">\n\t\t\t\t\t\t<div class=\"elementor-element elementor-element-c0fafb2 elementor-widget elementor-widget-text-editor\" data-id=\"c0fafb2\" data-element_type=\"widget\" data-widget_type=\"text-editor.default\">\n\t\t\t\t<div class=\"elementor-widget-container\">\n\t\t\t\t\t\t\t\t\t<h2><strong>\u20ac 70,00<\/strong><\/h2>\n\t\t\t\t\t\t\t\t<\/div>\n\t\t\t\t<\/div>\n\t\t\t\t\t<\/div>\n\t\t<\/div>\n\t\t\t\t<div class=\"elementor-column elementor-col-50 elementor-inner-column elementor-element elementor-element-e949fba\" data-id=\"e949fba\" data-element_type=\"column\">\n\t\t\t<div class=\"elementor-widget-wrap elementor-element-populated\">\n\t\t\t\t\t\t<div class=\"elementor-element elementor-element-b7490ea elementor-widget elementor-widget-image\" data-id=\"b7490ea\" data-element_type=\"widget\" data-widget_type=\"image.default\">\n\t\t\t\t<div class=\"elementor-widget-container\">\n\t\t\t\t\t\t\t\t\t\t\t\t\t\t\t\t<a href=\"https:\/\/www.bikethecity.it\/it\/prenota-ora\/#regdl=categories\" target=\"_blank\">\n\t\t\t\t\t\t\t<img decoding=\"async\" width=\"812\" height=\"114\" src=\"https:\/\/www.bikethecity.it\/wp-content\/uploads\/2019\/12\/See-Availability.png\" class=\"attachment-full size-full wp-image-4936\" alt=\"\" srcset=\"https:\/\/www.bikethecity.it\/wp-content\/uploads\/2019\/12\/See-Availability.png 812w, https:\/\/www.bikethecity.it\/wp-content\/uploads\/2019\/12\/See-Availability-300x42.png 300w, https:\/\/www.bikethecity.it\/wp-content\/uploads\/2019\/12\/See-Availability-768x108.png 768w\" sizes=\"(max-width: 812px) 100vw, 812px\" \/>\t\t\t\t\t\t\t\t<\/a>\n\t\t\t\t\t\t\t\t\t\t\t\t\t\t\t<\/div>\n\t\t\t\t<\/div>\n\t\t\t\t\t<\/div>\n\t\t<\/div>\n\t\t\t\t\t<\/div>\n\t\t<\/section>\n\t\t\t\t\t<\/div>\n\t\t<\/div>\n\t\t\t\t\t<\/div>\n\t\t<\/section>\n\t\t\t\t<section class=\"elementor-section elementor-top-section elementor-element elementor-element-7639d14 elementor-hidden-tablet elementor-hidden-phone elementor-section-boxed elementor-section-height-default elementor-section-height-default\" data-id=\"7639d14\" data-element_type=\"section\">\n\t\t\t\t\t\t<div class=\"elementor-container elementor-column-gap-default\">\n\t\t\t\t\t<div class=\"elementor-column elementor-col-100 elementor-top-column elementor-element elementor-element-bce963a\" data-id=\"bce963a\" data-element_type=\"column\">\n\t\t\t<div class=\"elementor-widget-wrap elementor-element-populated\">\n\t\t\t\t\t\t<div class=\"elementor-element elementor-element-a56e510 elementor-widget elementor-widget-spacer\" data-id=\"a56e510\" data-element_type=\"widget\" data-widget_type=\"spacer.default\">\n\t\t\t\t<div class=\"elementor-widget-container\">\n\t\t\t\t\t\t\t<div class=\"elementor-spacer\">\n\t\t\t<div class=\"elementor-spacer-inner\"><\/div>\n\t\t<\/div>\n\t\t\t\t\t\t<\/div>\n\t\t\t\t<\/div>\n\t\t\t\t\t<\/div>\n\t\t<\/div>\n\t\t\t\t\t<\/div>\n\t\t<\/section>\n\t\t\t\t<section class=\"elementor-section elementor-top-section elementor-element elementor-element-e0d5e2b elementor-hidden-tablet elementor-hidden-phone elementor-section-boxed elementor-section-height-default elementor-section-height-default\" data-id=\"e0d5e2b\" data-element_type=\"section\">\n\t\t\t\t\t\t<div class=\"elementor-container elementor-column-gap-default\">\n\t\t\t\t\t<div class=\"elementor-column elementor-col-50 elementor-top-column elementor-element elementor-element-6ab6043\" data-id=\"6ab6043\" data-element_type=\"column\">\n\t\t\t<div class=\"elementor-widget-wrap elementor-element-populated\">\n\t\t\t\t\t\t<div class=\"elementor-element elementor-element-dee0f3e elementor-widget elementor-widget-heading\" data-id=\"dee0f3e\" data-element_type=\"widget\" data-widget_type=\"heading.default\">\n\t\t\t\t<div class=\"elementor-widget-container\">\n\t\t\t\t\t<h2 class=\"elementor-heading-title elementor-size-default\">PUNTO D'INCONTRO<\/h2>\t\t\t\t<\/div>\n\t\t\t\t<\/div>\n\t\t\t\t<section class=\"elementor-section elementor-inner-section elementor-element elementor-element-c5dc360 elementor-section-boxed elementor-section-height-default elementor-section-height-default\" data-id=\"c5dc360\" data-element_type=\"section\">\n\t\t\t\t\t\t<div class=\"elementor-container elementor-column-gap-default\">\n\t\t\t\t\t<div class=\"elementor-column elementor-col-33 elementor-inner-column elementor-element elementor-element-94dbdbb\" data-id=\"94dbdbb\" data-element_type=\"column\">\n\t\t\t<div class=\"elementor-widget-wrap elementor-element-populated\">\n\t\t\t\t\t\t<div class=\"elementor-element elementor-element-9beaf0d elementor-widget elementor-widget-image\" data-id=\"9beaf0d\" data-element_type=\"widget\" data-widget_type=\"image.default\">\n\t\t\t\t<div class=\"elementor-widget-container\">\n\t\t\t\t\t\t\t\t\t\t\t\t\t\t\t<img loading=\"lazy\" decoding=\"async\" width=\"151\" height=\"151\" src=\"https:\/\/www.bikethecity.it\/wp-content\/uploads\/2019\/07\/bike-and-the-city-tour-bicicletta-milano-roma-verona-33.png\" class=\"attachment-full size-full wp-image-5017\" alt=\"\" srcset=\"https:\/\/www.bikethecity.it\/wp-content\/uploads\/2019\/07\/bike-and-the-city-tour-bicicletta-milano-roma-verona-33.png 151w, https:\/\/www.bikethecity.it\/wp-content\/uploads\/2019\/07\/bike-and-the-city-tour-bicicletta-milano-roma-verona-33-150x150.png 150w\" sizes=\"(max-width: 151px) 100vw, 151px\" \/>\t\t\t\t\t\t\t\t\t\t\t\t\t\t\t<\/div>\n\t\t\t\t<\/div>\n\t\t\t\t\t<\/div>\n\t\t<\/div>\n\t\t\t\t<div class=\"elementor-column elementor-col-66 elementor-inner-column elementor-element elementor-element-d0d2a03\" data-id=\"d0d2a03\" data-element_type=\"column\">\n\t\t\t<div class=\"elementor-widget-wrap elementor-element-populated\">\n\t\t\t\t\t\t<div class=\"elementor-element elementor-element-5278a4e6 elementor-widget elementor-widget-text-editor\" data-id=\"5278a4e6\" data-element_type=\"widget\" data-widget_type=\"text-editor.default\">\n\t\t\t\t<div class=\"elementor-widget-container\">\n\t\t\t\t\t\t\t\t\t<p>Via Sant&#8217;Anselmo, 19bis &#8211; 10125 Torino, Italia<\/p>\t\t\t\t\t\t\t\t<\/div>\n\t\t\t\t<\/div>\n\t\t\t\t\t<\/div>\n\t\t<\/div>\n\t\t\t\t\t<\/div>\n\t\t<\/section>\n\t\t\t\t<section class=\"elementor-section elementor-inner-section elementor-element elementor-element-443342f elementor-section-boxed elementor-section-height-default elementor-section-height-default\" data-id=\"443342f\" data-element_type=\"section\">\n\t\t\t\t\t\t<div class=\"elementor-container elementor-column-gap-default\">\n\t\t\t\t\t<div class=\"elementor-column elementor-col-33 elementor-inner-column elementor-element elementor-element-2809cff\" data-id=\"2809cff\" data-element_type=\"column\">\n\t\t\t<div class=\"elementor-widget-wrap elementor-element-populated\">\n\t\t\t\t\t\t<div class=\"elementor-element elementor-element-651b5f9 elementor-widget elementor-widget-image\" data-id=\"651b5f9\" data-element_type=\"widget\" data-widget_type=\"image.default\">\n\t\t\t\t<div class=\"elementor-widget-container\">\n\t\t\t\t\t\t\t\t\t\t\t\t\t\t\t<img loading=\"lazy\" decoding=\"async\" width=\"105\" height=\"106\" src=\"https:\/\/www.bikethecity.it\/wp-content\/uploads\/2019\/07\/bike-and-the-city-tour-bicicletta-milano-roma-verona-34.png\" class=\"attachment-full size-full wp-image-5018\" alt=\"\" \/>\t\t\t\t\t\t\t\t\t\t\t\t\t\t\t<\/div>\n\t\t\t\t<\/div>\n\t\t\t\t\t<\/div>\n\t\t<\/div>\n\t\t\t\t<div class=\"elementor-column elementor-col-66 elementor-inner-column elementor-element elementor-element-4586f88\" data-id=\"4586f88\" data-element_type=\"column\">\n\t\t\t<div class=\"elementor-widget-wrap elementor-element-populated\">\n\t\t\t\t\t\t<div class=\"elementor-element elementor-element-18c66473 elementor-widget elementor-widget-text-editor\" data-id=\"18c66473\" data-element_type=\"widget\" data-widget_type=\"text-editor.default\">\n\t\t\t\t<div class=\"elementor-widget-container\">\n\t\t\t\t\t\t\t\t\t<p><strong>Parcheggio Porta Nuova<\/strong><br \/>Indirizzo: Via Nizza, 2\/L, 10125 Torino TO<br \/>Google Maps: <a href=\"https:\/\/maps.app.goo.gl\/QUH9iE2n7Ko78JBD9\">https:\/\/maps.app.goo.gl\/QUH9iE2n7Ko78JBD9<\/a><\/p><p><strong>Parcheggio &#8211; Garage San Salvario<\/strong><br \/>Indirizzo: Via Saluzzo, 22-24, 10125 Torino TO<br \/>Google Maps: <a href=\"https:\/\/maps.app.goo.gl\/eZKgsTV9BU2F1eBn9\">https:\/\/maps.app.goo.gl\/eZKgsTV9BU2F1eBn9<\/a><\/p>\t\t\t\t\t\t\t\t<\/div>\n\t\t\t\t<\/div>\n\t\t\t\t\t<\/div>\n\t\t<\/div>\n\t\t\t\t\t<\/div>\n\t\t<\/section>\n\t\t\t\t<section class=\"elementor-section elementor-inner-section elementor-element elementor-element-800faa8 elementor-section-boxed elementor-section-height-default elementor-section-height-default\" data-id=\"800faa8\" data-element_type=\"section\">\n\t\t\t\t\t\t<div class=\"elementor-container elementor-column-gap-default\">\n\t\t\t\t\t<div class=\"elementor-column elementor-col-33 elementor-inner-column elementor-element elementor-element-dc8fa56\" data-id=\"dc8fa56\" data-element_type=\"column\">\n\t\t\t<div class=\"elementor-widget-wrap elementor-element-populated\">\n\t\t\t\t\t\t<div class=\"elementor-element elementor-element-21c230b elementor-widget elementor-widget-image\" data-id=\"21c230b\" data-element_type=\"widget\" data-widget_type=\"image.default\">\n\t\t\t\t<div class=\"elementor-widget-container\">\n\t\t\t\t\t\t\t\t\t\t\t\t\t\t\t<img loading=\"lazy\" decoding=\"async\" width=\"106\" height=\"105\" src=\"https:\/\/www.bikethecity.it\/wp-content\/uploads\/2019\/07\/bike-and-the-city-tour-bicicletta-milano-roma-verona-35.png\" class=\"attachment-full size-full wp-image-5019\" alt=\"\" \/>\t\t\t\t\t\t\t\t\t\t\t\t\t\t\t<\/div>\n\t\t\t\t<\/div>\n\t\t\t\t\t<\/div>\n\t\t<\/div>\n\t\t\t\t<div class=\"elementor-column elementor-col-66 elementor-inner-column elementor-element elementor-element-d5cc190\" data-id=\"d5cc190\" data-element_type=\"column\">\n\t\t\t<div class=\"elementor-widget-wrap elementor-element-populated\">\n\t\t\t\t\t\t<div class=\"elementor-element elementor-element-6604121 elementor-widget elementor-widget-text-editor\" data-id=\"6604121\" data-element_type=\"widget\" data-widget_type=\"text-editor.default\">\n\t\t\t\t<div class=\"elementor-widget-container\">\n\t\t\t\t\t\t\t\t\t<p>Da Porta Nuova Stazione Treni &amp; Metro: 9 minuti a piedi<\/p><p>Da Stazione Metro Marconi: 5 minuti a piedi<\/p>\t\t\t\t\t\t\t\t<\/div>\n\t\t\t\t<\/div>\n\t\t\t\t\t<\/div>\n\t\t<\/div>\n\t\t\t\t\t<\/div>\n\t\t<\/section>\n\t\t\t\t\t<\/div>\n\t\t<\/div>\n\t\t\t\t<div class=\"elementor-column elementor-col-50 elementor-top-column elementor-element elementor-element-e8969c8\" data-id=\"e8969c8\" data-element_type=\"column\">\n\t\t\t<div class=\"elementor-widget-wrap elementor-element-populated\">\n\t\t\t\t\t\t<div class=\"elementor-element elementor-element-6fd86a10 elementor-widget elementor-widget-image\" data-id=\"6fd86a10\" data-element_type=\"widget\" data-widget_type=\"image.default\">\n\t\t\t\t<div class=\"elementor-widget-container\">\n\t\t\t\t\t\t\t\t\t\t\t\t\t\t\t\t<a href=\"https:\/\/www.google.it\/maps\/place\/Via+Sant&#039;Anselmo,+19bis,+10125+Torino+TO\/@45.0554425,7.6797863,13.79z\/data=!4m6!3m5!1s0x47886d4250afffff:0x75d1dac72fd2f0f!8m2!3d45.0581803!4d7.6808527!16s%2Fg%2F11j0bgwfhm?entry=ttu&#038;g_ep=EgoyMDI1MDIwNS4xIKXMDSoJLDEwMjExMjMzSAFQAw%3D%3D\" target=\"_blank\">\n\t\t\t\t\t\t\t<img loading=\"lazy\" decoding=\"async\" width=\"800\" height=\"610\" src=\"https:\/\/www.bikethecity.it\/wp-content\/uploads\/2025\/02\/bike-and-the-city-tour-bicicletta-milano-roma-verona-300.jpg\" class=\"attachment-full size-full wp-image-8132\" alt=\"bike-and-the-city-tour-bicicletta-milano-roma-verona-300\" srcset=\"https:\/\/www.bikethecity.it\/wp-content\/uploads\/2025\/02\/bike-and-the-city-tour-bicicletta-milano-roma-verona-300.jpg 800w, https:\/\/www.bikethecity.it\/wp-content\/uploads\/2025\/02\/bike-and-the-city-tour-bicicletta-milano-roma-verona-300-300x229.jpg 300w, https:\/\/www.bikethecity.it\/wp-content\/uploads\/2025\/02\/bike-and-the-city-tour-bicicletta-milano-roma-verona-300-768x586.jpg 768w\" sizes=\"(max-width: 800px) 100vw, 800px\" \/>\t\t\t\t\t\t\t\t<\/a>\n\t\t\t\t\t\t\t\t\t\t\t\t\t\t\t<\/div>\n\t\t\t\t<\/div>\n\t\t\t\t\t<\/div>\n\t\t<\/div>\n\t\t\t\t\t<\/div>\n\t\t<\/section>\n\t\t\t\t<section class=\"elementor-section elementor-top-section elementor-element elementor-element-1c98d945 elementor-hidden-desktop elementor-section-boxed elementor-section-height-default elementor-section-height-default\" data-id=\"1c98d945\" data-element_type=\"section\">\n\t\t\t\t\t\t<div class=\"elementor-container elementor-column-gap-default\">\n\t\t\t\t\t<div class=\"elementor-column elementor-col-50 elementor-top-column elementor-element elementor-element-5eb47aff\" data-id=\"5eb47aff\" data-element_type=\"column\">\n\t\t\t<div class=\"elementor-widget-wrap elementor-element-populated\">\n\t\t\t\t\t\t<div class=\"elementor-element elementor-element-6d9f528 elementor-widget elementor-widget-heading\" data-id=\"6d9f528\" data-element_type=\"widget\" data-widget_type=\"heading.default\">\n\t\t\t\t<div class=\"elementor-widget-container\">\n\t\t\t\t\t<h2 class=\"elementor-heading-title elementor-size-default\">PUNTO D'INCONTRO<\/h2>\t\t\t\t<\/div>\n\t\t\t\t<\/div>\n\t\t\t\t<section class=\"elementor-section elementor-inner-section elementor-element elementor-element-3789c2f4 elementor-section-full_width elementor-section-height-default elementor-section-height-default\" data-id=\"3789c2f4\" data-element_type=\"section\">\n\t\t\t\t\t\t<div class=\"elementor-container elementor-column-gap-default\">\n\t\t\t\t\t<div class=\"elementor-column elementor-col-50 elementor-inner-column elementor-element elementor-element-6254c598\" data-id=\"6254c598\" data-element_type=\"column\">\n\t\t\t<div class=\"elementor-widget-wrap elementor-element-populated\">\n\t\t\t\t\t\t<div class=\"elementor-element elementor-element-46a6161 elementor-widget elementor-widget-image\" data-id=\"46a6161\" data-element_type=\"widget\" data-widget_type=\"image.default\">\n\t\t\t\t<div class=\"elementor-widget-container\">\n\t\t\t\t\t\t\t\t\t\t\t\t\t\t\t<img loading=\"lazy\" decoding=\"async\" width=\"151\" height=\"151\" src=\"https:\/\/www.bikethecity.it\/wp-content\/uploads\/2019\/07\/bike-and-the-city-tour-bicicletta-milano-roma-verona-33.png\" class=\"attachment-full size-full wp-image-5017\" alt=\"\" srcset=\"https:\/\/www.bikethecity.it\/wp-content\/uploads\/2019\/07\/bike-and-the-city-tour-bicicletta-milano-roma-verona-33.png 151w, https:\/\/www.bikethecity.it\/wp-content\/uploads\/2019\/07\/bike-and-the-city-tour-bicicletta-milano-roma-verona-33-150x150.png 150w\" sizes=\"(max-width: 151px) 100vw, 151px\" \/>\t\t\t\t\t\t\t\t\t\t\t\t\t\t\t<\/div>\n\t\t\t\t<\/div>\n\t\t\t\t\t<\/div>\n\t\t<\/div>\n\t\t\t\t<div class=\"elementor-column elementor-col-50 elementor-inner-column elementor-element elementor-element-34192c9\" data-id=\"34192c9\" data-element_type=\"column\">\n\t\t\t<div class=\"elementor-widget-wrap elementor-element-populated\">\n\t\t\t\t\t\t<div class=\"elementor-element elementor-element-7417e22b elementor-widget elementor-widget-text-editor\" data-id=\"7417e22b\" data-element_type=\"widget\" data-widget_type=\"text-editor.default\">\n\t\t\t\t<div class=\"elementor-widget-container\">\n\t\t\t\t\t\t\t\t\t<p>Via Sant&#8217;Anselmo, 19bis &#8211; 10125 Torino, Italy<\/p>\t\t\t\t\t\t\t\t<\/div>\n\t\t\t\t<\/div>\n\t\t\t\t\t<\/div>\n\t\t<\/div>\n\t\t\t\t\t<\/div>\n\t\t<\/section>\n\t\t\t\t<section class=\"elementor-section elementor-inner-section elementor-element elementor-element-569dc2df elementor-section-full_width elementor-section-height-default elementor-section-height-default\" data-id=\"569dc2df\" data-element_type=\"section\">\n\t\t\t\t\t\t<div class=\"elementor-container elementor-column-gap-default\">\n\t\t\t\t\t<div class=\"elementor-column elementor-col-50 elementor-inner-column elementor-element elementor-element-4d2ad4a3\" data-id=\"4d2ad4a3\" data-element_type=\"column\">\n\t\t\t<div class=\"elementor-widget-wrap elementor-element-populated\">\n\t\t\t\t\t\t<div class=\"elementor-element elementor-element-41280854 elementor-widget elementor-widget-image\" data-id=\"41280854\" data-element_type=\"widget\" data-widget_type=\"image.default\">\n\t\t\t\t<div class=\"elementor-widget-container\">\n\t\t\t\t\t\t\t\t\t\t\t\t\t\t\t<img loading=\"lazy\" decoding=\"async\" width=\"105\" height=\"106\" src=\"https:\/\/www.bikethecity.it\/wp-content\/uploads\/2019\/07\/bike-and-the-city-tour-bicicletta-milano-roma-verona-34.png\" class=\"attachment-full size-full wp-image-5018\" alt=\"\" \/>\t\t\t\t\t\t\t\t\t\t\t\t\t\t\t<\/div>\n\t\t\t\t<\/div>\n\t\t\t\t\t<\/div>\n\t\t<\/div>\n\t\t\t\t<div class=\"elementor-column elementor-col-50 elementor-inner-column elementor-element elementor-element-7901478b\" data-id=\"7901478b\" data-element_type=\"column\">\n\t\t\t<div class=\"elementor-widget-wrap elementor-element-populated\">\n\t\t\t\t\t\t<div class=\"elementor-element elementor-element-56e8cc78 elementor-widget elementor-widget-text-editor\" data-id=\"56e8cc78\" data-element_type=\"widget\" data-widget_type=\"text-editor.default\">\n\t\t\t\t<div class=\"elementor-widget-container\">\n\t\t\t\t\t\t\t\t\t<p><strong>Parcheggio Porta Nuova<\/strong><br \/>Indirizzo: Via Nizza, 2\/L, 10125 Torino TO<br \/>Google Maps: <a href=\"https:\/\/maps.app.goo.gl\/QUH9iE2n7Ko78JBD9\">https:\/\/maps.app.goo.gl\/QUH9iE2n7Ko78JBD9<\/a><\/p><p><strong>Parcheggio &#8211; Garage San Salvario<\/strong><br \/>Indirizzo: Via Saluzzo, 22-24, 10125 Torino TO<br \/>Google Maps: <a href=\"https:\/\/maps.app.goo.gl\/eZKgsTV9BU2F1eBn9\">https:\/\/maps.app.goo.gl\/eZKgsTV9BU2F1eBn9<\/a><\/p>\t\t\t\t\t\t\t\t<\/div>\n\t\t\t\t<\/div>\n\t\t\t\t\t<\/div>\n\t\t<\/div>\n\t\t\t\t\t<\/div>\n\t\t<\/section>\n\t\t\t\t<section class=\"elementor-section elementor-inner-section elementor-element elementor-element-45f2250 elementor-section-full_width elementor-section-height-default elementor-section-height-default\" data-id=\"45f2250\" data-element_type=\"section\">\n\t\t\t\t\t\t<div class=\"elementor-container elementor-column-gap-default\">\n\t\t\t\t\t<div class=\"elementor-column elementor-col-50 elementor-inner-column elementor-element elementor-element-77a0448e\" data-id=\"77a0448e\" data-element_type=\"column\">\n\t\t\t<div class=\"elementor-widget-wrap elementor-element-populated\">\n\t\t\t\t\t\t<div class=\"elementor-element elementor-element-5fc3df36 elementor-widget elementor-widget-image\" data-id=\"5fc3df36\" data-element_type=\"widget\" data-widget_type=\"image.default\">\n\t\t\t\t<div class=\"elementor-widget-container\">\n\t\t\t\t\t\t\t\t\t\t\t\t\t\t\t<img loading=\"lazy\" decoding=\"async\" width=\"106\" height=\"105\" src=\"https:\/\/www.bikethecity.it\/wp-content\/uploads\/2019\/07\/bike-and-the-city-tour-bicicletta-milano-roma-verona-35.png\" class=\"attachment-full size-full wp-image-5019\" alt=\"\" \/>\t\t\t\t\t\t\t\t\t\t\t\t\t\t\t<\/div>\n\t\t\t\t<\/div>\n\t\t\t\t\t<\/div>\n\t\t<\/div>\n\t\t\t\t<div class=\"elementor-column elementor-col-50 elementor-inner-column elementor-element elementor-element-6acb1325\" data-id=\"6acb1325\" data-element_type=\"column\">\n\t\t\t<div class=\"elementor-widget-wrap elementor-element-populated\">\n\t\t\t\t\t\t<div class=\"elementor-element elementor-element-4e6bbb70 elementor-widget elementor-widget-text-editor\" data-id=\"4e6bbb70\" data-element_type=\"widget\" data-widget_type=\"text-editor.default\">\n\t\t\t\t<div class=\"elementor-widget-container\">\n\t\t\t\t\t\t\t\t\t<p>Da Porta Nuova Stazione Treni &amp; Metro: 9 minuti a piedi<\/p><p>Da Stazione Metro Marconi: 5 minuti a piedi<\/p>\t\t\t\t\t\t\t\t<\/div>\n\t\t\t\t<\/div>\n\t\t\t\t\t<\/div>\n\t\t<\/div>\n\t\t\t\t\t<\/div>\n\t\t<\/section>\n\t\t\t\t\t<\/div>\n\t\t<\/div>\n\t\t\t\t<div class=\"elementor-column elementor-col-50 elementor-top-column elementor-element elementor-element-69da38b8\" data-id=\"69da38b8\" data-element_type=\"column\">\n\t\t\t<div class=\"elementor-widget-wrap elementor-element-populated\">\n\t\t\t\t\t\t<div class=\"elementor-element elementor-element-2346bb0 elementor-widget elementor-widget-image\" data-id=\"2346bb0\" data-element_type=\"widget\" data-widget_type=\"image.default\">\n\t\t\t\t<div class=\"elementor-widget-container\">\n\t\t\t\t\t\t\t\t\t\t\t\t\t\t\t\t<a href=\"https:\/\/www.google.it\/maps\/place\/Via+Sant&#039;Anselmo,+19bis,+10125+Torino+TO\/@45.0554425,7.6797863,13.79z\/data=!4m6!3m5!1s0x47886d4250afffff:0x75d1dac72fd2f0f!8m2!3d45.0581803!4d7.6808527!16s%2Fg%2F11j0bgwfhm?entry=ttu&#038;g_ep=EgoyMDI1MDIwNS4xIKXMDSoJLDEwMjExMjMzSAFQAw%3D%3D\" target=\"_blank\">\n\t\t\t\t\t\t\t<img loading=\"lazy\" decoding=\"async\" width=\"800\" height=\"610\" src=\"https:\/\/www.bikethecity.it\/wp-content\/uploads\/2025\/02\/bike-and-the-city-tour-bicicletta-milano-roma-verona-300.jpg\" class=\"attachment-full size-full wp-image-8132\" alt=\"bike-and-the-city-tour-bicicletta-milano-roma-verona-300\" srcset=\"https:\/\/www.bikethecity.it\/wp-content\/uploads\/2025\/02\/bike-and-the-city-tour-bicicletta-milano-roma-verona-300.jpg 800w, https:\/\/www.bikethecity.it\/wp-content\/uploads\/2025\/02\/bike-and-the-city-tour-bicicletta-milano-roma-verona-300-300x229.jpg 300w, https:\/\/www.bikethecity.it\/wp-content\/uploads\/2025\/02\/bike-and-the-city-tour-bicicletta-milano-roma-verona-300-768x586.jpg 768w\" sizes=\"(max-width: 800px) 100vw, 800px\" \/>\t\t\t\t\t\t\t\t<\/a>\n\t\t\t\t\t\t\t\t\t\t\t\t\t\t\t<\/div>\n\t\t\t\t<\/div>\n\t\t\t\t\t<\/div>\n\t\t<\/div>\n\t\t\t\t\t<\/div>\n\t\t<\/section>\n\t\t\t\t<section class=\"elementor-section elementor-top-section elementor-element elementor-element-411c7b9 elementor-section-boxed elementor-section-height-default elementor-section-height-default\" data-id=\"411c7b9\" data-element_type=\"section\">\n\t\t\t\t\t\t<div class=\"elementor-container elementor-column-gap-default\">\n\t\t\t\t\t<div class=\"elementor-column elementor-col-100 elementor-top-column elementor-element elementor-element-04d7285\" data-id=\"04d7285\" data-element_type=\"column\">\n\t\t\t<div class=\"elementor-widget-wrap elementor-element-populated\">\n\t\t\t\t\t\t<div class=\"elementor-element elementor-element-f07b119 elementor-widget elementor-widget-spacer\" data-id=\"f07b119\" data-element_type=\"widget\" data-widget_type=\"spacer.default\">\n\t\t\t\t<div class=\"elementor-widget-container\">\n\t\t\t\t\t\t\t<div class=\"elementor-spacer\">\n\t\t\t<div class=\"elementor-spacer-inner\"><\/div>\n\t\t<\/div>\n\t\t\t\t\t\t<\/div>\n\t\t\t\t<\/div>\n\t\t\t\t\t<\/div>\n\t\t<\/div>\n\t\t\t\t\t<\/div>\n\t\t<\/section>\n\t\t\t\t<section class=\"elementor-section elementor-top-section elementor-element elementor-element-8fd8002 elementor-section-boxed elementor-section-height-default elementor-section-height-default\" data-id=\"8fd8002\" data-element_type=\"section\">\n\t\t\t\t\t\t<div class=\"elementor-container elementor-column-gap-default\">\n\t\t\t\t\t<div class=\"elementor-column elementor-col-100 elementor-top-column elementor-element elementor-element-123fae9\" data-id=\"123fae9\" data-element_type=\"column\">\n\t\t\t<div class=\"elementor-widget-wrap elementor-element-populated\">\n\t\t\t\t\t\t<div class=\"elementor-element elementor-element-8c4c1fd elementor-widget elementor-widget-heading\" data-id=\"8c4c1fd\" data-element_type=\"widget\" data-widget_type=\"heading.default\">\n\t\t\t\t<div class=\"elementor-widget-container\">\n\t\t\t\t\t<h2 class=\"elementor-heading-title elementor-size-default\">COSA DICONO DI NOI I CLIENTI FELICI<\/h2>\t\t\t\t<\/div>\n\t\t\t\t<\/div>\n\t\t\t\t\t<\/div>\n\t\t<\/div>\n\t\t\t\t\t<\/div>\n\t\t<\/section>\n\t\t\t\t<section class=\"elementor-section elementor-top-section elementor-element elementor-element-c11ba3a elementor-hidden-tablet elementor-hidden-phone elementor-section-boxed elementor-section-height-default elementor-section-height-default\" data-id=\"c11ba3a\" data-element_type=\"section\">\n\t\t\t\t\t\t<div class=\"elementor-container elementor-column-gap-default\">\n\t\t\t\t\t<div class=\"elementor-column elementor-col-100 elementor-top-column elementor-element elementor-element-3c1b9be\" data-id=\"3c1b9be\" data-element_type=\"column\">\n\t\t\t<div class=\"elementor-widget-wrap elementor-element-populated\">\n\t\t\t\t\t\t<div class=\"elementor-element elementor-element-4ab82d0 elementor-widget elementor-widget-spacer\" data-id=\"4ab82d0\" data-element_type=\"widget\" data-widget_type=\"spacer.default\">\n\t\t\t\t<div class=\"elementor-widget-container\">\n\t\t\t\t\t\t\t<div class=\"elementor-spacer\">\n\t\t\t<div class=\"elementor-spacer-inner\"><\/div>\n\t\t<\/div>\n\t\t\t\t\t\t<\/div>\n\t\t\t\t<\/div>\n\t\t\t\t\t<\/div>\n\t\t<\/div>\n\t\t\t\t\t<\/div>\n\t\t<\/section>\n\t\t\t\t<section class=\"elementor-section elementor-top-section elementor-element elementor-element-7d02a6a6 elementor-hidden-tablet elementor-hidden-phone elementor-section-boxed elementor-section-height-default elementor-section-height-default\" data-id=\"7d02a6a6\" data-element_type=\"section\">\n\t\t\t\t\t\t<div class=\"elementor-container elementor-column-gap-no\">\n\t\t\t\t\t<div class=\"elementor-column elementor-col-33 elementor-top-column elementor-element elementor-element-36e3e357\" data-id=\"36e3e357\" data-element_type=\"column\">\n\t\t\t<div class=\"elementor-widget-wrap elementor-element-populated\">\n\t\t\t\t\t\t<div class=\"elementor-element elementor-element-5096ae3 elementor-widget elementor-widget-image\" data-id=\"5096ae3\" data-element_type=\"widget\" data-widget_type=\"image.default\">\n\t\t\t\t<div class=\"elementor-widget-container\">\n\t\t\t\t\t\t\t\t\t\t\t\t\t\t\t<img loading=\"lazy\" decoding=\"async\" width=\"150\" height=\"26\" src=\"https:\/\/www.bikethecity.it\/wp-content\/uploads\/2019\/07\/bike-and-the-city-tour-bicicletta-milano-roma-verona-12.png\" class=\"attachment-large size-large wp-image-4921\" alt=\"\" \/>\t\t\t\t\t\t\t\t\t\t\t\t\t\t\t<\/div>\n\t\t\t\t<\/div>\n\t\t\t\t<div class=\"elementor-element elementor-element-ae7f06d elementor-widget elementor-widget-text-editor\" data-id=\"ae7f06d\" data-element_type=\"widget\" data-widget_type=\"text-editor.default\">\n\t\t\t\t<div class=\"elementor-widget-container\">\n\t\t\t\t\t\t\t\t\t<p style=\"text-align: center;\"><em><strong>GREAT WAY TO SEE TURIN WITH FAMILY<br \/><\/strong><\/em><\/p>\n<p style=\"text-align: center;\">We had an excellent guide in Francesco when we did this bike tour on April 1st 2019. We were one adult and two boys aged 12 and 13. The tour was conducted with style and good humour by Francesco and allowed good time at many stops around the centre and lots of interesting information about the history and development of Turin. It is an excellent way to be introduced to the centre and then plan to return to specific places to explore further. It was a lovely clear morning and the cycling was all very managable for children of this age. Close to the station and easy to leave things you dont need on the ride but want for the rest of the day. Great fun and educational.<\/p>\n<p style=\"text-align: center;\"><em><strong>LockhouseLeeds <\/strong>(07 April 2019)<\/em><\/p>\n\t\t\t\t\t\t\t\t<\/div>\n\t\t\t\t<\/div>\n\t\t\t\t\t<\/div>\n\t\t<\/div>\n\t\t\t\t<div class=\"elementor-column elementor-col-33 elementor-top-column elementor-element elementor-element-68a6cccd\" data-id=\"68a6cccd\" data-element_type=\"column\">\n\t\t\t<div class=\"elementor-widget-wrap elementor-element-populated\">\n\t\t\t\t\t\t<div class=\"elementor-element elementor-element-21b4d92c elementor-widget elementor-widget-image\" data-id=\"21b4d92c\" data-element_type=\"widget\" data-widget_type=\"image.default\">\n\t\t\t\t<div class=\"elementor-widget-container\">\n\t\t\t\t\t\t\t\t\t\t\t\t\t\t\t<img loading=\"lazy\" decoding=\"async\" width=\"150\" height=\"26\" src=\"https:\/\/www.bikethecity.it\/wp-content\/uploads\/2019\/07\/bike-and-the-city-tour-bicicletta-milano-roma-verona-12.png\" class=\"attachment-large size-large wp-image-4921\" alt=\"\" \/>\t\t\t\t\t\t\t\t\t\t\t\t\t\t\t<\/div>\n\t\t\t\t<\/div>\n\t\t\t\t<div class=\"elementor-element elementor-element-3029930 elementor-widget elementor-widget-text-editor\" data-id=\"3029930\" data-element_type=\"widget\" data-widget_type=\"text-editor.default\">\n\t\t\t\t<div class=\"elementor-widget-container\">\n\t\t\t\t\t\t\t\t\t<p style=\"text-align: center;\"><em><strong>A SUPER ACTIVITY<br \/><\/strong><\/em><\/p>\n<p style=\"text-align: center;\">We booked this late the night before and were met the next day by Giulia who gave us a great tour. She was educated in history and really knew Turin. Even the harder questions she had answers for. We went over most of Turin&#8217;s major sites and got all the history. Being on bike we did a lot more than walking. Bikes were well maintained and newer. A fabulous way to see Turin which is flat for biking and interesting.<\/p>\n<p style=\"text-align: center;\"><em><strong>135rolando<\/strong> (02 June 2018)<\/em><\/p>\n\t\t\t\t\t\t\t\t<\/div>\n\t\t\t\t<\/div>\n\t\t\t\t\t<\/div>\n\t\t<\/div>\n\t\t\t\t<div class=\"elementor-column elementor-col-33 elementor-top-column elementor-element elementor-element-8291f84\" data-id=\"8291f84\" data-element_type=\"column\">\n\t\t\t<div class=\"elementor-widget-wrap elementor-element-populated\">\n\t\t\t\t\t\t<div class=\"elementor-element elementor-element-466a3a11 elementor-widget elementor-widget-image\" data-id=\"466a3a11\" data-element_type=\"widget\" data-widget_type=\"image.default\">\n\t\t\t\t<div class=\"elementor-widget-container\">\n\t\t\t\t\t\t\t\t\t\t\t\t\t\t\t<img loading=\"lazy\" decoding=\"async\" width=\"150\" height=\"26\" src=\"https:\/\/www.bikethecity.it\/wp-content\/uploads\/2019\/07\/bike-and-the-city-tour-bicicletta-milano-roma-verona-12.png\" class=\"attachment-large size-large wp-image-4921\" alt=\"\" \/>\t\t\t\t\t\t\t\t\t\t\t\t\t\t\t<\/div>\n\t\t\t\t<\/div>\n\t\t\t\t<div class=\"elementor-element elementor-element-de09d49 elementor-widget elementor-widget-text-editor\" data-id=\"de09d49\" data-element_type=\"widget\" data-widget_type=\"text-editor.default\">\n\t\t\t\t<div class=\"elementor-widget-container\">\n\t\t\t\t\t\t\t\t\t<p style=\"text-align: center;\"><em><strong>BEST WAY TO SEE THE REAL TURIN!<br \/><\/strong><\/em><\/p>\n<p style=\"text-align: center;\">This tour was the perfect way to see all the hidden gems of Turin and learn about the local culture, the history and the future of this city. Our guide, Marco, was amazing and answered all of our questions and knew everything about the city. The bikes are easy to ride for beginners and the city itself is very bike-friendly with bike lanes and big pedestrian areas to cycle in. Loved it!!<\/p>\n<p style=\"text-align: center;\"><em><strong>Hayleypotatochips<\/strong> (18 October 2017)<\/em><\/p>\n\t\t\t\t\t\t\t\t<\/div>\n\t\t\t\t<\/div>\n\t\t\t\t\t<\/div>\n\t\t<\/div>\n\t\t\t\t\t<\/div>\n\t\t<\/section>\n\t\t\t\t<section class=\"elementor-section elementor-top-section elementor-element elementor-element-ae0a545 elementor-hidden-tablet elementor-hidden-phone elementor-section-boxed elementor-section-height-default elementor-section-height-default\" data-id=\"ae0a545\" data-element_type=\"section\">\n\t\t\t\t\t\t<div class=\"elementor-container elementor-column-gap-default\">\n\t\t\t\t\t<div class=\"elementor-column elementor-col-100 elementor-top-column elementor-element elementor-element-123be59\" data-id=\"123be59\" data-element_type=\"column\">\n\t\t\t<div class=\"elementor-widget-wrap elementor-element-populated\">\n\t\t\t\t\t\t<div class=\"elementor-element elementor-element-1e9f455 elementor-widget elementor-widget-spacer\" data-id=\"1e9f455\" data-element_type=\"widget\" data-widget_type=\"spacer.default\">\n\t\t\t\t<div class=\"elementor-widget-container\">\n\t\t\t\t\t\t\t<div class=\"elementor-spacer\">\n\t\t\t<div class=\"elementor-spacer-inner\"><\/div>\n\t\t<\/div>\n\t\t\t\t\t\t<\/div>\n\t\t\t\t<\/div>\n\t\t\t\t\t<\/div>\n\t\t<\/div>\n\t\t\t\t\t<\/div>\n\t\t<\/section>\n\t\t\t\t<section class=\"elementor-section elementor-top-section elementor-element elementor-element-718f25da elementor-hidden-desktop elementor-section-boxed elementor-section-height-default elementor-section-height-default\" data-id=\"718f25da\" data-element_type=\"section\">\n\t\t\t\t\t\t<div class=\"elementor-container elementor-column-gap-default\">\n\t\t\t\t\t<div class=\"elementor-column elementor-col-100 elementor-top-column elementor-element elementor-element-74a8a9cb\" data-id=\"74a8a9cb\" data-element_type=\"column\">\n\t\t\t<div class=\"elementor-widget-wrap elementor-element-populated\">\n\t\t\t\t\t\t<div class=\"elementor-element elementor-element-c871bd1 elementor-testimonial--layout-image_above elementor-testimonial--skin-default elementor-testimonial--align-center elementor-arrows-yes elementor-pagination-type-bullets elementor-widget elementor-widget-testimonial-carousel\" data-id=\"c871bd1\" data-element_type=\"widget\" data-settings=\"{&quot;slides_per_view&quot;:&quot;1&quot;,&quot;show_arrows&quot;:&quot;yes&quot;,&quot;pagination&quot;:&quot;bullets&quot;,&quot;speed&quot;:500,&quot;autoplay&quot;:&quot;yes&quot;,&quot;autoplay_speed&quot;:5000,&quot;loop&quot;:&quot;yes&quot;,&quot;pause_on_hover&quot;:&quot;yes&quot;,&quot;pause_on_interaction&quot;:&quot;yes&quot;,&quot;space_between&quot;:{&quot;unit&quot;:&quot;px&quot;,&quot;size&quot;:10,&quot;sizes&quot;:[]},&quot;space_between_tablet&quot;:{&quot;unit&quot;:&quot;px&quot;,&quot;size&quot;:10,&quot;sizes&quot;:[]},&quot;space_between_mobile&quot;:{&quot;unit&quot;:&quot;px&quot;,&quot;size&quot;:10,&quot;sizes&quot;:[]}}\" data-widget_type=\"testimonial-carousel.default\">\n\t\t\t\t<div class=\"elementor-widget-container\">\n\t\t\t\t\t\t\t\t\t<div class=\"elementor-swiper\">\n\t\t\t\t\t<div class=\"elementor-main-swiper swiper\" role=\"region\" aria-roledescription=\"carousel\" aria-label=\"Slides\">\n\t\t\t\t<div class=\"swiper-wrapper\">\n\t\t\t\t\t\t\t\t\t\t\t<div class=\"swiper-slide\" role=\"group\" aria-roledescription=\"slide\">\n\t\t\t\t\t\t\t\t\t<div class=\"elementor-testimonial\">\n\t\t\t\t\t\t\t<div class=\"elementor-testimonial__content\">\n\t\t\t\t\t<div class=\"elementor-testimonial__text\">\n\t\t\t\t\t\t<p><img decoding=\"async\" src=\"https:\/\/www.bikethecity.it\/wp-content\/uploads\/2019\/10\/bike-and-the-city-tour-bicicletta-milano-roma-verona-80.jpg\"><\/p>\n<p><b><i>GREAT WAY TO SEE TURIN WITH FAMILY<br \/><\/b><\/i><\/p>\n<p>We had an excellent guide in Francesco when we did this bike tour on April 1st 2019. We were one adult and two boys aged 12 and 13. The tour was conducted with style and good humour by Francesco and allowed good time at many stops around the centre and lots of interesting information about the history and development of Turin. It is an excellent way to be introduced to the centre and then plan to return to specific places to explore further. It was a lovely clear morning and the cycling was all very managable for children of this age. Close to the station and easy to leave things you dont need on the ride but want for the rest of the day. Great fun and educational.<\/p>\n\t\t\t\t\t<\/div>\n\t\t\t\t\t<cite class=\"elementor-testimonial__cite\"><span class=\"elementor-testimonial__name\">LockhouseLeeds (7 April 2019)<\/span><\/cite>\t\t\t\t<\/div>\n\t\t\t\t\t\t<div class=\"elementor-testimonial__footer\">\n\t\t\t\t\t\t\t\t\t\t\t<\/div>\n\t\t<\/div>\n\t\t\t\t\t\t\t\t<\/div>\n\t\t\t\t\t\t\t\t\t\t\t<div class=\"swiper-slide\" role=\"group\" aria-roledescription=\"slide\">\n\t\t\t\t\t\t\t\t\t<div class=\"elementor-testimonial\">\n\t\t\t\t\t\t\t<div class=\"elementor-testimonial__content\">\n\t\t\t\t\t<div class=\"elementor-testimonial__text\">\n\t\t\t\t\t\t<p><img decoding=\"async\" src=\"https:\/\/www.bikethecity.it\/wp-content\/uploads\/2019\/10\/bike-and-the-city-tour-bicicletta-milano-roma-verona-80.jpg\"><\/p>\n<p><b><i>A SUPER ACTIVITY<br \/><\/b><\/i><\/p>\n<p>We booked this late the night before and were met the next day by Giulia who gave us a great tour. She was educated in history and really knew Turin. Even the harder questions she had answers for. We went over most of Turin's major sites and got all the history. Being on bike we did a lot more than walking. Bikes were well maintained and newer. A fabulous way to see Turin which is flat for biking and interesting.<\/p>\n\t\t\t\t\t<\/div>\n\t\t\t\t\t<cite class=\"elementor-testimonial__cite\"><span class=\"elementor-testimonial__name\">135rolando (2 June 2018)<\/span><\/cite>\t\t\t\t<\/div>\n\t\t\t\t\t\t<div class=\"elementor-testimonial__footer\">\n\t\t\t\t\t\t\t\t\t\t\t<\/div>\n\t\t<\/div>\n\t\t\t\t\t\t\t\t<\/div>\n\t\t\t\t\t\t\t\t\t\t\t<div class=\"swiper-slide\" role=\"group\" aria-roledescription=\"slide\">\n\t\t\t\t\t\t\t\t\t<div class=\"elementor-testimonial\">\n\t\t\t\t\t\t\t<div class=\"elementor-testimonial__content\">\n\t\t\t\t\t<div class=\"elementor-testimonial__text\">\n\t\t\t\t\t\t<p><img decoding=\"async\" src=\"https:\/\/www.bikethecity.it\/wp-content\/uploads\/2019\/10\/bike-and-the-city-tour-bicicletta-milano-roma-verona-80.jpg\"><\/p>\n<p><b><i>BEST WAY TO SEE THE REAL TURIN<br \/><\/b><\/i><\/p>\n<p>This tour was the perfect way to see all the hidden gems of Turin and learn about the local culture, the history and the future of this city. Our guide, Marco, was amazing and answered all of our questions and knew everything about the city. The bikes are easy to ride for beginners and the city itself is very bike-friendly with bike lanes and big pedestrian areas to cycle in. Loved it!!<\/p>\n\t\t\t\t\t<\/div>\n\t\t\t\t\t<cite class=\"elementor-testimonial__cite\"><span class=\"elementor-testimonial__name\">Hayleypotatochips (18 October 2017)<\/span><\/cite>\t\t\t\t<\/div>\n\t\t\t\t\t\t<div class=\"elementor-testimonial__footer\">\n\t\t\t\t\t\t\t\t\t\t\t<\/div>\n\t\t<\/div>\n\t\t\t\t\t\t\t\t<\/div>\n\t\t\t\t\t\t\t\t\t<\/div>\n\t\t\t\t\t\t\t\t\t\t\t\t\t\t\t<div class=\"elementor-swiper-button elementor-swiper-button-prev\" role=\"button\" tabindex=\"0\" aria-label=\"Precedente\">\n\t\t\t\t\t\t\t<i aria-hidden=\"true\" class=\"eicon-chevron-left\"><\/i>\t\t\t\t\t\t<\/div>\n\t\t\t\t\t\t<div class=\"elementor-swiper-button elementor-swiper-button-next\" role=\"button\" tabindex=\"0\" aria-label=\"Successivo\">\n\t\t\t\t\t\t\t<i aria-hidden=\"true\" class=\"eicon-chevron-right\"><\/i>\t\t\t\t\t\t<\/div>\n\t\t\t\t\t\t\t\t\t\t\t\t\t\t\t\t<div class=\"swiper-pagination\"><\/div>\n\t\t\t\t\t\t\t\t\t\t\t\t<\/div>\n\t\t\t\t<\/div>\n\t\t\t\t\t\t\t\t<\/div>\n\t\t\t\t<\/div>\n\t\t\t\t\t<\/div>\n\t\t<\/div>\n\t\t\t\t\t<\/div>\n\t\t<\/section>\n\t\t\t\t<section class=\"elementor-section elementor-top-section elementor-element elementor-element-680692a elementor-hidden-desktop elementor-section-boxed elementor-section-height-default elementor-section-height-default\" data-id=\"680692a\" data-element_type=\"section\">\n\t\t\t\t\t\t<div class=\"elementor-container elementor-column-gap-default\">\n\t\t\t\t\t<div class=\"elementor-column elementor-col-100 elementor-top-column elementor-element elementor-element-980eeb8\" data-id=\"980eeb8\" data-element_type=\"column\">\n\t\t\t<div class=\"elementor-widget-wrap elementor-element-populated\">\n\t\t\t\t\t\t<div class=\"elementor-element elementor-element-c1910af elementor-widget elementor-widget-spacer\" data-id=\"c1910af\" data-element_type=\"widget\" data-widget_type=\"spacer.default\">\n\t\t\t\t<div class=\"elementor-widget-container\">\n\t\t\t\t\t\t\t<div class=\"elementor-spacer\">\n\t\t\t<div class=\"elementor-spacer-inner\"><\/div>\n\t\t<\/div>\n\t\t\t\t\t\t<\/div>\n\t\t\t\t<\/div>\n\t\t\t\t\t<\/div>\n\t\t<\/div>\n\t\t\t\t\t<\/div>\n\t\t<\/section>\n\t\t\t\t<section class=\"elementor-section elementor-top-section elementor-element elementor-element-72a7b1b6 elementor-section-boxed elementor-section-height-default elementor-section-height-default\" data-id=\"72a7b1b6\" data-element_type=\"section\">\n\t\t\t\t\t\t<div class=\"elementor-container elementor-column-gap-default\">\n\t\t\t\t\t<div class=\"elementor-column elementor-col-100 elementor-top-column elementor-element elementor-element-68f97536\" data-id=\"68f97536\" data-element_type=\"column\">\n\t\t\t<div class=\"elementor-widget-wrap elementor-element-populated\">\n\t\t\t\t\t\t<div class=\"elementor-element elementor-element-2bf2bdd6 elementor-widget elementor-widget-heading\" data-id=\"2bf2bdd6\" data-element_type=\"widget\" data-widget_type=\"heading.default\">\n\t\t\t\t<div class=\"elementor-widget-container\">\n\t\t\t\t\t<h2 class=\"elementor-heading-title elementor-size-default\">AS FEATURED IN...<\/h2>\t\t\t\t<\/div>\n\t\t\t\t<\/div>\n\t\t\t\t\t<\/div>\n\t\t<\/div>\n\t\t\t\t\t<\/div>\n\t\t<\/section>\n\t\t\t\t<section class=\"elementor-section elementor-top-section elementor-element elementor-element-118857a elementor-hidden-mobile elementor-section-boxed elementor-section-height-default elementor-section-height-default\" data-id=\"118857a\" data-element_type=\"section\">\n\t\t\t\t\t\t<div class=\"elementor-container elementor-column-gap-default\">\n\t\t\t\t\t<div class=\"elementor-column elementor-col-100 elementor-top-column elementor-element elementor-element-439362a6\" data-id=\"439362a6\" data-element_type=\"column\">\n\t\t\t<div class=\"elementor-widget-wrap elementor-element-populated\">\n\t\t\t\t\t\t<div class=\"elementor-element elementor-element-37dee18c elementor-widget elementor-widget-image\" data-id=\"37dee18c\" data-element_type=\"widget\" data-widget_type=\"image.default\">\n\t\t\t\t<div class=\"elementor-widget-container\">\n\t\t\t\t\t\t\t\t\t\t\t\t\t\t\t<img loading=\"lazy\" decoding=\"async\" width=\"1650\" height=\"324\" src=\"https:\/\/www.bikethecity.it\/wp-content\/uploads\/2023\/01\/AAA_fascia-loghi-new-mauro-2.jpg\" class=\"attachment-full size-full wp-image-7113\" alt=\"\" srcset=\"https:\/\/www.bikethecity.it\/wp-content\/uploads\/2023\/01\/AAA_fascia-loghi-new-mauro-2.jpg 1650w, https:\/\/www.bikethecity.it\/wp-content\/uploads\/2023\/01\/AAA_fascia-loghi-new-mauro-2-300x59.jpg 300w, https:\/\/www.bikethecity.it\/wp-content\/uploads\/2023\/01\/AAA_fascia-loghi-new-mauro-2-1024x201.jpg 1024w, https:\/\/www.bikethecity.it\/wp-content\/uploads\/2023\/01\/AAA_fascia-loghi-new-mauro-2-768x151.jpg 768w, https:\/\/www.bikethecity.it\/wp-content\/uploads\/2023\/01\/AAA_fascia-loghi-new-mauro-2-1536x302.jpg 1536w\" sizes=\"(max-width: 1650px) 100vw, 1650px\" \/>\t\t\t\t\t\t\t\t\t\t\t\t\t\t\t<\/div>\n\t\t\t\t<\/div>\n\t\t\t\t\t<\/div>\n\t\t<\/div>\n\t\t\t\t\t<\/div>\n\t\t<\/section>\n\t\t\t\t<section class=\"elementor-section elementor-top-section elementor-element elementor-element-89fa9cd elementor-hidden-desktop elementor-hidden-tablet elementor-section-boxed elementor-section-height-default elementor-section-height-default\" data-id=\"89fa9cd\" data-element_type=\"section\">\n\t\t\t\t\t\t<div class=\"elementor-container elementor-column-gap-default\">\n\t\t\t\t\t<div class=\"elementor-column elementor-col-100 elementor-top-column elementor-element elementor-element-358d0f88\" data-id=\"358d0f88\" data-element_type=\"column\">\n\t\t\t<div class=\"elementor-widget-wrap elementor-element-populated\">\n\t\t\t\t\t\t<section class=\"elementor-section elementor-inner-section elementor-element elementor-element-3778eef4 elementor-section-boxed elementor-section-height-default elementor-section-height-default\" data-id=\"3778eef4\" data-element_type=\"section\">\n\t\t\t\t\t\t<div class=\"elementor-container elementor-column-gap-default\">\n\t\t\t\t\t<div class=\"elementor-column elementor-col-50 elementor-inner-column elementor-element elementor-element-6cf59802\" data-id=\"6cf59802\" data-element_type=\"column\">\n\t\t\t<div class=\"elementor-widget-wrap elementor-element-populated\">\n\t\t\t\t\t\t<div class=\"elementor-element elementor-element-3a800cc elementor-widget elementor-widget-image\" data-id=\"3a800cc\" data-element_type=\"widget\" data-widget_type=\"image.default\">\n\t\t\t\t<div class=\"elementor-widget-container\">\n\t\t\t\t\t\t\t\t\t\t\t\t\t\t\t<img loading=\"lazy\" decoding=\"async\" width=\"279\" height=\"181\" src=\"https:\/\/www.bikethecity.it\/wp-content\/uploads\/2023\/01\/AD_logo.png\" class=\"attachment-full size-full wp-image-7044\" alt=\"\" \/>\t\t\t\t\t\t\t\t\t\t\t\t\t\t\t<\/div>\n\t\t\t\t<\/div>\n\t\t\t\t\t<\/div>\n\t\t<\/div>\n\t\t\t\t<div class=\"elementor-column elementor-col-50 elementor-inner-column elementor-element elementor-element-7cec1933\" data-id=\"7cec1933\" data-element_type=\"column\">\n\t\t\t<div class=\"elementor-widget-wrap elementor-element-populated\">\n\t\t\t\t\t\t<div class=\"elementor-element elementor-element-1f154f0f elementor-widget elementor-widget-image\" data-id=\"1f154f0f\" data-element_type=\"widget\" data-widget_type=\"image.default\">\n\t\t\t\t<div class=\"elementor-widget-container\">\n\t\t\t\t\t\t\t\t\t\t\t\t\t\t\t<img loading=\"lazy\" decoding=\"async\" width=\"1200\" height=\"311\" src=\"https:\/\/www.bikethecity.it\/wp-content\/uploads\/2023\/01\/VOGUE_logo.png\" class=\"attachment-full size-full wp-image-7068\" alt=\"\" srcset=\"https:\/\/www.bikethecity.it\/wp-content\/uploads\/2023\/01\/VOGUE_logo.png 1200w, https:\/\/www.bikethecity.it\/wp-content\/uploads\/2023\/01\/VOGUE_logo-300x78.png 300w, https:\/\/www.bikethecity.it\/wp-content\/uploads\/2023\/01\/VOGUE_logo-1024x265.png 1024w, https:\/\/www.bikethecity.it\/wp-content\/uploads\/2023\/01\/VOGUE_logo-768x199.png 768w\" sizes=\"(max-width: 1200px) 100vw, 1200px\" \/>\t\t\t\t\t\t\t\t\t\t\t\t\t\t\t<\/div>\n\t\t\t\t<\/div>\n\t\t\t\t\t<\/div>\n\t\t<\/div>\n\t\t\t\t\t<\/div>\n\t\t<\/section>\n\t\t\t\t<section class=\"elementor-section elementor-inner-section elementor-element elementor-element-7c6774df elementor-section-boxed elementor-section-height-default elementor-section-height-default\" data-id=\"7c6774df\" data-element_type=\"section\">\n\t\t\t\t\t\t<div class=\"elementor-container elementor-column-gap-default\">\n\t\t\t\t\t<div class=\"elementor-column elementor-col-50 elementor-inner-column elementor-element elementor-element-5518b4b\" data-id=\"5518b4b\" data-element_type=\"column\">\n\t\t\t<div class=\"elementor-widget-wrap elementor-element-populated\">\n\t\t\t\t\t\t<div class=\"elementor-element elementor-element-5ea3a1fb elementor-widget elementor-widget-image\" data-id=\"5ea3a1fb\" data-element_type=\"widget\" data-widget_type=\"image.default\">\n\t\t\t\t<div class=\"elementor-widget-container\">\n\t\t\t\t\t\t\t\t\t\t\t\t\t\t\t<img loading=\"lazy\" decoding=\"async\" width=\"2445\" height=\"1292\" src=\"https:\/\/www.bikethecity.it\/wp-content\/uploads\/2023\/01\/GQ_logo.png\" class=\"attachment-full size-full wp-image-7050\" alt=\"\" srcset=\"https:\/\/www.bikethecity.it\/wp-content\/uploads\/2023\/01\/GQ_logo.png 2445w, https:\/\/www.bikethecity.it\/wp-content\/uploads\/2023\/01\/GQ_logo-300x159.png 300w, https:\/\/www.bikethecity.it\/wp-content\/uploads\/2023\/01\/GQ_logo-1024x541.png 1024w, https:\/\/www.bikethecity.it\/wp-content\/uploads\/2023\/01\/GQ_logo-768x406.png 768w, https:\/\/www.bikethecity.it\/wp-content\/uploads\/2023\/01\/GQ_logo-1536x812.png 1536w, https:\/\/www.bikethecity.it\/wp-content\/uploads\/2023\/01\/GQ_logo-2048x1082.png 2048w\" sizes=\"(max-width: 2445px) 100vw, 2445px\" \/>\t\t\t\t\t\t\t\t\t\t\t\t\t\t\t<\/div>\n\t\t\t\t<\/div>\n\t\t\t\t\t<\/div>\n\t\t<\/div>\n\t\t\t\t<div class=\"elementor-column elementor-col-50 elementor-inner-column elementor-element elementor-element-5ca9b366\" data-id=\"5ca9b366\" data-element_type=\"column\">\n\t\t\t<div class=\"elementor-widget-wrap elementor-element-populated\">\n\t\t\t\t\t\t<div class=\"elementor-element elementor-element-50ced0a5 elementor-widget elementor-widget-image\" data-id=\"50ced0a5\" data-element_type=\"widget\" data-widget_type=\"image.default\">\n\t\t\t\t<div class=\"elementor-widget-container\">\n\t\t\t\t\t\t\t\t\t\t\t\t\t\t\t<img loading=\"lazy\" decoding=\"async\" width=\"900\" height=\"500\" src=\"https:\/\/www.bikethecity.it\/wp-content\/uploads\/2023\/01\/VANITY-FAIR_logo.png\" class=\"attachment-full size-full wp-image-7062\" alt=\"\" srcset=\"https:\/\/www.bikethecity.it\/wp-content\/uploads\/2023\/01\/VANITY-FAIR_logo.png 900w, https:\/\/www.bikethecity.it\/wp-content\/uploads\/2023\/01\/VANITY-FAIR_logo-300x167.png 300w, https:\/\/www.bikethecity.it\/wp-content\/uploads\/2023\/01\/VANITY-FAIR_logo-768x427.png 768w\" sizes=\"(max-width: 900px) 100vw, 900px\" \/>\t\t\t\t\t\t\t\t\t\t\t\t\t\t\t<\/div>\n\t\t\t\t<\/div>\n\t\t\t\t\t<\/div>\n\t\t<\/div>\n\t\t\t\t\t<\/div>\n\t\t<\/section>\n\t\t\t\t<section class=\"elementor-section elementor-inner-section elementor-element elementor-element-5cceb6c9 elementor-section-boxed elementor-section-height-default elementor-section-height-default\" data-id=\"5cceb6c9\" data-element_type=\"section\">\n\t\t\t\t\t\t<div class=\"elementor-container elementor-column-gap-default\">\n\t\t\t\t\t<div class=\"elementor-column elementor-col-50 elementor-inner-column elementor-element elementor-element-17404e50\" data-id=\"17404e50\" data-element_type=\"column\">\n\t\t\t<div class=\"elementor-widget-wrap elementor-element-populated\">\n\t\t\t\t\t\t<div class=\"elementor-element elementor-element-6736f7fd elementor-widget elementor-widget-image\" data-id=\"6736f7fd\" data-element_type=\"widget\" data-widget_type=\"image.default\">\n\t\t\t\t<div class=\"elementor-widget-container\">\n\t\t\t\t\t\t\t\t\t\t\t\t\t\t\t<img loading=\"lazy\" decoding=\"async\" width=\"2560\" height=\"665\" src=\"https:\/\/www.bikethecity.it\/wp-content\/uploads\/2023\/01\/Sky-TG24_logo.png\" class=\"attachment-full size-full wp-image-7059\" alt=\"\" srcset=\"https:\/\/www.bikethecity.it\/wp-content\/uploads\/2023\/01\/Sky-TG24_logo.png 2560w, https:\/\/www.bikethecity.it\/wp-content\/uploads\/2023\/01\/Sky-TG24_logo-300x78.png 300w, https:\/\/www.bikethecity.it\/wp-content\/uploads\/2023\/01\/Sky-TG24_logo-1024x266.png 1024w, https:\/\/www.bikethecity.it\/wp-content\/uploads\/2023\/01\/Sky-TG24_logo-768x200.png 768w, https:\/\/www.bikethecity.it\/wp-content\/uploads\/2023\/01\/Sky-TG24_logo-1536x399.png 1536w, https:\/\/www.bikethecity.it\/wp-content\/uploads\/2023\/01\/Sky-TG24_logo-2048x532.png 2048w\" sizes=\"(max-width: 2560px) 100vw, 2560px\" \/>\t\t\t\t\t\t\t\t\t\t\t\t\t\t\t<\/div>\n\t\t\t\t<\/div>\n\t\t\t\t\t<\/div>\n\t\t<\/div>\n\t\t\t\t<div class=\"elementor-column elementor-col-50 elementor-inner-column elementor-element elementor-element-6c50719f\" data-id=\"6c50719f\" data-element_type=\"column\">\n\t\t\t<div class=\"elementor-widget-wrap elementor-element-populated\">\n\t\t\t\t\t\t<div class=\"elementor-element elementor-element-266fdbf2 elementor-widget elementor-widget-image\" data-id=\"266fdbf2\" data-element_type=\"widget\" data-widget_type=\"image.default\">\n\t\t\t\t<div class=\"elementor-widget-container\">\n\t\t\t\t\t\t\t\t\t\t\t\t\t\t\t<img loading=\"lazy\" decoding=\"async\" width=\"1300\" height=\"290\" src=\"https:\/\/www.bikethecity.it\/wp-content\/uploads\/2023\/01\/La_Repubblica_logo.png\" class=\"attachment-full size-full wp-image-7119\" alt=\"\" srcset=\"https:\/\/www.bikethecity.it\/wp-content\/uploads\/2023\/01\/La_Repubblica_logo.png 1300w, https:\/\/www.bikethecity.it\/wp-content\/uploads\/2023\/01\/La_Repubblica_logo-300x67.png 300w, https:\/\/www.bikethecity.it\/wp-content\/uploads\/2023\/01\/La_Repubblica_logo-1024x228.png 1024w, https:\/\/www.bikethecity.it\/wp-content\/uploads\/2023\/01\/La_Repubblica_logo-768x171.png 768w\" sizes=\"(max-width: 1300px) 100vw, 1300px\" \/>\t\t\t\t\t\t\t\t\t\t\t\t\t\t\t<\/div>\n\t\t\t\t<\/div>\n\t\t\t\t\t<\/div>\n\t\t<\/div>\n\t\t\t\t\t<\/div>\n\t\t<\/section>\n\t\t\t\t<section class=\"elementor-section elementor-inner-section elementor-element elementor-element-615ab2e9 elementor-section-boxed elementor-section-height-default elementor-section-height-default\" data-id=\"615ab2e9\" data-element_type=\"section\">\n\t\t\t\t\t\t<div class=\"elementor-container elementor-column-gap-default\">\n\t\t\t\t\t<div class=\"elementor-column elementor-col-50 elementor-inner-column elementor-element elementor-element-4cae756f\" data-id=\"4cae756f\" data-element_type=\"column\">\n\t\t\t<div class=\"elementor-widget-wrap elementor-element-populated\">\n\t\t\t\t\t\t<div class=\"elementor-element elementor-element-69c846e7 elementor-widget elementor-widget-image\" data-id=\"69c846e7\" data-element_type=\"widget\" data-widget_type=\"image.default\">\n\t\t\t\t<div class=\"elementor-widget-container\">\n\t\t\t\t\t\t\t\t\t\t\t\t\t\t\t<img loading=\"lazy\" decoding=\"async\" width=\"2014\" height=\"419\" src=\"https:\/\/www.bikethecity.it\/wp-content\/uploads\/2023\/01\/logo-lifegate.png\" class=\"attachment-full size-full wp-image-7116\" alt=\"\" srcset=\"https:\/\/www.bikethecity.it\/wp-content\/uploads\/2023\/01\/logo-lifegate.png 2014w, https:\/\/www.bikethecity.it\/wp-content\/uploads\/2023\/01\/logo-lifegate-300x62.png 300w, https:\/\/www.bikethecity.it\/wp-content\/uploads\/2023\/01\/logo-lifegate-1024x213.png 1024w, https:\/\/www.bikethecity.it\/wp-content\/uploads\/2023\/01\/logo-lifegate-768x160.png 768w, https:\/\/www.bikethecity.it\/wp-content\/uploads\/2023\/01\/logo-lifegate-1536x320.png 1536w\" sizes=\"(max-width: 2014px) 100vw, 2014px\" \/>\t\t\t\t\t\t\t\t\t\t\t\t\t\t\t<\/div>\n\t\t\t\t<\/div>\n\t\t\t\t\t<\/div>\n\t\t<\/div>\n\t\t\t\t<div class=\"elementor-column elementor-col-50 elementor-inner-column elementor-element elementor-element-91ed120\" data-id=\"91ed120\" data-element_type=\"column\">\n\t\t\t<div class=\"elementor-widget-wrap elementor-element-populated\">\n\t\t\t\t\t\t<div class=\"elementor-element elementor-element-1742af58 elementor-widget elementor-widget-image\" data-id=\"1742af58\" data-element_type=\"widget\" data-widget_type=\"image.default\">\n\t\t\t\t<div class=\"elementor-widget-container\">\n\t\t\t\t\t\t\t\t\t\t\t\t\t\t\t<img loading=\"lazy\" decoding=\"async\" width=\"892\" height=\"308\" src=\"https:\/\/www.bikethecity.it\/wp-content\/uploads\/2023\/01\/AAA_fascia-loghi-new-1.jpg\" class=\"attachment-full size-full wp-image-7091\" alt=\"\" srcset=\"https:\/\/www.bikethecity.it\/wp-content\/uploads\/2023\/01\/AAA_fascia-loghi-new-1.jpg 892w, https:\/\/www.bikethecity.it\/wp-content\/uploads\/2023\/01\/AAA_fascia-loghi-new-1-300x104.jpg 300w, https:\/\/www.bikethecity.it\/wp-content\/uploads\/2023\/01\/AAA_fascia-loghi-new-1-768x265.jpg 768w\" sizes=\"(max-width: 892px) 100vw, 892px\" \/>\t\t\t\t\t\t\t\t\t\t\t\t\t\t\t<\/div>\n\t\t\t\t<\/div>\n\t\t\t\t\t<\/div>\n\t\t<\/div>\n\t\t\t\t\t<\/div>\n\t\t<\/section>\n\t\t\t\t<section class=\"elementor-section elementor-inner-section elementor-element elementor-element-4e12a58e elementor-section-boxed elementor-section-height-default elementor-section-height-default\" data-id=\"4e12a58e\" data-element_type=\"section\">\n\t\t\t\t\t\t<div class=\"elementor-container elementor-column-gap-default\">\n\t\t\t\t\t<div class=\"elementor-column elementor-col-50 elementor-inner-column elementor-element elementor-element-476f34c5\" data-id=\"476f34c5\" data-element_type=\"column\">\n\t\t\t<div class=\"elementor-widget-wrap elementor-element-populated\">\n\t\t\t\t\t\t<div class=\"elementor-element elementor-element-e0bbfe4 elementor-widget elementor-widget-image\" data-id=\"e0bbfe4\" data-element_type=\"widget\" data-widget_type=\"image.default\">\n\t\t\t\t<div class=\"elementor-widget-container\">\n\t\t\t\t\t\t\t\t\t\t\t\t\t\t\t<img loading=\"lazy\" decoding=\"async\" width=\"160\" height=\"160\" src=\"https:\/\/www.bikethecity.it\/wp-content\/uploads\/2023\/01\/Italie_logo.jpeg\" class=\"attachment-full size-full wp-image-7053\" alt=\"\" srcset=\"https:\/\/www.bikethecity.it\/wp-content\/uploads\/2023\/01\/Italie_logo.jpeg 160w, https:\/\/www.bikethecity.it\/wp-content\/uploads\/2023\/01\/Italie_logo-150x150.jpeg 150w\" sizes=\"(max-width: 160px) 100vw, 160px\" \/>\t\t\t\t\t\t\t\t\t\t\t\t\t\t\t<\/div>\n\t\t\t\t<\/div>\n\t\t\t\t\t<\/div>\n\t\t<\/div>\n\t\t\t\t<div class=\"elementor-column elementor-col-50 elementor-inner-column elementor-element elementor-element-7ef9e62\" data-id=\"7ef9e62\" data-element_type=\"column\">\n\t\t\t<div class=\"elementor-widget-wrap elementor-element-populated\">\n\t\t\t\t\t\t<div class=\"elementor-element elementor-element-30d0701c elementor-widget elementor-widget-image\" data-id=\"30d0701c\" data-element_type=\"widget\" data-widget_type=\"image.default\">\n\t\t\t\t<div class=\"elementor-widget-container\">\n\t\t\t\t\t\t\t\t\t\t\t\t\t\t\t<img loading=\"lazy\" decoding=\"async\" width=\"413\" height=\"193\" src=\"https:\/\/www.bikethecity.it\/wp-content\/uploads\/2023\/01\/AAA_fascia-loghi-new-2.jpg\" class=\"attachment-full size-full wp-image-7094\" alt=\"\" srcset=\"https:\/\/www.bikethecity.it\/wp-content\/uploads\/2023\/01\/AAA_fascia-loghi-new-2.jpg 413w, https:\/\/www.bikethecity.it\/wp-content\/uploads\/2023\/01\/AAA_fascia-loghi-new-2-300x140.jpg 300w\" sizes=\"(max-width: 413px) 100vw, 413px\" \/>\t\t\t\t\t\t\t\t\t\t\t\t\t\t\t<\/div>\n\t\t\t\t<\/div>\n\t\t\t\t\t<\/div>\n\t\t<\/div>\n\t\t\t\t\t<\/div>\n\t\t<\/section>\n\t\t\t\t<section class=\"elementor-section elementor-inner-section elementor-element elementor-element-25b857be elementor-section-boxed elementor-section-height-default elementor-section-height-default\" data-id=\"25b857be\" data-element_type=\"section\">\n\t\t\t\t\t\t<div class=\"elementor-container elementor-column-gap-default\">\n\t\t\t\t\t<div class=\"elementor-column elementor-col-50 elementor-inner-column elementor-element elementor-element-6681f0ef\" data-id=\"6681f0ef\" data-element_type=\"column\">\n\t\t\t<div class=\"elementor-widget-wrap elementor-element-populated\">\n\t\t\t\t\t\t<div class=\"elementor-element elementor-element-5b24c522 elementor-widget elementor-widget-image\" data-id=\"5b24c522\" data-element_type=\"widget\" data-widget_type=\"image.default\">\n\t\t\t\t<div class=\"elementor-widget-container\">\n\t\t\t\t\t\t\t\t\t\t\t\t\t\t\t<img loading=\"lazy\" decoding=\"async\" width=\"570\" height=\"941\" src=\"https:\/\/www.bikethecity.it\/wp-content\/uploads\/2023\/01\/BNR_logo.png\" class=\"attachment-full size-full wp-image-7047\" alt=\"\" srcset=\"https:\/\/www.bikethecity.it\/wp-content\/uploads\/2023\/01\/BNR_logo.png 570w, https:\/\/www.bikethecity.it\/wp-content\/uploads\/2023\/01\/BNR_logo-182x300.png 182w\" sizes=\"(max-width: 570px) 100vw, 570px\" \/>\t\t\t\t\t\t\t\t\t\t\t\t\t\t\t<\/div>\n\t\t\t\t<\/div>\n\t\t\t\t\t<\/div>\n\t\t<\/div>\n\t\t\t\t<div class=\"elementor-column elementor-col-50 elementor-inner-column elementor-element elementor-element-70db9124\" data-id=\"70db9124\" data-element_type=\"column\">\n\t\t\t<div class=\"elementor-widget-wrap\">\n\t\t\t\t\t\t\t<\/div>\n\t\t<\/div>\n\t\t\t\t\t<\/div>\n\t\t<\/section>\n\t\t\t\t\t<\/div>\n\t\t<\/div>\n\t\t\t\t\t<\/div>\n\t\t<\/section>\n\t\t\t\t<\/div>\n\t\t","protected":false},"excerpt":{"rendered":"<p>TOUR IN BICI DI TORINO TOUR IN BICI&nbsp;DI TORINO Qualche anno fa ci siamo letteralmente innamorati della citt\u00e0 di Torinoper la sua atmosfera, la sua sobria eleganza, i caff\u00e8, l&#8217;incredibile cultura gastronomica e anche per i suoi eventi, nonch\u00e9 per la vivacit\u00e0 e della sua stimolante scena artistica contemporanea. Pi\u00f9 la conosciamo, pi\u00f9 la amiamo. &#8230; <a title=\"Tour in bici di Torino\" class=\"read-more\" href=\"https:\/\/www.bikethecity.it\/it\/tour-in-bici-di-torino\/\" aria-label=\"Per saperne di pi\u00f9 su Tour in bici di Torino\">Leggi tutto<\/a><\/p>\n","protected":false},"author":2,"featured_media":0,"parent":0,"menu_order":0,"comment_status":"closed","ping_status":"closed","template":"elementor_header_footer","meta":{"_joinchat":[],"footnotes":""},"class_list":["post-5075","page","type-page","status-publish"],"yoast_head":"<!-- This site is optimized with the Yoast SEO plugin v25.6 - https:\/\/yoast.com\/wordpress\/plugins\/seo\/ -->\n<title>Tour in bici di Torino - Bikethecity\u00ae<\/title>\n<meta name=\"description\" content=\"Torino significa eleganza, cultura gastronomica, cultura ed eventi. In poche parole una citt\u00e0 da amare. Esplorala da una prospettiva unica con il nostro Tour in bici di Torino.\" \/>\n<meta name=\"robots\" content=\"index, follow, max-snippet:-1, max-image-preview:large, max-video-preview:-1\" \/>\n<link rel=\"canonical\" href=\"https:\/\/www.bikethecity.it\/turin-bike-tours\/\" \/>\n<meta property=\"og:locale\" content=\"it_IT\" \/>\n<meta property=\"og:type\" content=\"article\" \/>\n<meta property=\"og:title\" content=\"Tour in bici di Torino - Bikethecity\u00ae\" \/>\n<meta property=\"og:description\" content=\"Torino significa eleganza, cultura gastronomica, cultura ed eventi. In poche parole una citt\u00e0 da amare. Esplorala da una prospettiva unica con il nostro Tour in bici di Torino.\" \/>\n<meta property=\"og:url\" content=\"https:\/\/www.bikethecity.it\/turin-bike-tours\/\" \/>\n<meta property=\"og:site_name\" content=\"Bikethecity\u00ae\" \/>\n<meta property=\"article:publisher\" content=\"https:\/\/www.facebook.com\/bikethecityitaly\" \/>\n<meta property=\"article:modified_time\" content=\"2025-02-10T17:43:30+00:00\" \/>\n<meta property=\"og:image\" content=\"https:\/\/www.bikethecity.it\/wp-content\/uploads\/2019\/08\/bike-and-the-city-tour-bicicletta-milano-roma-verona-51.png\" \/>\n\t<meta property=\"og:image:width\" content=\"150\" \/>\n\t<meta property=\"og:image:height\" content=\"150\" \/>\n\t<meta property=\"og:image:type\" content=\"image\/png\" \/>\n<meta name=\"twitter:label1\" content=\"Tempo di lettura stimato\" \/>\n\t<meta name=\"twitter:data1\" content=\"21 minuti\" \/>\n<script type=\"application\/ld+json\" class=\"yoast-schema-graph\">{\"@context\":\"https:\/\/schema.org\",\"@graph\":[{\"@type\":\"WebPage\",\"@id\":\"https:\/\/www.bikethecity.it\/turin-bike-tours\/\",\"url\":\"https:\/\/www.bikethecity.it\/turin-bike-tours\/\",\"name\":\"Tour in bici di Torino - Bikethecity\u00ae\",\"isPartOf\":{\"@id\":\"https:\/\/www.bikethecity.it\/#website\"},\"primaryImageOfPage\":{\"@id\":\"https:\/\/www.bikethecity.it\/turin-bike-tours\/#primaryimage\"},\"image\":{\"@id\":\"https:\/\/www.bikethecity.it\/turin-bike-tours\/#primaryimage\"},\"thumbnailUrl\":\"https:\/\/www.bikethecity.it\/wp-content\/uploads\/2019\/08\/bike-and-the-city-tour-bicicletta-milano-roma-verona-51.png\",\"datePublished\":\"2020-05-28T14:46:10+00:00\",\"dateModified\":\"2025-02-10T17:43:30+00:00\",\"description\":\"Torino significa eleganza, cultura gastronomica, cultura ed eventi. In poche parole una citt\u00e0 da amare. Esplorala da una prospettiva unica con il nostro Tour in bici di Torino.\",\"breadcrumb\":{\"@id\":\"https:\/\/www.bikethecity.it\/turin-bike-tours\/#breadcrumb\"},\"inLanguage\":\"it-IT\",\"potentialAction\":[{\"@type\":\"ReadAction\",\"target\":[\"https:\/\/www.bikethecity.it\/turin-bike-tours\/\"]}]},{\"@type\":\"ImageObject\",\"inLanguage\":\"it-IT\",\"@id\":\"https:\/\/www.bikethecity.it\/turin-bike-tours\/#primaryimage\",\"url\":\"https:\/\/www.bikethecity.it\/wp-content\/uploads\/2019\/08\/bike-and-the-city-tour-bicicletta-milano-roma-verona-51.png\",\"contentUrl\":\"https:\/\/www.bikethecity.it\/wp-content\/uploads\/2019\/08\/bike-and-the-city-tour-bicicletta-milano-roma-verona-51.png\"},{\"@type\":\"BreadcrumbList\",\"@id\":\"https:\/\/www.bikethecity.it\/turin-bike-tours\/#breadcrumb\",\"itemListElement\":[{\"@type\":\"ListItem\",\"position\":1,\"name\":\"Home\",\"item\":\"https:\/\/www.bikethecity.it\/\"},{\"@type\":\"ListItem\",\"position\":2,\"name\":\"Tour in bici di Torino\"}]},{\"@type\":\"WebSite\",\"@id\":\"https:\/\/www.bikethecity.it\/#website\",\"url\":\"https:\/\/www.bikethecity.it\/\",\"name\":\"Bikethecity\u00ae\",\"description\":\"Bike Tours in Italy\",\"publisher\":{\"@id\":\"https:\/\/www.bikethecity.it\/#organization\"},\"potentialAction\":[{\"@type\":\"SearchAction\",\"target\":{\"@type\":\"EntryPoint\",\"urlTemplate\":\"https:\/\/www.bikethecity.it\/?s={search_term_string}\"},\"query-input\":{\"@type\":\"PropertyValueSpecification\",\"valueRequired\":true,\"valueName\":\"search_term_string\"}}],\"inLanguage\":\"it-IT\"},{\"@type\":\"Organization\",\"@id\":\"https:\/\/www.bikethecity.it\/#organization\",\"name\":\"Bikethecity\u00ae - Bike Tours in Italy\",\"url\":\"https:\/\/www.bikethecity.it\/\",\"logo\":{\"@type\":\"ImageObject\",\"inLanguage\":\"it-IT\",\"@id\":\"https:\/\/www.bikethecity.it\/#\/schema\/logo\/image\/\",\"url\":\"https:\/\/www.bikethecity.it\/wp-content\/uploads\/2020\/03\/logo-bike-the-city-tour-milan-verona-turin-1.png\",\"contentUrl\":\"https:\/\/www.bikethecity.it\/wp-content\/uploads\/2020\/03\/logo-bike-the-city-tour-milan-verona-turin-1.png\",\"width\":180,\"height\":180,\"caption\":\"Bikethecity\u00ae - Bike Tours in Italy\"},\"image\":{\"@id\":\"https:\/\/www.bikethecity.it\/#\/schema\/logo\/image\/\"},\"sameAs\":[\"https:\/\/www.facebook.com\/bikethecityitaly\",\"https:\/\/www.instagram.com\/bikethecityitaly\/\",\"https:\/\/www.youtube.com\/channel\/UCTklSreajw594fqWta5yrkg\/featured\"]}]}<\/script>\n<!-- \/ Yoast SEO plugin. -->","yoast_head_json":{"title":"Tour in bici di Torino - Bikethecity\u00ae","description":"Torino significa eleganza, cultura gastronomica, cultura ed eventi. In poche parole una citt\u00e0 da amare. Esplorala da una prospettiva unica con il nostro Tour in bici di Torino.","robots":{"index":"index","follow":"follow","max-snippet":"max-snippet:-1","max-image-preview":"max-image-preview:large","max-video-preview":"max-video-preview:-1"},"canonical":"https:\/\/www.bikethecity.it\/turin-bike-tours\/","og_locale":"it_IT","og_type":"article","og_title":"Tour in bici di Torino - Bikethecity\u00ae","og_description":"Torino significa eleganza, cultura gastronomica, cultura ed eventi. In poche parole una citt\u00e0 da amare. Esplorala da una prospettiva unica con il nostro Tour in bici di Torino.","og_url":"https:\/\/www.bikethecity.it\/turin-bike-tours\/","og_site_name":"Bikethecity\u00ae","article_publisher":"https:\/\/www.facebook.com\/bikethecityitaly","article_modified_time":"2025-02-10T17:43:30+00:00","og_image":[{"width":150,"height":150,"url":"https:\/\/www.bikethecity.it\/wp-content\/uploads\/2019\/08\/bike-and-the-city-tour-bicicletta-milano-roma-verona-51.png","type":"image\/png"}],"twitter_misc":{"Tempo di lettura stimato":"21 minuti"},"schema":{"@context":"https:\/\/schema.org","@graph":[{"@type":"WebPage","@id":"https:\/\/www.bikethecity.it\/turin-bike-tours\/","url":"https:\/\/www.bikethecity.it\/turin-bike-tours\/","name":"Tour in bici di Torino - Bikethecity\u00ae","isPartOf":{"@id":"https:\/\/www.bikethecity.it\/#website"},"primaryImageOfPage":{"@id":"https:\/\/www.bikethecity.it\/turin-bike-tours\/#primaryimage"},"image":{"@id":"https:\/\/www.bikethecity.it\/turin-bike-tours\/#primaryimage"},"thumbnailUrl":"https:\/\/www.bikethecity.it\/wp-content\/uploads\/2019\/08\/bike-and-the-city-tour-bicicletta-milano-roma-verona-51.png","datePublished":"2020-05-28T14:46:10+00:00","dateModified":"2025-02-10T17:43:30+00:00","description":"Torino significa eleganza, cultura gastronomica, cultura ed eventi. In poche parole una citt\u00e0 da amare. Esplorala da una prospettiva unica con il nostro Tour in bici di Torino.","breadcrumb":{"@id":"https:\/\/www.bikethecity.it\/turin-bike-tours\/#breadcrumb"},"inLanguage":"it-IT","potentialAction":[{"@type":"ReadAction","target":["https:\/\/www.bikethecity.it\/turin-bike-tours\/"]}]},{"@type":"ImageObject","inLanguage":"it-IT","@id":"https:\/\/www.bikethecity.it\/turin-bike-tours\/#primaryimage","url":"https:\/\/www.bikethecity.it\/wp-content\/uploads\/2019\/08\/bike-and-the-city-tour-bicicletta-milano-roma-verona-51.png","contentUrl":"https:\/\/www.bikethecity.it\/wp-content\/uploads\/2019\/08\/bike-and-the-city-tour-bicicletta-milano-roma-verona-51.png"},{"@type":"BreadcrumbList","@id":"https:\/\/www.bikethecity.it\/turin-bike-tours\/#breadcrumb","itemListElement":[{"@type":"ListItem","position":1,"name":"Home","item":"https:\/\/www.bikethecity.it\/"},{"@type":"ListItem","position":2,"name":"Tour in bici di Torino"}]},{"@type":"WebSite","@id":"https:\/\/www.bikethecity.it\/#website","url":"https:\/\/www.bikethecity.it\/","name":"Bikethecity\u00ae","description":"Bike Tours in Italy","publisher":{"@id":"https:\/\/www.bikethecity.it\/#organization"},"potentialAction":[{"@type":"SearchAction","target":{"@type":"EntryPoint","urlTemplate":"https:\/\/www.bikethecity.it\/?s={search_term_string}"},"query-input":{"@type":"PropertyValueSpecification","valueRequired":true,"valueName":"search_term_string"}}],"inLanguage":"it-IT"},{"@type":"Organization","@id":"https:\/\/www.bikethecity.it\/#organization","name":"Bikethecity\u00ae - Bike Tours in Italy","url":"https:\/\/www.bikethecity.it\/","logo":{"@type":"ImageObject","inLanguage":"it-IT","@id":"https:\/\/www.bikethecity.it\/#\/schema\/logo\/image\/","url":"https:\/\/www.bikethecity.it\/wp-content\/uploads\/2020\/03\/logo-bike-the-city-tour-milan-verona-turin-1.png","contentUrl":"https:\/\/www.bikethecity.it\/wp-content\/uploads\/2020\/03\/logo-bike-the-city-tour-milan-verona-turin-1.png","width":180,"height":180,"caption":"Bikethecity\u00ae - Bike Tours in Italy"},"image":{"@id":"https:\/\/www.bikethecity.it\/#\/schema\/logo\/image\/"},"sameAs":["https:\/\/www.facebook.com\/bikethecityitaly","https:\/\/www.instagram.com\/bikethecityitaly\/","https:\/\/www.youtube.com\/channel\/UCTklSreajw594fqWta5yrkg\/featured"]}]}},"_links":{"self":[{"href":"https:\/\/www.bikethecity.it\/it\/wp-json\/wp\/v2\/pages\/5075","targetHints":{"allow":["GET"]}}],"collection":[{"href":"https:\/\/www.bikethecity.it\/it\/wp-json\/wp\/v2\/pages"}],"about":[{"href":"https:\/\/www.bikethecity.it\/it\/wp-json\/wp\/v2\/types\/page"}],"author":[{"embeddable":true,"href":"https:\/\/www.bikethecity.it\/it\/wp-json\/wp\/v2\/users\/2"}],"replies":[{"embeddable":true,"href":"https:\/\/www.bikethecity.it\/it\/wp-json\/wp\/v2\/comments?post=5075"}],"version-history":[{"count":43,"href":"https:\/\/www.bikethecity.it\/it\/wp-json\/wp\/v2\/pages\/5075\/revisions"}],"predecessor-version":[{"id":8228,"href":"https:\/\/www.bikethecity.it\/it\/wp-json\/wp\/v2\/pages\/5075\/revisions\/8228"}],"wp:attachment":[{"href":"https:\/\/www.bikethecity.it\/it\/wp-json\/wp\/v2\/media?parent=5075"}],"curies":[{"name":"wp","href":"https:\/\/api.w.org\/{rel}","templated":true}]}}